{"id":885,"date":"2020-06-16T14:14:11","date_gmt":"2020-06-16T12:14:11","guid":{"rendered":"https:\/\/itgespub.net\/?page_id=885"},"modified":"2025-11-07T15:37:01","modified_gmt":"2025-11-07T13:37:01","slug":"publicaciones","status":"publish","type":"page","link":"https:\/\/itgespub.net\/en\/publicaciones\/","title":{"rendered":"Publications"},"content":{"rendered":"<div data-elementor-type=\"wp-page\" data-elementor-id=\"885\" class=\"elementor elementor-885\">\n\t\t\t\t\t\t<section class=\"elementor-section elementor-top-section elementor-element elementor-element-86c7df7 elementor-section-boxed elementor-section-height-default elementor-section-height-default\" data-id=\"86c7df7\" data-element_type=\"section\" data-e-type=\"section\">\n\t\t\t\t\t\t<div class=\"elementor-container elementor-column-gap-default\">\n\t\t\t\t\t<div class=\"elementor-column elementor-col-100 elementor-top-column elementor-element elementor-element-aa3f683\" data-id=\"aa3f683\" data-element_type=\"column\" data-e-type=\"column\">\n\t\t\t<div class=\"elementor-widget-wrap elementor-element-populated\">\n\t\t\t\t\t\t<div class=\"elementor-element elementor-element-6579cbf elementor-widget elementor-widget-text-editor\" data-id=\"6579cbf\" data-element_type=\"widget\" data-e-type=\"widget\" data-widget_type=\"text-editor.default\">\n\t\t\t\t<div class=\"elementor-widget-container\">\n\t\t\t\t\t\t\t\t\t<p>Our team holds a real commitment with the generation of scientific knowledge about, and its diffusion among public administrations and the society, in general. Here, you will find out our publications in some of the most prestigious journals and editorials in Public Administration, Public Policy and Public Management, and other technical documents and reports.<br><\/p>\t\t\t\t\t\t\t\t<\/div>\n\t\t\t\t<\/div>\n\t\t\t\t\t<\/div>\n\t\t<\/div>\n\t\t\t\t\t<\/div>\n\t\t<\/section>\n\t\t\t\t<section class=\"elementor-section elementor-top-section elementor-element elementor-element-eeb74e0 elementor-section-boxed elementor-section-height-default elementor-section-height-default\" data-id=\"eeb74e0\" data-element_type=\"section\" data-e-type=\"section\">\n\t\t\t\t\t\t<div class=\"elementor-container elementor-column-gap-default\">\n\t\t\t\t\t<div class=\"elementor-column elementor-col-100 elementor-top-column elementor-element elementor-element-6e474b3\" data-id=\"6e474b3\" data-element_type=\"column\" data-e-type=\"column\">\n\t\t\t<div class=\"elementor-widget-wrap elementor-element-populated\">\n\t\t\t\t\t\t<div class=\"elementor-element elementor-element-947cd51 elementor-tabs-view-horizontal elementor-widget elementor-widget-tabs\" data-id=\"947cd51\" data-element_type=\"widget\" data-e-type=\"widget\" data-widget_type=\"tabs.default\">\n\t\t\t\t<div class=\"elementor-widget-container\">\n\t\t\t\t\t\t\t<div class=\"elementor-tabs\">\n\t\t\t<div class=\"elementor-tabs-wrapper\" role=\"tablist\" >\n\t\t\t\t\t\t\t\t\t<div id=\"elementor-tab-title-1551\" class=\"elementor-tab-title elementor-tab-desktop-title\" aria-selected=\"true\" data-tab=\"1\" role=\"tab\" tabindex=\"0\" aria-controls=\"elementor-tab-content-1551\" aria-expanded=\"false\">Journals<\/div>\n\t\t\t\t\t\t\t\t\t<div id=\"elementor-tab-title-1552\" class=\"elementor-tab-title elementor-tab-desktop-title\" aria-selected=\"false\" data-tab=\"2\" role=\"tab\" tabindex=\"-1\" aria-controls=\"elementor-tab-content-1552\" aria-expanded=\"false\">Books and book chapters<\/div>\n\t\t\t\t\t\t\t\t\t<div id=\"elementor-tab-title-1553\" class=\"elementor-tab-title elementor-tab-desktop-title\" aria-selected=\"false\" data-tab=\"3\" role=\"tab\" tabindex=\"-1\" aria-controls=\"elementor-tab-content-1553\" aria-expanded=\"false\">Other documents<\/div>\n\t\t\t\t\t\t\t<\/div>\n\t\t\t<div class=\"elementor-tabs-content-wrapper\" role=\"tablist\" aria-orientation=\"vertical\">\n\t\t\t\t\t\t\t\t\t<div class=\"elementor-tab-title elementor-tab-mobile-title\" aria-selected=\"true\" data-tab=\"1\" role=\"tab\" tabindex=\"0\" aria-controls=\"elementor-tab-content-1551\" aria-expanded=\"false\">Journals<\/div>\n\t\t\t\t\t<div id=\"elementor-tab-content-1551\" class=\"elementor-tab-content elementor-clearfix\" data-tab=\"1\" role=\"tabpanel\" aria-labelledby=\"elementor-tab-title-1551\" tabindex=\"0\" hidden=\"false\"><p style=\"text-align: justify;\"><a style=\"text-align: start; background-color: #ffffff;\" href=\"https:\/\/journals.sagepub.com\/doi\/10.1177\/09520767241272921\" target=\"_blank\" rel=\"noopener\">Criado, J. I., Sandoval-Almaz\u00e1n, R., y Gil-Garcia, J. R. (2025). Artificial intelligence and public administration: Understanding actors, governance, and policy from micro, meso, and macro perspectives. Public Policy and Administration, 40(2), 173-184<\/a>.<\/p>\n<p style=\"text-align:justify\"><a href=\"https:\/\/doi.org\/10.1080\/17535069.2024.2402010\" target=\"_blank\" style=\"text-align: start; background-color: rgb(255, 255, 255);\">S\u00e1nchez Trujillo, M. A., \u00c1ngeles Huete Garc\u00eda, M., y Gonz\u00e1lez Medina, M. (2025). Behind the budget: analysing the factors driving sustainable urban development financing in Spain. Urban Research &amp; Practice, 18(2), 296-315.<\/a><\/p>\n<p class=\"MsoNormal\" style=\"text-align:justify\"><a href=\"https:\/\/doi.org\/10.1177\/00208523241261896\" target=\"_blank\" style=\"text-align: start; background-color: rgb(255, 255, 255);\">Villodre, J. (2025). A three-model approach to understand social media-mediated transparency in public administrations. International Review of Administrative Sciences, 91(1), 111-129.<\/a><\/p><p class=\"MsoNormal\" style=\"text-align:justify\"><a href=\"https:\/\/repositorio.uam.es\/server\/api\/core\/bitstreams\/3967e7de-9fc4-4209-8fe0-da31e6592ba8\/content\" target=\"_blank\" rel=\"noopener\" style=\"text-align: start; background-color: rgb(255, 255, 255);\">Criado, J. I. (2024). Inteligencia Artificial en el Sector P\u00fablico latinoamericano. Estudio Comparado a partir de la Carta Iberoamericana de Inteligencia Artificial en la Administraci\u00f3n P\u00fablica. Revista del CLAD Reforma y Democracia, (88), 116-143.<\/a><\/p>\n<p><a style=\"background-color: #ffffff;\" href=\"https:\/\/www.tandfonline.com\/doi\/full\/10.1080\/1523908X.2024.2364620\" target=\"_blank\" rel=\"noopener\">Galende-S\u00e1nchez, S., Sorman, A. H., Eguinoa, M., Gonz\u00e1lez-Medina. M. y G\u00f3mez-Fortes, B. (2024). Behind the curtains of deliberation: Unveiling climate policy and behavioural challenges through a mini-public in Spain. Journal of Environmental Policy &amp; Planning, 402-416.&nbsp;<\/a><\/p>\n<p><a style=\"background-color: #ffffff;\" href=\"https:\/\/www.igi-global.com\/pdf.aspx?tid=361011&amp;ptid=333398&amp;ctid=4&amp;oa=true&amp;isxn=9798369325315\" target=\"_blank\" rel=\"noopener\">Liarte, I., Criado, J. I., y Alcaide-Mu\u00f1oz, L. (2024). Exploring Barriers to Innovation in Public Administration: An Empirical Study of the Local Layer of Government. International Journal of Public Administration in the Digital Age (IJPADA), 11(1), 1-23.<\/a><\/p>\n<p><a style=\"background-color: #ffffff;\" href=\"https:\/\/doi.org\/10.1108\/TG-07-2024-0167\" target=\"_blank\" rel=\"noopener\">Miranda-Hospinal, O., Villodre, J., Valle-Cruz, D., y Angulo-S\u00e1nchez, K. (2024). Exploring the impact of artificial intelligence on the transparency and rationality of Peruvian public works: perceptions, expectations, challenges and opportunities. Transforming Government: People, Process and Policy.<\/a><\/p>\n<p><a href=\"https:\/\/www.sciencedirect.com\/science\/article\/abs\/pii\/S2603647924000721\" target=\"_blank\" style=\"background-color: rgb(255, 255, 255);\">Parrado, S., Rama, J., y Reynaers, A. M. (2024). Determinants of citizens\u2019 choice between public and private hospitals. Journal of Healthcare Quality Research, 39(6), 391-398.<\/a><\/p>\n<p><a href=\"https:\/\/doi.org\/10.29379\/jedem.v16i1.846\" target=\"_blank\" style=\"background-color: rgb(255, 255, 255);\">Valle-Cruz, D., Sandoval-Almaz\u00e1n, R., L\u00f3pez-Chau, A., y Criado, J. I. (2024). Unveiling political polarization on Twitter: Machine learning and sentiment analysis in presidential elections. JeDEM-eJournal of eDemocracy and Open Government, 16(1), 186-212.<\/a><\/p>\n<p><a href=\"https:\/\/doi.org\/10.1080\/14719037.2023.2254310\" target=\"_blank\" rel=\"noopener\" style=\"background-color: rgb(255, 255, 255);\">Criado, J. I., Alcaide-Mu\u00f1oz, L., y Liarte, I. (2023). Two decades of public sector innovation: building an analytical framework from a systematic literature review of types, strategies, conditions, and results. Public Management Review.<\/a><\/p>\n<p>Criado, J. I., Jim\u00e9nez Cid, C., y Alcaide Mu\u00f1oz, L. (2023). Hacia la madurez de los portales de datos p\u00fablicos abiertos en el sector p\u00fablico. Un an\u00e1lisis comparado del nivel local de gobierno en Espa\u00f1a. <span lang=\"EN-US\">Revista del CLAD Reforma y Democracia, (85).<\/span><\/p>\n<p><a href=\"https:\/\/doi.org\/10.60583\/gypp.v32i1.2152\" target=\"_blank\" rel=\"noopener\">De Graaf, G., y Anne-Marie R. (2023). Un estudio exploratorio sobre el impacto de las tradiciones administrativas en valores y conflictos de valores de los profesionales acad\u00e9micos holandeses y espa\u00f1oles. Gesti\u00f3n Y Pol\u00edtica P\u00fablica, 32(1), 69-97.<\/a><\/p>\n<p><a href=\"https:\/\/e-revistas.uc3m.es\/index.php\/EUNOM\/article\/view\/8002\" target=\"_blank\" rel=\"noopener\">Gonz\u00e1lez Medina, M. (2023). Planificaci\u00f3n estrat\u00e9gica de ciudades. EUNOM\u00cdA. Revista En Cultura De La Legalidad, (25), 310-326.<\/a><\/p>\n<p><a href=\"https:\/\/revistasonline.inap.es\/index.php\/GAPP\/article\/view\/11158\" target=\"_blank\" rel=\"noopener\">G\u00fcemes, C., P\u00e9rez Fern\u00e1ndez, D., y Lanzas Zotes, I. (2023). Infograf\u00edas cient\u00edficas en el aula universitaria. Dise\u00f1o, implementaci\u00f3n y resultados del proyecto \u201cVisual\u00edzalo\u201d. Gesti\u00f3n y An\u00e1lisis De Pol\u00edticas P\u00fablicas, (31), 71\u201395.&nbsp;<\/a><\/p>\n<div>\n<p><a href=\"https:\/\/doi.org\/10.21308\/recp.61.02\" target=\"_blank\" rel=\"noopener\">Sevillano, A., Gonz\u00e1lez-Medina, M., y Bouza, L. (2023). Redes de pol\u00edticas en el marco de la Agenda Urbana para la UE. La influencia de las coaliciones tem\u00e1ticas en la politizaci\u00f3n de la toma de decisiones a escala europea. Revista Espa\u00f1ola De Ciencia Pol\u00edtica, (61), 37\u201363.&nbsp;<\/a><\/p>\n<div>\n<p><a href=\"https:\/\/doi.org\/10.1016\/j.giq.2021.101643\" target=\"_blank\" rel=\"noopener\">Criado, J. I., y Villodre, J. (2022). Revisiting social media institutionalization in government. An empirical analysis of barriers. Government information quarterly, 39(2), 101643.<\/a><\/p>\n<p>Criado, J. I., y de Zarate-Alcarazo, L. O. (2022). <span lang=\"EN-US\">Technological frames, CIOs, and Artificial Intelligence in public administration: A socio-cognitive exploratory study in Spanish local governments. <\/span>Government Information Quarterly, 39(3), 101688.<\/p>\n<p><a style=\"background-color: #ffffff;\" href=\"https:\/\/doi.org\/10.24965\/gapp.11065\" target=\"_blank\" rel=\"noopener\">Gonz\u00e1lez Medina, M. y Navarro, C. (2022). Capacidad institucional y contrataci\u00f3n p\u00fablica. Experiencias de aprendizaje organizativo informal en la&nbsp;administraci\u00f3n local. Gesti\u00f3n y An\u00e1lisis de Pol\u00edticas P\u00fablicas, (29), 88-102.<\/a><\/p>\n<p><a href=\"https:\/\/www.tandfonline.com\/doi\/full\/10.1080\/01900692.2022.2075383\" target=\"_blank\" rel=\"noopener\">Ruvalcaba-Gomez, E. A., Criado, J. I., y Sandoval-Almazan, R. (2022). Contrasting the Perception of Open Government among Public Officials: A Factor Analysis of Mexico and Spain. International Journal of Public Administration, 1-14.<\/a><\/p>\n<p><a style=\"background-color: #ffffff;\" href=\"https:\/\/doi.org\/10.1108\/TG-08-2020-0242\" target=\"_blank\" rel=\"noopener\">Criado, J. I., y Guevara-G\u00f3mez, A. (2021). Public sector, open innovation, and collaborative governance in lockdown times. A research of Spanish cases during the COVID-19 crisis. Transforming Government: People, Process and Policy, 15(4), 612\u2013626.<\/a><\/p>\n<p><a href=\"https:\/\/doi.org\/10.1080\/03003930.2020.1729750\" target=\"_blank\" rel=\"noopener\">Criado, J. I. y Villodre, J. (2021). Delivering public services through social media in European local governments. An interpretative framework using semantic algorithms. Local Government Studies, 47(2), 253-275. &nbsp;<\/a><\/p>\n<p><a style=\"background-color: #ffffff;\" href=\"https:\/\/doi.org\/10.3390\/su13105519\" target=\"_blank\" rel=\"noopener\">Garc\u00eda Pe\u00f1a, C., Gonz\u00e1lez Medina, M. y D\u00edaz Sarachaga, J. M. (2021). Assessment of the Governance Dimension in the Frame of the 2030 Agenda: Evidence from 100 Spanish Cities. Sustainability, 13, 5519.&nbsp;<\/a><\/p>\n<p><a style=\"background-color: #ffffff;\" href=\"https:\/\/content.iospress.com\/articles\/information-polity\/ip200299\" target=\"_blank\" rel=\"noopener\">Guevara-G\u00f3mez, A., de Z\u00e1rate-Alcarazo, L. O., y Criado, J. I. (2021). Feminist perspectives to artificial intelligence: Comparing the policy frames of the European Union and Spain. Information Polity, 26(2), 173-192.&nbsp;&nbsp;<\/a><\/p>\n<p><a style=\"background-color: #ffffff; color: #443f3f; outline: 0px;\" href=\"https:\/\/doi.org\/10.29265\/gypp.v30i1.826\" target=\"_blank\" rel=\"noopener\">Parrado, S., y Reynaers, A. M. (2021). La gesti\u00f3n de los valores p\u00fablicos en asociaciones p\u00fablico-privadas concesionales. Gesti\u00f3n y pol\u00edtica p\u00fablica, 30(1), 163-196.<\/a><\/p>\n<p><a href=\"https:\/\/doi.org\/10.24965\/gapp.i26.10845\" target=\"_blank\" rel=\"noopener\">Villodre, J. y Criado, J. I. (2021). Colaboraci\u00f3n entre administraciones p\u00fablicas y ciudadan\u00eda en Twitter durante la crisis del Covid-19 en Espa\u00f1a. Gesti\u00f3n Y An\u00e1lisis De Pol\u00edticas P\u00fablicas, 26, 81-91.&nbsp;<\/a><\/p>\n<div>\n<p><a href=\"http:\/\/dx.doi.org\/10.3233\/IP-210316\" target=\"_blank\" rel=\"noopener\">Villodre, J., Criado, J. I., Meijer, A. y Liarte, I. (2021).&nbsp;Organizational models for social media institutionalization: An exploratory analysis of Dutch local governments. Information Polity, 26(4), 355-373.&nbsp;<\/a><\/p>\n<\/div>\n<div>\n<p><a style=\"background-color: #ffffff;\" href=\"https:\/\/doi.org\/10.18042\/cepc\/rep.192.07\" target=\"_blank\" rel=\"noopener\">Villodre, J., Reynaers, A. M. y Criado, J. I. (2021). Transparencia externa y redes sociales. Los roles diferenciales de ministerios y organismos p\u00fablicos estatales en Twitter. Revista de Estudios Pol\u00edticos, 192, 191-220.<\/a><\/p>\n<p><a style=\"background-color: #ffffff;\" href=\"https:\/\/doi.org\/10.1145\/3416089\" target=\"_blank\" rel=\"noopener\">Criado, J. I., Guevara-G\u00f3mez, A. y Villodre, J. (2020). Using Collaborative Technologies and Social Media to Engage Citizens and Governments during the COVID-19 Crisis. The Case of Spain. Digital Government: Research and Practice, 1(4).<\/a><\/p>\n<p><a href=\"https:\/\/www.tandfonline.com\/doi\/full\/10.1080\/01900692.2020.1729181\" target=\"_blank\" rel=\"noopener\">Criado, J. Ignacio, Dias, Thiago, Sano, Hironobu, Silv\u00e1n, Aitor, and Isidro, Antonio. (2020). \u2018Public Innovation and Living Labs in Action: A Comparative Analysis in post-New Public Management Contexts\u2019. International Journal of Public Administration.<\/a><\/p>\n<p><a href=\"https:\/\/revistes.udg.edu\/pedagogia_i_treball_social\/article\/view\/22395\" target=\"_blank\" rel=\"noopener\">G\u00fcemes, C; Resina, J. (2020) \u201cLa escucha como estrategia para cultivar confianza: la experiencia de Madrid\u201d, Pedagogia i Treball Social, Vol 9 N1.&nbsp;<\/a><\/p>\n<p><a href=\"https:\/\/doi.org\/10.1080\/10999922.2020.1715128\" target=\"_blank\" rel=\"noopener\">Paanakker, H. &amp; A. Reynaers (2020). Value Contextuality in Public Service Delivery: An analysis of street level craftsmanship and public\u2014private partnerships. Public Integrity.<\/a><\/p>\n<p><a href=\"https:\/\/dialnet.unirioja.es\/servlet\/articulo?codigo=7485618\" target=\"_blank\" rel=\"noopener\">Rama, J.; Reynaers, A-M.; Navarro, C. y Gonz\u00e1lez Medina, M. (2020): Los servicios p\u00fablicos locales: calidad, externalizaci\u00f3n y control. Anuario de Derecho Municipal, 13, pp. 231-253 ISSN: 1888-7392<\/a><\/p>\n<p><a href=\"https:\/\/revistas.usal.es\/index.php\/1130-2887\/article\/view\/alh.21156\" target=\"_blank\" rel=\"noopener\">Rodr\u00edguez-Pinz\u00f3n, E. M. y Rodrigues, T. (2020). \u00abMano Dura\u00bb y Democracia en Am\u00e9rica Latina: Seguridad P\u00fablica, Violencia y Estado de Derecho. &nbsp;Am\u00e9rica Latina Hoy.<\/a><\/p>\n<p><a href=\"https:\/\/journals.sagepub.com\/doi\/10.1177\/0952076720936349\" target=\"_blank\" rel=\"noopener\">Ruvalcaba, Edgar A., Criado, J. Ignacio, &amp; Gil-Garc\u00eda, J. Ramon (2020).&nbsp; Analyzing Open Government Policy Adoption through the Multiple Streams Framework: The Roles of Policy Entrepreneurs in the Case of Madrid. Public Policy and Administration.&nbsp;<\/a><\/p>\n<p><a href=\"https:\/\/doi.org\/10.1016\/j.giq.2020.101509\" target=\"_blank\" rel=\"noopener\">Valle-Cruz, D., Criado, J. I., Sandoval-Almaz\u00e1n, R. y Ruvalcaba, E. A. (2020). Assessing the Public Policy-Cycle Model in the Age of Artificial Intelligence. From Theory to Implementation\u2019. Government Information Quarterly.&nbsp;<\/a><\/p>\n<p><a href=\"https:\/\/doi.org\/10.1016\/j.giq.2020.101521\" target=\"_blank\" rel=\"noopener\">Villodre, J. y Criado, J. I. (2020). User roles for emergency management in social media: Understanding actors\u2019 behavior during the 2018 Majorca Island flash floods. Government Information Quarterly, 37 (4).<\/a><\/p>\n<p><a href=\"https:\/\/doi.org\/10.20318\/eunomia.2020.5718\" target=\"_blank\" rel=\"noopener\">Villodre, J. (2020). Redes sociales (en las administraciones p\u00fablicas). Eunom\u00eda. Revista en Cultura de la Legalidad, 19, 375-390.<\/a><\/p>\n<p><a href=\"https:\/\/doi.org\/10.1108\/IJPSM-07-2019-0178\" target=\"_blank\" rel=\"noopener\">Criado, J. I., Gil-Garc\u00eda, J. R. (2019). Creating Public Value through Smart Technologies. From Digital Services to Artificial Intelligence and Beyond. International Journal of Public Sector Management. 32(5), 438-450. &nbsp;<\/a><\/p>\n<div>\n<p><a href=\"https:\/\/doi.org\/10.1080\/09654313.2019.1675601\" target=\"_blank\" rel=\"noopener\">Gonz\u00e1lez Medina, M. y M.A. Huete Garc\u00eda (2019): Real innovation in urban planning? Institutional capacity in the Integrated Sustainable Urban Development programmes. European Planning Studies.<\/a><\/p>\n<\/div>\n<div>\n<p><a href=\"http:\/\/bibliotecadigital.fgv.br\/ojs\/index.php\/rap\/article\/view\/80033\" target=\"_blank\" rel=\"noopener\">G\u00fcemes, C; (2019) \u201cWish you were here\u201d confianza en la administraci\u00f3n p\u00fablica en Latinoam\u00e9rica, Revista de Administraci\u00f3n P\u00fablica, Vol 53: 6, 1067-1090<\/a><\/p>\n<\/div>\n<div>\n<p><a href=\"https:\/\/doi.org\/10.1177\/0192512118779184\" target=\"_blank\" rel=\"noopener\">G\u00fcemes, C; Herreros, F. (2019) Education and trust: a tale of three continents. International Political Science Review (USA) Vol 40: 5, 676\u2013693<\/a><\/p>\n<\/div>\n<div>\n<p><a href=\"https:\/\/onlinelibrary.wiley.com\/doi\/abs\/10.1111\/1467-8500.12377\" target=\"_blank\" rel=\"noopener\">G\u00fcemes, C; Resina, J. (2019) \u00ab\u2018Come together?\u2019 Citizens and civil servants dialogue and trust\u00bb, Australian Journal Public Administration. Vol 78: 2, 155-171<\/a><\/p>\n<\/div>\n<div>\n<p><a href=\"http:\/\/dx.doi.org\/10.5565\/rev\/papers.2482\" target=\"_blank\" rel=\"noopener\">G\u00fcemes, C; Wences, I .(2019) \u201cComportamientos incumplidores, reflexiones sobre las emociones, motivos y contextos que hay detr\u00e1s y los posibles remedios pol\u00edticos\u201d. Revista Papers, Vol 104: 1, 77-99<\/a>&nbsp;<\/p>\n<\/div>\n<div>\n<p><a href=\"https:\/\/doi.org\/10.1177%2F0020852319864161\" target=\"_blank\" rel=\"noopener\">Parrado, S. &amp; A. Reynaers. (2019) \u201cPublic-Private Partnerships: Procedural- Over Results-Driven Accountability\u201d International Review of Administrative Sciences.<\/a><\/p>\n<\/div>\n<div>\n<p><a href=\"http:\/\/dx.doi.org\/10.5565\/rev\/papers.2532\" target=\"_blank\" rel=\"noopener\">Rama, J. &amp; A. Reynaers. (2019) \u201cNuevos Partidos en los Pa\u00edses Bajos y Espa\u00f1a: \u00bfQu\u00e9 factores explican su surgimiento?\u201d Papers. Revista de Sociolog\u00eda.<\/a><\/p>\n<\/div>\n<div><a href=\"http:\/\/www.revistadegestionpublica.cl\/index.php\/rgp\/article\/view\/121\/102\" target=\"_blank\" rel=\"noopener\">Resina, J.; G\u00fcemes, C. (2019) \u201cInstituciones abiertas y creaci\u00f3n de confianza: experiencias desde Espa\u00f1a\u201d, Revista Gesti\u00f3n P\u00fablica, Vol VIII, N\u00ba 1, Enero-Junio 2019, 43-70.&nbsp;<\/a><\/div>\n<div>&nbsp;<\/div>\n<div>\n<p><a href=\"https:\/\/doi.org\/10.20318\/eunomia.2019.5036\" target=\"_blank\" rel=\"noopener\">Villodre, J. (2019). Innovaci\u00f3n P\u00fablica Abierta. Eunom\u00eda. Revista en Cultura de la Legalidad, 17, 314-327.<\/a><\/p>\n<p>Brugu\u00e9, Q; Feu, J; G\u00fcemes, C (2018) \u201cDel fallo al colapso de las pol\u00edticas p\u00fablicas: una cuesti\u00f3n de confianza&nbsp;<a href=\"https:\/\/revistas.ufpr.br\/rsp\/article\/view\/62944\/36882\" target=\"_blank\" rel=\"noopener\">democr\u00e1tica\u201d Revista de Sociolog\u00eda e Pol\u00edtica (Brazil), Vol 26 N 67 pp 129-152 septiembre&nbsp;<\/a><\/p>\n<\/div>\n<p><a href=\"https:\/\/doi.org\/10.24965\/gapp.v0i20.10487\" target=\"_blank\" rel=\"noopener\">Casado, V., Huete, M.A., Merinero, R. y Gonz\u00e1lez, M. (2018): El proceso de desarrollo de la capacidad institucional de la administraci\u00f3n municipal en el marco de la Iniciativa Urbana (2007-2013). Revista Gesti\u00f3n y An\u00e1lisis de Pol\u00edticas P\u00fablicas, 20.<\/a><\/p>\n<p><a href=\"https:\/\/doi.org\/10.3145\/epi.2018.may.14\" target=\"_blank\" rel=\"noopener\">Criado, J. I. y Villodre, J. (2018). Comunicando datos masivos del sector p\u00fablico local en redes sociales. An\u00e1lisis de sentimiento en Twitter. Profesional de la Informaci\u00f3n, 27(3), 614-623.<\/a><\/p>\n<p><a href=\"https:\/\/doi.org\/10.5210\/fm.v23i4.8348\" target=\"_blank\" rel=\"noopener\">Criado, J. I. y Villodre, J. (2018). Public employees in social media communities: Exploring factors for internal collaboration using social network analysis. First Monday, 23 (4).<\/a><\/p>\n<p><a href=\"https:\/\/tecnologia-ciencia-educacion.com\/judima\/index.php\/TCE\/article\/view\/225\" target=\"_blank\" rel=\"noopener\">Criado, J. I., Pastor, V. y Villodre, J. (2018). Internet y discapacidad. Un an\u00e1lisis de las oportunidades y de los desaf\u00edos de las redes sociales digitales en el \u00e1mbito de la discapacidad. Tecnolog\u00eda, Ciencia y Educaci\u00f3n, 11 (septiembre-diciembre), 99-117.&nbsp;<\/a><\/p>\n<p><a href=\"https:\/\/doi.org\/10.4018\/IJEGR.2018010101\" target=\"_blank\" rel=\"noopener\">Criado, J. Ignacio, &amp; Ruvalcaba, Edgar A. (2018). \u201cPerception of City Managers about Open Government Policies: Concepts, Development, and Implementation in the Local Level of Government in Spain\u201d. International Journal of Electronic Government Research, 14(1), 1-22.&nbsp;<\/a><\/p>\n<p><a href=\"https:\/\/drive.google.com\/file\/d\/1MwfyOAkN8-9_wsHxo7nRTpc33IT6vU5a\/view\" target=\"_blank\" rel=\"noopener\">G\u00fcemes, C. (2018) \u201c\u00bfQu\u00e9 ves\u2026qu\u00e9 ves cuando me ves?\u201d Confianza Institucional y Gobierno Abierto. Revista Espa\u00f1ola de Transparencia #RET N\u00ba 6. Primer Semestre<\/a>.<\/p>\n<p><a href=\"https:\/\/doi.org\/10.20318\/eunomia.2018.4353\" target=\"_blank\" rel=\"noopener\">G\u00fcemes, C. (2018) Confianza en la Administraci\u00f3n P\u00fablica, Revista Eunom\u00eda, Revista en Cultura de la Legalidad N\u00ba 15 (Octubre 2018 \u2013 Marzo 2019)<\/a><\/p>\n<p><a href=\"https:\/\/revistainternacionaltransparencia.org\/wp-content\/uploads\/2018\/04\/cecilia_guemes.pdf\" target=\"_blank\" rel=\"noopener\">G\u00fcemes, C. (2018) La corrupci\u00f3n y la (des) confianza como normas sociales. Cambio de enfoque, nuevas perspectivas. Revista Internacional de Transparencia e Integridad (R.I.T.I.) n\u00ba 6 Enero-Abril 2018<\/a><\/p>\n<p><a href=\"https:\/\/doi.org\/10.1177%2F0020852318785024\" target=\"_blank\" rel=\"noopener\">Parrado, S. &amp; A. Reynaers. (2018) \u201cAgents Never Became Stewards: Explaining the Lack of Innovation in Public\u00ad\u2013\u2013Private Partnerships\u201d. International Review of Administrative Sciences.<\/a><\/p>\n<p><a href=\"https:\/\/e-revistas.uc3m.es\/index.php\/EUNOM\/article\/view\/4159\" target=\"_blank\" rel=\"noopener\">Rodr\u00edguez-Pinz\u00f3n, E. M. (2018).&nbsp;Sustituci\u00f3n de cultivos il\u00edcitos y cultura de la legalidad en Colombia. Eunom\u00eda. Revista en Cultura de la Legalidad, 14.<\/a><\/p>\n<p><a href=\"https:\/\/doi.org\/10.1108\/IJPSM-03-2016-0053\" target=\"_blank\" rel=\"noopener\">Criado, J. Ignacio, Rojas, Francisco, &amp; Gil-Garc\u00eda, J. Ramon. (2017). Enacting Social Media Success in Local Public&nbsp;Administration. An Empirical Analysis of Organizational, Institutional, and Contextual Factors. International Journal of Public Sector Management. 30(1):31-47.<\/a><\/p>\n<div>\n<div><a href=\"https:\/\/doi.org\/10.1080\/13260219.2017.1298825\" target=\"_blank\" rel=\"noopener\">G\u00fcemes, C. (2017) \u201cNeoliberal Welfare Policies Reforms and Trust: Connecting the Dots.\u201d Journal of Iberian and Latin American Research 23:1, 18-33,<\/a><\/div>\n<div>&nbsp;<\/div>\n<div><a href=\"http:\/\/old.clad.org\/portal\/publicaciones-del-clad\/revista-clad-reforma-democracia\/articulos\/068-junio-2017\/Guemes.pdf\" target=\"_blank\" rel=\"noopener\">G\u00fcemes, C. (2017) \u201cNudge en Am\u00e9rica Latina? Incidir en comportamiento individual, obtener resultados colectivos\u201d, &nbsp;Reforma y Democracia, 68, Junio 2017; pp: 43-74.<\/a><\/div>\n<div>&nbsp;<\/div>\n<div><a href=\"https:\/\/doi.org\/10.1111\/1467-8500.12254\" target=\"_blank\" rel=\"noopener\">Reynaers, A. &amp; Z. Van der Wal. (2017) \u201cDo partners in PPPs view public and private management differently? Re-examining Boyne\u2019s Hypotheses in the context of collaboration\u201d, Australian Journal of Public Administration.<\/a><\/div>\n<div>&nbsp;<\/div>\n<\/div>\n<p><a href=\"https:\/\/doi.org\/10.18042\/cepc\/rep.173.07\" target=\"_blank\" rel=\"noopener\">Criado, J. Ignacio. (2016). \u201cPublic Administration in the Age of the Open Government. Smart Governance for a Paradigm Shift in Public Management\u201d. (In Spanish) \u201cLas administraciones p\u00fablicas en la era del gobierno abierto. Gobernanza Inteligente para un Cambio de Paradigma en la Gesti\u00f3n P\u00fablica\u201d. Revista de Estudios Pol\u00edticos, 173, 245-275.<\/a><\/p>\n<p><a href=\"http:\/\/e-revistas.uc3m.es\/index.php\/EUNOM\/article\/view\/3053\" target=\"_blank\" rel=\"noopener\">G\u00fcemes C. (2016). Confianza. Revista Eunom\u00eda, Revista en Cultura de la Legalidad. N\u00ba10, marzo \u2013 agosto 2016, pp. 132-142, ISSN 2253-6655.<\/a><\/p>\n<p><a href=\"https:\/\/www.jstor.org\/stable\/pdf\/44136815.pdf?seq=1\" target=\"_blank\" rel=\"noopener\">Reynaers, A. (2016). El futuro de la gesti\u00f3n p\u00fablica en Europa. Cuadernos de Pensamiento Pol\u00edtico, 50(April). ISSN: 1696-8441.<\/a><\/p>\n<p><a href=\"http:\/\/doi.org\/10.1080\/01900692.2015.1028637\" target=\"_blank\" rel=\"noopener\">Reynaers, A. &amp; H. Paanakker. (2016) \u201cTo privatize or not? Addressing Public Values in a semi-privatized Prison System\u201d, International Journal of Public Administration, 39(1) 6-14.<\/a><\/p>\n<p><a href=\"https:\/\/doi.org\/10.1111\/rego.12121\" target=\"_blank\" rel=\"noopener\">Reynaers, A. &amp; S. Parrado. (2016) \u201cResponsive Regulation in Public-Private Partnerships: between Deterrence and Persuasion\u201d Regulation and Governance.<\/a><\/p>\n<p><a href=\"http:\/\/www.uacm.edu.mx\/Portals\/18\/num30\/003_Dossier1.pdf\" target=\"_blank\" rel=\"noopener\">Wences, I; G\u00fcemes, C. (2016) \u201cDemocracia republicana y confianza en Am\u00e9rica latina: la esperanza que no llega, que no alcanza\u201d. Andamios, Revista de Investigaci\u00f3n social, Universidad Aut\u00f3noma de la Ciudad de M\u00e9xico.Vol 13, N\u00ba 30, enero-abril de 2016.<\/a><\/p>\n<p><a href=\"https:\/\/doi.org\/10.24965\/gapp.v0i12.10212\" target=\"_blank\" rel=\"noopener\">G\u00fcemes, C. Hern\u00e1ndez-Bonivento, J (2015) \u201cConfianza, &nbsp;instituciones informales y pol\u00edticas p\u00fablicas, una compleja relaci\u00f3n pendular\u201d. Revista Gesti\u00f3n y An\u00e1lisis de Pol\u00edticas P\u00fablicas-GAPP.N\u00ba 12 2015<\/a><\/p>\n<p><a href=\"https:\/\/revistas.uam.es\/revistajuridica\/article\/view\/6442\" target=\"_blank\" rel=\"noopener\">Herranz, C. (2015). G\u00e9nero, inmigraci\u00f3n y discriminaci\u00f3n m\u00faltiple: Un enfoque interseccional de las pol\u00edticas p\u00fablicas espa\u00f1olas. Revista Jur\u00eddica de la Universidad Aut\u00f3noma de Madrid (32), 239-247.<\/a><\/p>\n<p><a href=\"https:\/\/research.vu.nl\/en\/publications\/public-water-in-private-hands-a-case-study-on-the-safeguarding-of\" target=\"_blank\" rel=\"noopener\">Reynaers, A. &nbsp;(2015). Public Water in Private Hands: A case study on the safeguarding of public values in the first DBFMO in the Dutch water sector. International Journal of Water Governance, 2(2015) 1-16.<\/a><\/p>\n<p><a href=\"https:\/\/doi.org\/10.1080\/03003930.2015.1041771\" target=\"_blank\" rel=\"noopener\">Reynaers, A. (2015). Public Service Values. Local Government Studies, 41(4) 648-650.<\/a><\/p>\n<p><a href=\"https:\/\/doi.org\/10.1111\/padm.12142\" target=\"_blank\" rel=\"noopener\">Reynaers, A. &amp; S. Grimmelikhuijsen. (2015) \u201cExplaining transparency in Public-Private Partnerships. Not so bad after all?\u201d Public Administration, 93 (3), 609-626.<\/a><\/p>\n<p><a href=\"https:\/\/doi.org\/10.1111\/puar.12137\" target=\"_blank\" rel=\"noopener\">Reynaers, A. (2014). Public Values in Public Private-Partnerships. Public Administration Review, 74(1) 41-50.<\/a><\/p>\n<p><a href=\"https:\/\/doi.org\/10.1080\/01900692.2013.836665\" target=\"_blank\" rel=\"noopener\">Reynaers, A. &amp; G. de Graaf. (2014). Public Values in Public-Private Partnerships. International Journal of Public Administration, 37(2) 120-128.<\/a><\/p>\n<p><a href=\"http:\/\/www.scielo.org.mx\/pdf\/gpp\/v22nspe\/v22nspea1.pdf\" target=\"_blank\" rel=\"noopener\">Criado, J. Ignacio &amp; Gil-Garc\u00eda, J. Ramon. (2013). \u00abElectronic Government, Public Policy and Management\u00bb (in Spanish) \u00abGobierno Electr\u00f3nico, Gesti\u00f3n y Pol\u00edticas P\u00fablicas\u00bb. Gesti\u00f3n y Pol\u00edtica P\u00fablica, 3-48. ISSN-e: 1405-1079.&nbsp;<\/a><\/p>\n<p><a href=\"https:\/\/doi.org\/10.1016\/j.giq.2013.10.003\" target=\"_blank\" rel=\"noopener\">Criado, J. Ignacio, Sandoval-Almaz\u00e1n, Rodrigo &amp; Gil-Garc\u00eda, Ram\u00f3n. (2013) \u00abGovernment Innovation in Government using Social Media\u00bb. Government Information Quarterly. 30(4):319-326.<\/a><\/p>\n<p><a href=\"https:\/\/recyt.fecyt.es\/index.php\/CyTET\/article\/view\/76227\" target=\"_blank\" rel=\"noopener\">Gonz\u00e1lez Medina, M. (2013): \u201cProcesos metropolitanos y planificaci\u00f3n estrat\u00e9gica en Europa: un enfoque de gobernanza territorial\u201d, Ciudad y Territorio. Estudios Territoriales, 177, 487-499.<\/a><\/p>\n<p><a href=\"https:\/\/dialnet.unirioja.es\/descarga\/articulo\/4527787.pdf\" target=\"_blank\" rel=\"noopener\">Gonz\u00e1lez Medina, M.; Bouzas Lorenzo, R.; X. Mahou Lago (2013): \u201cEl impacto de la producci\u00f3n normativa en el desarrollo y la capacidad de servicio de la e-salud en Espa\u00f1a\u201d, Revista de Estudios Pol\u00edticos, 162, 199-222 ISSN 0048-7696<\/a><\/p>\n<p><a href=\"https:\/\/research.vu.nl\/ws\/portalfiles\/portal\/824705\/Panorama+Social.pdf\" target=\"_blank\" rel=\"noopener\">Reynaers, A. (2013) \u201cConsenso y esfuerzo colectivo como fundamentos de la cultura pol\u00edtica holandesa\u201d, Panorama Social, 17, 63-68.<\/a><\/p>\n<p><a href=\"https:\/\/recyt.fecyt.es\/index.php\/RevEsPol\/article\/view\/40053\" target=\"_blank\" rel=\"noopener\">Criado, J. Ignacio &amp; Roberto Garc\u00eda Alonso. (2012). Democracy 2.0? An analysis of the deliberative potential of the political blogosphere. (in Spanish). \u00bfDemocracia 2.0? Un An\u00e1lisis del Potencial Deliberativo de la Blogosfera P\u00fablica. Revista de Estudios Pol\u00edticos 155: 71-99.&nbsp;<\/a><\/p>\n<p><a href=\"https:\/\/doi.org\/10.1177\/0894439310392189\" target=\"_blank\" rel=\"noopener\">Criado, J. Ignacio. (2012). \u2018Interoperability of Electronic Government for Building Intergovernmental Integration in the European Union\u2019. Social Science Computer Review 30(1): 37-60.&nbsp;<\/a><\/p>\n<p><a href=\"https:\/\/doi.org\/10.24965\/gapp.v0i7.9881\" target=\"_blank\" rel=\"noopener\">Gonz\u00e1lez Medina, M.; Fentanes Fortes, R., Murillo Gorozarri, B.; C. Voces L\u00f3pez (2012): \u201cCalidad y nuevas tecnolog\u00edas como ejes del proceso de modernizaci\u00f3n de la Administraci\u00f3n p\u00fablica: el enfoque integrado de la Escuela Gallega de Administraci\u00f3n P\u00fablica\u201d, Revista Gesti\u00f3n y An\u00e1lisis de Pol\u00edticas P\u00fablicas, 7, 91-124.<\/a><\/p>\n<p><a href=\"https:\/\/doi.org\/10.1109\/TLA.2011.6129711\" target=\"_blank\" rel=\"noopener\">Criado, J. Ignacio, M. Gasc\u00f3 y C. Jim\u00e9nez. &nbsp;(2011). \u2018Technological e-Government Interoperability. An Analysis of IberoAmerican Coutries\u2019. IEEE Latin America Transactions 9(7): 1112-1117.<\/a><\/p>\n<p><a href=\"http:\/\/old.clad.org\/portal\/publicaciones-del-clad\/revista-clad-reforma-democracia\/articulos\/050-junio-2011\/Interoperabilidad-de-Gobierno-electronico-en-Iberoamerica-Estudio-comparativo-y-recomendaciones-de-futuro\" target=\"_blank\" rel=\"noopener\">Criado, J. Ignacio, M. Gasc\u00f3 y C. Jim\u00e9nez. (2011). Interoperabilidad de Gobierno electr\u00f3nico en Iberoam\u00e9rica. Estudio Comparativo y Recomendaciones de Futuro\u2019. Reforma y Democracia 50:77-104.<\/a><\/p>\n<p>Graaf, de G., D. Van Doeveren, A. Reynaers &amp; Z. van der Wal. (2011) \u201cGoed Bestuur als management van spanningen tussen verschillende publieke waarden\u201d, Themanummer Bestuurskunde (2) 5-11.<\/p>\n<p><a href=\"https:\/\/www.inderscience.com\/info\/inarticle.php?artid=38608\" target=\"_blank\" rel=\"noopener\">Criado, J. Ignacio &amp; Guadalupe Mart\u00ednez. (2010). \u2018Political Blogs for Local Election Campaigning in Spain\u2019. International Journal of Electronic Governance 3(4): 395-413.&nbsp;<\/a><\/p>\n<p>Murillo Gorozarri, B.; Gonz\u00e1lez Medina, M.; R. Fentanes Fortes (2010): \u201cImagen y confianza en los funcionarios: valoraciones de los ciudadanos gallegos\u201d, Administraci\u00f3n &amp; Cidadan\u00eda, 5(2), 27-45.<\/p>\n<p><a href=\"https:\/\/dl.acm.org\/doi\/10.5555\/1834649.1834657\" target=\"_blank\" rel=\"noopener\">Criado, J. Ignacio. (2009). Europeanization of eGovernment Policy. Institutional Mechanisms and Implications for Public Sector Innovation. Information Polity, 14(4): 315-330.<\/a><\/p>\n<\/div>\n<\/div>\n<\/div><\/div>\n\t\t\t\t\t\t\t\t\t<div class=\"elementor-tab-title elementor-tab-mobile-title\" aria-selected=\"false\" data-tab=\"2\" role=\"tab\" tabindex=\"-1\" aria-controls=\"elementor-tab-content-1552\" aria-expanded=\"false\">Books and book chapters<\/div>\n\t\t\t\t\t<div id=\"elementor-tab-content-1552\" class=\"elementor-tab-content elementor-clearfix\" data-tab=\"2\" role=\"tabpanel\" aria-labelledby=\"elementor-tab-title-1552\" tabindex=\"0\" hidden=\"hidden\"><p class=\"MsoNormal\"><a href=\"https:\/\/www.uam.es\/uam\/media\/doc\/1606956018521\/enredando-ermita-delsanto-21-mayo-2024.pdf\" target=\"_blank\" style=\"background-color: rgb(255, 255, 255);\">Gonz\u00e1lez Medina, M., Bouza Garc\u00eda, L. &amp; De Gregorio Hurtado, S. (coord.). (2024). Enredando en el barrio de la Ermita del Santo. Planificaci\u00f3n participativa para el desarrollo sostenible. Universidad Aut\u00f3noma de Madrid.<\/a><\/p>\n<p class=\"MsoNormal\"><a href=\"https:\/\/link.springer.com\/chapter\/10.1007\/978-3-031-55436-0_17\" target=\"_blank\" style=\"background-color: rgb(255, 255, 255);\">Gonz\u00e1lez-Medina, M. &amp; De Gregorio Hurtado, S. (2024). Metropolitan Governance in Madrid: Institutionalization and Models from a Policy Perspective. In Feria-Toribio, J.M., Iglesias-Pascual, R., Benassi, F. (eds), Socio-Spatial Dynamics in Mediterranean Europe. Spatial Demography Book Series, vol3.&nbsp;Springer, Cham, pp. 307-328.&nbsp;<\/a><\/p><p class=\"MsoNormal\">De Gregorio Hurtado, S., Gelli, F. y Gonz\u00e1lez-Medina, M. (2023). <span lang=\"EN-US\">The territorialization of the 2030 Agenda and the evolving policy&nbsp;<\/span><a href=\"https:\/\/link.springer.com\/chapter\/10.1007\/978-3-031-38473-8_8\" target=\"_blank\" rel=\"noopener\" style=\"background-color: rgb(255, 255, 255);\">framework for sustainable development in Italy. The case of the metropolitan city of Turin. En M.A. Huete Garc\u00eda; A. Rodr\u00edguez Garc\u00eda; V. Ugalde y R: Merinero Rodr\u00edguez. Urban Policy in the Framework of the 2030 Agenda: Balance and Perspectives from Latin America and Europe. Springer.&nbsp;<\/a><\/p>\n<p><a href=\"https:\/\/editorial.tirant.com\/es\/libro\/metropolis-sin-gobierno-la-anomalia-espanola-en-europa-mariona-tomas-9788419632272\" target=\"_blank\" rel=\"noopener\">Gonz\u00e1lez-Medina, M. y de Gregorio Hurtado, S. (2023). El \u00e1rea metropolitana de Madrid: Un caso singular de (des)institucionalizaci\u00f3n. En M. Tom\u00e0s, Metr\u00f3polis sin gobierno. La anomal\u00eda espa\u00f1ola. Tirant lo Blanch.&nbsp;<\/a><\/p>\n<div>\n<p><a href=\"https:\/\/rb.gy\/9uyqqw\" target=\"_blank\" rel=\"noopener\">G\u00fcemes, C. (2023). Pr\u00e1cticas innovadoras para combatir la despoblaci\u00f3n: laboratorios ciudadanos en el mundo rural. En C. Navarro, A. R. Ruiz Pulp\u00f3n y F. Velasco; Despoblaci\u00f3n, territorio y gobiernos locales. Madrid: Marcial Pons, pp. 297-315.&nbsp; &nbsp;<\/a><\/p>\n<div>\n<p><a href=\"https:\/\/www.libreriavirtuali.com\/inicio\/GOBERNANZA-Y-ADMINISTRACIONES-TERRITORIALES-PARA-LA-PR%C3%93XIMA-GENERACI%C3%93N-EBOOK-p590277470\" target=\"_blank\" rel=\"noopener\">Navarro, C. y Gonz\u00e1lez Medina, M. (2023). Capacidad institucional para la absorci\u00f3n de los fondos europeos en los municipios.&nbsp; En J. Hern\u00e1ndez Moreno y C. Ares Castro-Conde, Gobernanza y Administraciones territoriales para la pr\u00f3xima generaci\u00f3n. Instituto Nacional de Administraci\u00f3n P\u00fablica.<\/a><\/p>\n<p><a style=\"color: #443f3f; outline: 0px;\" href=\"https:\/\/link.springer.com\/book\/10.1007\/978-3-030-90769-3\" target=\"_blank\" rel=\"noopener\">Reynaers, A. The safeguarding of public values in public-private partnerships: An empirical research approach. In G. Espedal, B. J. L\u00f8vaas, S. Sirris, A. W\u00e6raas, Researching values. Methodological approaches in understanding values work in leadership and organizations. Palgrave Macmillan.&nbsp; &nbsp;<\/a><\/p>\n<p>Gonz\u00e1lez Medina, M. y S. De Gregorio Hurtado (2022). Analysis of the Spanish Urban Agenda from a Policy Transfer Perspective. <span lang=\"EN-US\">Advancing to More Resilient Post-COVID Urban Areas. En F. Gelli, y M. Basso, Identifying Models of National Urban Agendas. A View to the Global Transition. Palgrave MacMillan.&nbsp;<\/span><\/p>\n<p><a style=\"background-color: #ffffff;\" href=\"https:\/\/www.lajuridica.es\/politicas-urbanas-y-localizacion-de-los-objetivos-de-desarrollo-sostenible-9788413972350\/\" target=\"_blank\" rel=\"noopener\">Alonso Ib\u00e1\u00f1ez, M. R., Gonz\u00e1lez Medina, M. y De Gregorio Hurtado, S. (2021). Pol\u00edticas urbanas y localizaci\u00f3n de los ODS: Teor\u00eda y Pr\u00e1ctica. Valencia: Editorial Tirant lo Blanch.<\/a><\/p>\n<p><a style=\"background-color: #ffffff;\" href=\"https:\/\/www.libreriavirtuali.com\/inicio\/La-externalizaci%C3%B3n-de-servicios-p%C3%BAblicos-a-nivel-local-p319007703\" target=\"_blank\" rel=\"noopener\">Reynaers, A., Navarro, C., Gonz\u00e1lez Medina, M. y J. Rama (2021): La externalizaci\u00f3n de servicios p\u00fablicos a nivel local. Experiencias, competencias y desaf\u00edos de la gesti\u00f3n de los contratos. Madrid: Instituto Nacional de Administraci\u00f3n P\u00fablica.<\/a><\/p>\n<p><a style=\"background-color: #ffffff;\" href=\"https:\/\/www.editorialreus.es\/libros\/las-agendas-urbanas-y-el-gobierno-de-las-ciudades\/9788429023589\/\" target=\"_blank\" rel=\"noopener\">Alonso Ib\u00e1\u00f1ez, M.R., De Gregorio Hurtado, S. y Gonz\u00e1lez Medina, M. (coord.) (2020). Las Agendas urbanas y el gobierno de las ciudades: Transformaciones, desaf\u00edos e instrumentos. Madrid: Editorial Reus.<\/a><\/p>\n<p><a style=\"background-color: #ffffff;\" href=\"https:\/\/dialnet.unirioja.es\/servlet\/libro?codigo=784299\" target=\"_blank\" rel=\"noopener\">Gonz\u00e1lez Medina, M. (2020). La evaluaci\u00f3n de los ODS en las universidades: Herramienta de seguimiento para grupos de investigaci\u00f3n. En G\u00e1zquez Linares, J.J., Molero Jurado, M.M, Martos Mart\u00ednez, A., Barrag\u00e1n Mart\u00edn, A.B., Sim\u00f3n M\u00e1rquez, M.M., Sisto, M., Del Pino Salvador, R.M., Tortosa Mart\u00ednez, B.M.&nbsp;Innovaci\u00f3n Docente e Investigaci\u00f3n en Ciencias Sociales, Econ\u00f3micas, y Jur\u00eddicas. Avanzando en el proceso de ense\u00f1anza-aprendizaje. Madrid: Editorial Dykinson, pp. 1019-1032.&nbsp;<\/a><\/p>\n<p><a style=\"background-color: #ffffff;\" href=\"http:\/\/springer.iq-technikum.de\/referenceworkentry\/10.1007\/978-3-319-31816-5_3955-1\" target=\"_blank\" rel=\"noopener\">Criado J. I., Dias T.F., Sano H. (2020). I-Labs and Public Administration: Public Innovation and the Future of Public Sector. En A. Farazmand, Global Encyclopedia of Public Administration, Public Policy, and Governance. Springer.<\/a><\/p>\n<p>G\u00fcemes, C; Resina, J. (2020). Procesos colaborativos, creando confianza en y desde la administraci\u00f3n p\u00fablica. En B. Aldeguer, y G. Pastor, Democracia, Gobierno y Administraci\u00f3n P\u00fablica Contempor\u00e1nea. Editorial Tecnos.<\/p>\n<p>Rama, J. &amp; A. Reynaers &amp; C. Navarro &amp; M. Gonz\u00e1lez. (2020). Los servicios p\u00fablicos locales: calidad, externalizaci\u00f3n y control. Anuario de Derecho Municipal 2019, ed. P. Velasco. Instituto de Derecho Local, Universidad Aut\u00f3noma de Madrid. Marcial Pons, Ediciones Jur\u00eddicas y Sociales. 231-253.<\/p>\n<p>Rodr\u00edguez-Pinz\u00f3n, E. (2020). La teor\u00eda de la Desecuritizaci\u00f3n posibilidades y desaf\u00edos. En Verdes-Montenegro; y Sanahuja. 100 a\u00f1os de Relaciones Internacionales: una mirada reflexiva.<\/p>\n<div>\n<div><a href=\"https:\/\/www.funcas.es\/publicaciones_new\/Sumario.aspx?IdRef=9-08024\" target=\"_blank\" rel=\"noopener\">Chuli\u00e1, E., M. Miyar, J. Mu\u00f1oz, A. Reynaers &amp; P. Perard. (2019). M\u00e1s all\u00e1 de los negocios Miradas y visiones de empresarios sobre la econom\u00eda, la sociedad y la pol\u00edtica. FUNCAS.<\/a><\/div>\n<div>&nbsp;<\/div>\n<div><a href=\"https:\/\/doi.org\/10.1007\/978-3-030-03008-7_46-1\" target=\"_blank\" rel=\"noopener\">Criado, J. I., Herranz, C. y Villodre, J. (2019). \u201cInformal Virtual Learning in the Public Sector: Educating Public Servants in Digital Social Innovation Environments\u201d. En Sullivan H., Dickinson H. y Henderson H. (eds.) (2019). The Palgrave Handbook of the Public Servant. Palgrave Macmillan, Cham.<\/a><\/div>\n<div>&nbsp;<\/div>\n<div><a href=\"https:\/\/eurosocial.eu\/wp-content\/uploads\/2019\/04\/07_tejiendo-confianzafinal.pdf\" target=\"_blank\" rel=\"noopener\">Gonz\u00e1lez Fuentes, S; G\u00fcemes, C; (2019) \u201cConfianza y Gobernanza: una relaci\u00f3n potencialmente fruct\u00edfera para la cohesi\u00f3n social\u201d En VV AA Tejiendo confianza para la cohesi\u00f3n social:una mirada a la confianza en Am\u00e9rica Latina, N\u00ba 7. Programa Eurosocial, pp 61-77.<\/a><\/div>\n<div>&nbsp;<\/div>\n<div><a href=\"https:\/\/eurosocial.eu\/wp-content\/uploads\/2019\/04\/07_tejiendo-confianzafinal.pdf\" target=\"_blank\" rel=\"noopener\">G\u00fcemes, C. (2019). Marco conceptual: confianza y cohesi\u00f3n social. En VV AA Tejiendo confianza para la cohesi\u00f3n social: una mirada a la confianza en Am\u00e9rica Latina, N\u00ba 7. Programa Eurosocial, pp 7-29.<\/a><\/div>\n<div>&nbsp;<\/div>\n<div>Navarro, C. y M. Gonz\u00e1lez Medina (2019). Evoluci\u00f3n de las capacidades de los gobiernos locales en Espa\u00f1a: 1990-2015. En E. J. Grin, E. Completa, A. P. Carrera Hern\u00e1ndez, y F.l. Abrucio, Capacidades estatales en gobiernos locales iberoamericanos &#8211; actualidad, brechas y perspectivas. S\u00e3o Paulo: FGV Editora, pp. 197-225.<\/div>\n<div>&nbsp;<\/div>\n<div>Paanakker, H. y A. Reynaers (2019). Good Governance in public service delivery: Explaining value contextuality in street level craftsmanship and public\u2014private partnerships. En G. De Graaf, It is all about integrity, stupid. Eleven International Publishing. 135-144.<\/div>\n<div>&nbsp;<\/div>\n<div><a href=\"https:\/\/link.springer.com\/chapter\/10.1007\/978-3-030-21522-4_7\" target=\"_blank\" rel=\"noopener\">Reynaers. A. (2019). Mission impossible for effectiveness? Service quality in public-private partnerships.&nbsp; En&nbsp;<\/a>H.&nbsp;<a style=\"background-color: #ffffff; color: #443f3f; outline: 0px;\" href=\"https:\/\/link.springer.com\/chapter\/10.1007\/978-3-030-21522-4_7\" target=\"_blank\" rel=\"noopener\">Paanakker, A. Masters, y L. Huberts<\/a>,&nbsp;<a href=\"https:\/\/link.springer.com\/chapter\/10.1007\/978-3-030-21522-4_7\" target=\"_blank\" rel=\"noopener\">Quality of governance: Values and violations. Palgrave Macmillan.&nbsp;<\/a><\/div>\n<div>&nbsp;<\/div>\n<\/div>\n<div>\n<div><a href=\"https:\/\/doi.org\/10.1007\/978-3-319-73386-9_1\" target=\"_blank\" rel=\"noopener\">Criado, J. I., Pastor, V. y Villodre, J. (2018). \u201cMeasuring Social Media Diffusion in Local Governments from a Longitudinal Perspective: Adoption, Barriers, and Perceptions\u201d. En Sobaci, M. H. y Hatipoglu, I. (eds.) (2018). Sub-National Democracy and Politics Through Social Media. New York: Springer, 3-27.<\/a><\/div>\n<div>&nbsp;<\/div>\n<div><a href=\"http:\/\/libreria.cis.es\/libros\/ciudadanos-y-democracia-representativa-una-relacion-conflictiva-analisis-de-la-desconfianza-en-las-instituciones-en-espana\/9788474767865\/\" target=\"_blank\" rel=\"noopener\">De Marco, S; Ganuza, E.; &nbsp;G\u00fcemes, C.; Robles Morales,J.; Garc\u00eda Esp\u00edn; P. (2018) Ciudadanos y Democracia representativa: \u00bfUna relaci\u00f3n conflictiva? Analisis de la desconfianza en las instituciones en Espa\u00f1a. Centro de Investigaciones Sociol\u00f3gicas CIS, Colecci\u00f3n \u00abOpiniones y Actitudes\u00bb Num. 75, Madrid,&nbsp;<\/a><\/div>\n<div>&nbsp;<\/div>\n<div>G\u00fcemes, C; Resina, J.(2018) \u201cParticipaci\u00f3n ciudadana y confianza, un ejercicio de alquimia democr\u00e1tica\u201d En En Cecilia G\u00fcemes, Jorge Resina y C\u00e9sar Cruz-Rubio (eds.) Participaci\u00f3n ciudadana: experiencias inspiradoras en Espa\u00f1a, Centro de Estudios Pol\u00edticos y Constitucionales, Madrid pp. 73-84<\/div>\n<div>&nbsp;<\/div>\n<div><a href=\"http:\/\/www.cepc.gob.es\/publicaciones\/libros\/colecciones?IDP=2738\" target=\"_blank\" rel=\"noopener\">G\u00fcemes, Cecilia Jorge Resina y C\u00e9sar Cruz-Rubio (eds) (2018) Participaci\u00f3n ciudadana: experiencias inspiradoras en Espa\u00f1a, Centro de Estudios Pol\u00edticos y Constitucionales, Madrid.<\/a><\/div>\n<div>&nbsp;<\/div>\n<div><a href=\"https:\/\/link.springer.com\/referenceworkentry\/10.1007%2F978-3-319-20928-9_1334\" target=\"_blank\" rel=\"noopener\">Reynaers, A. \u201cPrivatization and Public Management\u201d (2018), A. Farazmand (ed.), Global Encyclopedia of Public Administration, Public Policy, and Governance, Springer International Publishing Switzerland.<\/a><\/div>\n<div>&nbsp;<\/div>\n<div>Gil-Garc\u00eda, J. Ramon, Criado, J. Ignacio, &amp; T\u00e9llez, Juan Carlos. (2017). Information Technology and Public Administration. Concepts, Approaches, Applications and Results (in Spanish) Tecnolog\u00edas de Informaci\u00f3n y Comunicaci\u00f3n en la Administraci\u00f3n P\u00fablica. Conceptos, Enfoques, Aplicaciones y Resultados. Ciudad de M\u00e9xico: INFOTEC. ISBN: 978-607-7763-24-6.<\/div>\n<\/div>\n<div>&nbsp;<\/div>\n<p><a href=\"http:\/\/www.cepal.org\/es\/publicaciones\/41353-gobierno-abierto-al-estado-abierto-america-latina-caribe\" target=\"_blank\" rel=\"noopener\">G\u00fcemes, C; Brugu\u00e9, Q.(2017) &nbsp;\u201cConfianza y Gobierno Abierto en Am\u00e9rica Latina\u201d &nbsp;En Nasser, A.; Ram\u00edrez- Alujas, A.y Rosales, D. (2017) Desde Gobierno Abierto al Estado Abierto en Am\u00e9rica Latina y el Caribe: hacia una nueva arquitectura para enfrentar los desaf\u00edos &nbsp;de la agenda 2030 para el Desarrollo Sostenible. Comisi\u00f3n Econ\u00f3mica para Am\u00e9rica Latina y el Caribe (CEPAL), Santiago de Chile. Pp 253-282.<\/a><\/p>\n<p>Parrado, S. &amp; A. Reynaers. (2017) \u201cValores p\u00fablicos y sector privado, \u00bfuna cuesti\u00f3n de control o de confianza? \u201d Madrid: Instituto Nacional de Administraci\u00f3n P\u00fablica.<\/p>\n<div>\n<div>Criado, J. I. y Villodre, J. (2016). \u201cCrowdsourcing y plataformas colaborativas en las administraciones p\u00fablicas. \u00bfHacia un WikiGovernment?\u201d. En Criado, J. I. (ed.) (2016). Nuevas tendencias en la gesti\u00f3n p\u00fablica. Innovaci\u00f3n abierta, gobernanza inteligente y tecnolog\u00edas sociales en unas administraciones p\u00fablicas colaborativas. Madrid: Instituto Nacional de Administraci\u00f3n P\u00fablica, 95-119.<\/div>\n<\/div>\n<div>&nbsp;<\/div>\n<p>G\u00fcemes, C (2016) Tr\u00e1tame suavemente. Confianza Social en Am\u00e9rica Latina, con la lupa en Argentina. Flacso Secretar\u00eda General.<\/p>\n<p><a href=\"http:\/\/eapc.gencat.cat\/web\/.content\/home\/publicacions\/col_leccio_obres_digitals\/20_casos_exito_redes_sociales\/Casos-de-exito-en-RSD-de-las-AA-PP.pdf\" target=\"_blank\" rel=\"noopener\">Criado, J. Ignacio (ed. w\/ Rojas, Francisco) (2015). Success Cases of Social Media in Government (in Spanish) Casos de \u00c9xito en Redes Sociales de Administraciones P\u00fablicas Barcelona: Escola d&#8217;Administraci\u00f3 P\u00fablica de Catalunya. ISBN-13 978-84-606-5557-2<\/a>.<\/p>\n<p><a href=\"https:\/\/doi.org\/10.1007\/978-3-319-17722-9_8.\" target=\"_blank\" rel=\"noopener\">Criado, J. Ignacio &amp; Rojas, Francisco. (2015). Adopting Social Media in the Local Governments. Towards a Public Administration 2.0?. In Social Media and Local Governments: Theory and Practice, ed. M. Z. Sobaci. New York: Springer, pp. 135-152.<\/a><\/p>\n<p><a href=\"http:\/\/www.marcialpons.es\/libros\/desafeccion-politica-y-gobernabilidad-el-reto-politico\/9788416402878\/\" target=\"_blank\" rel=\"noopener\">G\u00fcemes, C; (2015) \u201c(Des) Confianza en el Sector P\u00fablico: \u00bfs\u00edntomas de un bajo rendimiento de los gobiernos y las burocracias latinoamericanas? En Ludolfo Paramio (coord) (2015) Desafecci\u00f3n pol\u00edtica y gobernabilidad: el reto pol\u00edtico. Marcial Pons, IELAT-CAF Madrid, Espa\u00f1a.Pp 109-125&nbsp;<\/a><\/p>\n<p><a href=\"http:\/\/www.polifemo.com\/ficha_libro.php?isbn=9788416335053\" target=\"_blank\" rel=\"noopener\">G\u00fcemes, C; (2015) \u201cNeoliberalismo, pol\u00edticas de bienestar y confianza social. Una mirada desde el caso argentino; notas preliminares\u201d. En Gonz\u00e1lez Leandri, Ricardo; Gonz\u00e1lez Bernaldo de Quir\u00f3s, Pilar y Galera, Andr\u00e9s (coord.) (2015) Regulaci\u00f3n social y Estado en Am\u00e9rica Latina. Del liberalismo al neoliberalismo (Siglo XIX-XXI): saberes, actores e instituciones. Madrid, Ed. Polifemo, pp. 426-454<\/a><\/p>\n<p><a href=\"https:\/\/dare.uva.nl\/search?identifier=2359bf54-55ca-4b51-8a5b-48f3cd20647c\" target=\"_blank\" rel=\"noopener\">Reynaers, A. (2015) \u201cSturen met de riemen die je hebt: werkt dat? Een meervoudige case studie naar het gebruik van contracten, prestatiemonitoring en prestatie afhankelijke betaling in DBFMO\u201d, in M. Sanders (ed.). Publiek-Private Samenwerking: kunst van het evenwicht; Boom, Lemma. ISBN: 978-94-6236-580-3, p. 41-60.<\/a><\/p>\n<p><a href=\"https:\/\/link.springer.com\/chapter\/10.1007%2F978-1-4614-9982-4_12.\" target=\"_blank\" rel=\"noopener\">Criado, J. I. y Barrero, D. F. (2014). Analyzing the Digital Divide and Electronic Government Demand. An Empirical Research of the Spanish Case. En&nbsp;<\/a><a style=\"background-color: #ffffff; color: #443f3f; outline: 0px;\" href=\"https:\/\/link.springer.com\/chapter\/10.1007%2F978-1-4614-9982-4_12.\" target=\"_blank\" rel=\"noopener\">M.P. Rodr\u00edguez-Bolivar<\/a>,&nbsp;<a href=\"https:\/\/link.springer.com\/chapter\/10.1007%2F978-1-4614-9982-4_12.\" target=\"_blank\" rel=\"noopener\">Measuring e-Government Efficiency. The Opinions of Public Administrators and Other Stakeholders. Nueva York: Springer, pp. 213-232.&nbsp;<\/a><\/p>\n<div>\n<div>Reynaers, A. (2014). It takes two to tangle: Public Private Partnerships and their impact on Public values. Doctoral thesis, VU University Amsterdam.&nbsp;<\/div>\n<div>&nbsp;&nbsp;<\/div>\n<\/div>\n<p><a href=\"http:\/\/eapc.gencat.cat\/ca\/detalls\/Article\/od_15_redes_sociales\" target=\"_blank\" rel=\"noopener\">Criado, J. Ignacio (ed. w\/ Rojas, Francisco) (2013). Social Media in Public Policy and Management. Progresses and Challenges for an Open Goverment (in Spanish) Las Redes Sociales Digitales en la Gesti\u00f3n y las Pol\u00edticas P\u00fablicas. Avances y Desaf\u00edos para un Gobierno Abierto. Barcelona: Escola d&#8217;Administraci\u00f3 P\u00fablica de Catalunya. ISBN-10 84-695-9397-8 ISBN-13 978-84-695-9397-4.<\/a><\/p>\n<p><a href=\"https:\/\/link.springer.com\/chapter\/10.1007\/978-1-4614-1448-3_14\" target=\"_blank\" rel=\"noopener\">Criado, J. Ignacio, Guadalupe Mart\u00ednez &amp; Aitor Silv\u00e1n. (2012). \u2018Social Media for Political Campaigning. The Use of Twitter by Spanish Mayors in 2011 Local Elections\u2019. In Web 2.0 Technologies and Democratic Governance: Political, Policy and&nbsp;Management Implications, ed. Ch. G. Reddick &amp; S.K. Aikins. New York: Springer, pp. 219-232.<\/a><\/p>\n<p>Reynaers, A. (2012) \u201cIntegriteit en publieke waarden in publiek-private context\u201d, in J. Van den Heuvel, L. Huberts and E. Muller (Eds.) Integriteit; Kluwer: Deventer, p. 417-426.<\/p>\n<div>Gonz\u00e1lez Medina, M. (2010): Gobernanza y gesti\u00f3n de las ciudades en la Uni\u00f3n Europea. Casos de Santiago de Compostela y Konstanz (Alemania), Tesis doctoral. Santiago de Compostela: Universidad de Santiago de Compostela.<\/div>\n<div>&nbsp;<\/div>\n<p><a href=\"https:\/\/www.igi-global.com\/chapter\/building-digital-government-regions\/40464\" target=\"_blank\" rel=\"noopener\">Criado, J. Ignacio. (2009). Building the Digital Government in Regions. En&nbsp;<\/a><a style=\"background-color: #ffffff; color: #443f3f; outline: 0px;\" href=\"https:\/\/www.igi-global.com\/chapter\/building-digital-government-regions\/40464\" target=\"_blank\" rel=\"noopener\">&nbsp;J. R. C\u00f3rdoba y A. Ochoa-\u00c1rias<\/a>,&nbsp;<a href=\"https:\/\/www.igi-global.com\/chapter\/building-digital-government-regions\/40464\" target=\"_blank\" rel=\"noopener\">Systems Thinking and eParticipation. ICTs in the Governance of Societies. Hershey: IGI Global, pp. 90-112.<\/a><\/p>\n<p>Criado, J. Ignacio. (2009). Entre Sue\u00f1os Ut\u00f3picos y Visiones Pesimistas. Las TIC en la Modernizaci\u00f3n de las Administraciones P\u00fablicas. Madrid: Instituto Nacional de Administraci\u00f3n P\u00fablica.<\/p>\n<div>Gonz\u00e1lez Medina, M. (2007): \u00abParticipation: the necessary condition for the administration and the democracy reform in the local political sphere\u00bb, en: Schaap, L: \u00abTensions between Local Governance and Local Democracy\u00bb, The Hague: Reed Elsevier, pp. 93-112. I<\/div>\n<\/div>\n<\/div><\/div>\n\t\t\t\t\t\t\t\t\t<div class=\"elementor-tab-title elementor-tab-mobile-title\" aria-selected=\"false\" data-tab=\"3\" role=\"tab\" tabindex=\"-1\" aria-controls=\"elementor-tab-content-1553\" aria-expanded=\"false\">Other documents<\/div>\n\t\t\t\t\t<div id=\"elementor-tab-content-1553\" class=\"elementor-tab-content elementor-clearfix\" data-tab=\"3\" role=\"tabpanel\" aria-labelledby=\"elementor-tab-title-1553\" tabindex=\"0\" hidden=\"hidden\"><p>De Gregorio Hurtado, S., Moya Gonz\u00e1lez, L., Gonz\u00e1lez Medina, M., Garc\u00eda Herrero, J. y J.Gallego S\u00e1nchez-Torijae (2024). ApS Repensar los barrios de Madrid. Una palanca para la regeneraci\u00f3n de los barrios vulnerables. I Congreso en Innovaci\u00f3n Docente de las Universidades Madrile\u00f1as: MadrID, Universidad Aut\u00f3noma de Madrid, pp. 517-525.&nbsp;<\/p>\n<p><a href=\"https:\/\/oa.upm.es\/83823\/\" target=\"_blank\" style=\"background-color: rgb(255, 255, 255);\">Gonz\u00e1lez Medina, M. (2024). La regeneraci\u00f3n urbana como oportunidad para fortalecer el compromiso social de las universidades a trav\u00e9s de la pr\u00e1ctica docente. En De Gregorio Hurtado, S. (coord.), Proyecto ApS de la Universidad Polit\u00e9cnica de Madrid, Regenerando Ca\u00f1o Roto. Reflexi\u00f3n y estrategias realizadas en la asignatura, Teor\u00eda y Pr\u00e1ctica de la Regeneraci\u00f3n Urbana en el marco Europeo. Madrid: Instituto Juan Herrera, pp. 22-23.<\/a><\/p>\n<p><a href=\"https:\/\/oa.upm.es\/80839\/\" target=\"_blank\" style=\"background-color: rgb(255, 255, 255);\">Gonz\u00e1lez Medina, M. (2024). La regeneraci\u00f3n urbana como problema de pol\u00edtica p\u00fablica y su abordaje desde la perspectiva de la gobernanza\u201d, en: De Gregorio Hurtado, S. (coord.): Proyecto ApS de la Universidad Polit\u00e9cnica de Madrid: Regenerando La Ermita del Santo. Reflexi\u00f3n y estrategias realizadas en la asignatura Intensificaci\u00f3n en Urbanismo. Madrid: Instituto Juan Herrera, pp. 15-16.<\/a><\/p><p>Gonz\u00e1lez Medina, M., Bouza Garc\u00eda, L. y Sonia De Gregorio Hurtado (2024). Enredando en el barrio de la Ermita del Santo. Un proyecto entre la innovaci\u00f3n docente y la transferencia a la comunidad local. I Congreso en Innovaci\u00f3n Docente de las Universidades Madrile\u00f1as: MadrID, Universidad Aut\u00f3noma de Madrid, pp. 60-67.&nbsp;<\/p>\n<p class=\"MsoNormal\"><span style=\"background-color: #ffffff;\"><a href=\"https:\/\/itgespub.net\/wp-content\/uploads\/2023\/03\/Innovacion-Ayuntamientos-V6.pdf\">Criado, J. I., Alcaide, L. y Liarte, I. (2023). Perspectivas sobre la innovaci\u00f3n en los ayuntamientos espa\u00f1oles: Un an\u00e1lisis de las percepciones de los responsables de innovaci\u00f3n p\u00fablica en los municipios de mayor tama\u00f1o. Lab Innovaci\u00f3n, Tecnolog\u00eda y Gesti\u00f3n P\u00fablica.<\/a><\/span><\/p>\n<p class=\"MsoNormal\"><a style=\"background-color: #ffffff;\" href=\"https:\/\/itgespub.net\/wp-content\/uploads\/2023\/06\/Iniciativa-colaborativa-ODS4_INFOGRAFIAS-ACCESIBLES.pdf\" target=\"_blank\" rel=\"noopener\">Gonz\u00e1lez Medina, M. (coord.) (2023). Infograf\u00edas accesibles para personas con discapacidad visual. Lab Innovaci\u00f3n, Tecnolog\u00eda y Gesti\u00f3n P\u00fablica.&nbsp;<\/a><\/p>\n<p><a style=\"background-color: #ffffff;\" href=\"https:\/\/caagenda2030.uniovi.es\/4-guia-simplificada-de-diseno-ejecucion-e-incorporacion-de-la-agenda-2030-para-concejos-asturianos-es\" target=\"_blank\" rel=\"noopener\">Alonso Ib\u00e1\u00f1ez, M.R. (dir); De Gregorio Hurtado, S. y Gonz\u00e1lez Medina (coord.) (2022). Gu\u00eda simplificada de dise\u00f1o, ejecuci\u00f3n e incorporaci\u00f3n de la Agenda 2030 para los concejos asturianos.<\/a><\/p>\n<p><a style=\"background-color: #ffffff;\" href=\"https:\/\/transparencia.gob.es\/transparencia\/dam\/jcr:fb9182fb-571a-4ecc-98c1-9c6817824112\/guia_gobierno_abierto_EP.pdf\" target=\"_blank\" rel=\"noopener\">Criado, J. I. y Guevara G\u00f3mez, A. (2022). Gu\u00eda de Gobierno Abierto para Empleadas y Empleados P\u00fablicos. Ministerio de Hacienda y Funci\u00f3n P\u00fablica.<\/a><\/p>\n<p><a style=\"background-color: #ffffff;\" href=\"https:\/\/www.idluam.org\/blog\/wp-content\/uploads\/2022\/12\/2022_InformePPL_FONDOS_EUROPEOS_v0.pdf\" target=\"_blank\" rel=\"noopener\">Navarro, C.; Alba, D.; Egea, A.; Gonz\u00e1lez Medina, M.; Sevillano, A. y J.A. Escobar Barbosa (2022): \u201cAyuntamientos y captaci\u00f3n de<\/a>&nbsp;<a href=\"https:\/\/www.idluam.org\/blog\/wp-content\/uploads\/2022\/12\/2022_InformePPL_FONDOS_EUROPEOS_v0.pdf\" target=\"_blank\" rel=\"noopener\">Fondos Europeos. Estudio de la capacidad de los municipios madrile\u00f1os para captar y gestionar Fondos Europeos\u201d, Informe de Pol\u00edticas p\u00fablicas, Instituto de Derecho Local, n\u00ba XI.<\/a><\/p>\n<div><a href=\"https:\/\/www.revistatransparencia.com\/ojs\/index.php\/ret\/article\/view\/213\/319\" target=\"_blank\" rel=\"noopener\">Villodre, J. (2022). Libro: La implementaci\u00f3n y los efectos de la normativa de transparencia en los Gobiernos locales de mayor poblaci\u00f3n (2021). Jaume Magre, Lluis Medir, Esther Pano, Joan Josep Vallb\u00e9 y Jos\u00e9 Luis Mart\u00ednez-Alonso. Revista Espa\u00f1ola de la Transparencia, 14, 255-259.<\/a><\/div>\n<div>&nbsp;<\/div>\n<div>\n<p><a style=\"background-color: #ffffff;\" href=\"https:\/\/www.idluam.org\/blog\/como-esta-funcionado-la-ley-de-contratos-del-sector-publico-a-nivel-local-los-gestores-de-contratos-de-servicios-publicos-nos-lo-cuentan\/\" target=\"_blank\" rel=\"noopener\">Gonz\u00e1lez Medina, M. (2021): \u00bfC\u00f3mo est\u00e1 funcionado la Ley de Contratos del Sector P\u00fablico a nivel local? Los gestores de contratos de servicios p\u00fablicos nos lo cuentan. Entrada para el Blog del Instituto de Derecho Local, 10 de marzo de 2021.<\/a><\/p>\n<p><a style=\"background-color: #ffffff;\" href=\"https:\/\/elpais.com\/tecnologia\/2021-07-06\/una-inteligencia-artificial-feminista-es-posible-y-necesaria.html\" target=\"_blank\" rel=\"noopener\">Ortiz de Z\u00e1rate Alcarazo, L. y Guevara G\u00f3mez, A. (2021). Una inteligencia artificial feminista es posible (y necesaria). El Pa\u00eds, 6 julio de 2021<\/a>.<\/p>\n<p><a style=\"background-color: #ffffff;\" href=\"https:\/\/compolitica.com\/wp-content\/uploads\/2021\/12\/N66_Eta2_La_revista_de_ACOP_Diciembre2021.pdf\" target=\"_blank\" rel=\"noopener\">Villodre, J. (2021). Hacia el derecho a entender: diagn\u00f3stico del problema. La revista de ACOP, segunda etapa, 66, diciembre de 2021.&nbsp;<\/a><\/p>\n<p><a style=\"background-color: #ffffff;\" href=\"https:\/\/theconversation.com\/twitter-un-espacio-de-colaboracion-entre-administraciones-publicas-y-ciudadania-133306\" target=\"_blank\" rel=\"noopener\">Criado, J. I. y Villodre, J. (2020). Twitter, un espacio de colaboraci\u00f3n entre administraciones p\u00fablicas y ciudadan\u00eda. The Conversation.&nbsp;<\/a><\/p>\n<p><a href=\"https:\/\/www.idluam.org\/blog\/esta-preparada-la-administracion-local-para-la-transicion-digital-situacion-y-oportunidades-para-la-recuperacion\/\" target=\"_blank\" rel=\"noopener\">Gonz\u00e1lez Medina, M. (2020): \u00bfEst\u00e1 preparada la Administraci\u00f3n local para la transici\u00f3n digital? Situaci\u00f3n y oportunidades para la recuperaci\u00f3n. Entrada para el Blog del Instituto de Derecho Local, 17 de junio de 2020.&nbsp;<\/a><\/p>\n<p><a href=\"https:\/\/elpais.com\/ciencia\/2020-06-02\/por-que-confiamos-en-la-ciencia.html\" target=\"_blank\" rel=\"noopener\">Ortiz de Z\u00e1rate, L. (2020). \u00bfPor qu\u00e9 confiamos en la ciencia? El Pa\u00eds.<\/a><\/p>\n<p><a href=\"https:\/\/www.fundacionalternativas.org\/public\/storage\/publicaciones_archivos\/01742b506ae7820578598658e2d22d15.pdf\" target=\"_blank\" rel=\"noopener\">Rodr\u00edguez-Pinz\u00f3n, E. M. (coordinadora) (2020). Informe Iberoam\u00e9rica 2020: Am\u00e9rica Latina entre la Protesta y la pandemia. Fundaci\u00f3n Alternativas.<\/a><\/p>\n<p><a href=\"https:\/\/theconversation.com\/colaboracion-en-red-para-salvar-vidas-infocoronavirus-y-yomequedoencasa-134462\" target=\"_blank\" rel=\"noopener\">Villodre, J. y Criado, J. I. (2020). Colaboraci\u00f3n en red para salvar vidas: #INFOCoronavirus y #YoMeQuedoEnCasa. The Conversation.&nbsp;<\/a><\/p>\n<p><a href=\"https:\/\/theconversation.com\/asi-tuitean-las-instituciones-publicas-ante-emergencias-como-los-incendios-de-gran-canaria-122167\" target=\"_blank\" rel=\"noopener\">Criado, J. I. y Villodre, J. (2019). As\u00ed tuitean las instituciones p\u00fablicas ante emergencias como los incendios de Gran Canaria. The Conversation.&nbsp;<\/a><\/p>\n<p>Herranz, C., Escudero, R. D., Muelas, D., &amp; Sauli\u00e8re, S. (2019). \u201cEstrategias en Comunidades y Redes Sociales Digitales para Fomentar las Pr\u00e1cticas Participativas\u201d. GIGAPP Estudios Working Papers, 6 (111-115), 28-48.<\/p>\n<p><a href=\"https:\/\/analiticapublica.es\/comunidades-y-redes-la-base-de-la-participacion-digital-efectiva\/\" target=\"_blank\" rel=\"noopener\">Herranz, C. (2019) Comunidades y redes: la base de la participaci\u00f3n digital efectiva. Anal\u00edtica P\u00fablica, el blog sobre Transformaci\u00f3n Digital y Administraciones P\u00fablicas.<\/a><\/p>\n<p><a href=\"https:\/\/theconversation.com\/que-se-encuentran-los-universitarios-al-acceder-al-mercado-laboral-110946\" target=\"_blank\" rel=\"noopener\">Herranz, C y Muelas, D. (2019) Qu\u00e9 se encuentran los universitarios al acceder al mercado laboral. The Conversation. 2019.<\/a><\/p>\n<p><a href=\"https:\/\/www.universidadsi.es\/la-incorporacion-de-los-estudiantes-universitarios-al-mercado-laboral-fortalezas-y-dificultades\/\" target=\"_blank\" rel=\"noopener\">Herranz, C y Muelas, D. (2019) La incorporaci\u00f3n de los estudiantes universitarios al mercado laboral: fortalezas y dificultades. Blog de Universidads\u00ed.<\/a><\/p>\n<p><a href=\"http:\/\/agendapublica.elpais.com\/el-debate-politico-espanol-en-la-camara-de-eco-de-twitter\/\" target=\"_blank\" rel=\"noopener\">Villodre, J. (2019). El debate pol\u00edtico espa\u00f1ol en la \u201cc\u00e1mara de eco\u201d de Twitter. Agenda P\u00fablica.<\/a><\/p>\n<p><a href=\"https:\/\/novagob.org\/wp-content\/uploads\/2018\/12\/NovaGob_Academia_3.pdf\" target=\"_blank\" rel=\"noopener\">Criado, J. I., Pastor, V. y Villodre, J. (2018). Big data y administraciones p\u00fablicas en redes sociales. Un estudio sobre las comunidades digitales de los ayuntamientos espa\u00f1oles. Colecci\u00f3n NovaGob Academia.<\/a><\/p>\n<p><a href=\"https:\/\/www.universidadsi.es\/distribucion-salarial-de-los-contratos-predoctorales-en-espana\/\" target=\"_blank\" rel=\"noopener\">Herranz, C y Muelas, D (2018) Distribuci\u00f3n salarial de los contratos predoctorales en Espa\u00f1a. Blog de Universidads\u00ed<\/a>.<\/p>\n<p>Pablo, L., Rodr\u00edguez-Pinz\u00f3n, E. y Duarte, J. A (2018). Informe de evaluaci\u00f3n independiente del Programa SIMCI. Oficina de Evaluaci\u00f3n Independiente de UNODC, Viena.<\/p>\n<p><a href=\"https:\/\/novagob.org\/wp-content\/uploads\/2017\/05\/Novagob_Academia_2_RRSS_Aytos_vFinal_20170516-ilovepdf-compressed.pdf\" target=\"_blank\" rel=\"noopener\">Criado, J. I., Pastor, V. y Villodre, J. (2017). Redes sociales digitales en los ayuntamientos espa\u00f1oles. Colecci\u00f3n NovaGob Academia.<\/a><\/p>\n<p><a href=\"https:\/\/www.universidadsi.es\/los-incentivos-laborales-del-posgrado-universitario-espana\/\" target=\"_blank\" rel=\"noopener\">Herranz, C (2017) Los incentivos laborales del posgrado universitario. Blog de Universidads\u00ed.<\/a><\/p>\n<p><a href=\"https:\/\/www.universidadsi.es\/radiografia-los-predoctorales-espana\/\" target=\"_blank\" rel=\"noopener\">Herranz, C (2017) Radiograf\u00eda de los predoctorales en Espa\u00f1a. Blog de Universidads\u00ed<\/a>.<\/p>\n<p><a href=\"https:\/\/novagob.org\/wp-content\/uploads\/2017\/05\/NovagobAcademia_2016_1_GobiernoAbierto-AALL.pdf\" target=\"_blank\" rel=\"noopener\">Criado, J. Ignacio, y Ruvalcaba, E. (2016). \u00bfQu\u00e9 es y qu\u00e9 se entiende por Gobierno Abierto? An\u00e1lisis de la percepci\u00f3n e implementaci\u00f3n del Gobierno Abierto en el \u00e1mbito local espa\u00f1ol. NovaGobAcademia 1.<\/a><\/p>\n<p><a href=\"https:\/\/www.universidadsi.es\/la-percepcion-la-ciencia-la-tecnologia-perspectiva-genero-papel-las-universidades\/\" target=\"_blank\" rel=\"noopener\">Herranz, C (2016) La percepci\u00f3n de la ciencia y la tecnolog\u00eda en perspectiva de g\u00e9nero. Blog de Universidads\u00ed<\/a>.<\/p>\n<p>Criado, J. Ignacio (w\/ Rafael E. Valenzuela &amp; Edgar Ruvalcaba) (2015). Measuring the Impact of the Open Government Partnership in Member States using an Implementation Size Model.&nbsp;<\/p>\n<p>Diban, M. y Rodr\u00edguez-Pinz\u00f3n, E. M. (2015). Informe de evaluaci\u00f3n independiente de medio t\u00e9rmino \u201cFortalecimiento del Estado de Derecho, la Seguridad y la Justicia en el Paraguay\u201d Programa Nacional Integrado para el Paraguay 2011-2014; Oficina de Evaluaci\u00f3n Independiente; Oficina de las Naciones Unidas contra las Drogas y el Delito; Viena.<\/p>\n<p>Alternative Development Programe in Colombia \/Programa de Desarrollo Alternativo en Colombia (2014); informe de evaluaci\u00f3n independiente. Participaci\u00f3n de Erika M. Rodr\u00edguez Pinz\u00f3n en conjunto con otros autores, Dirigido por Rodrigo Daza. Oficina de las Naciones Unidas contra las Drogas y el Delito.<\/p>\n<p><a href=\"https:\/\/www.fundacionalternativas.org\/laboratorio\/documentos\/documentos-de-trabajo\/el-impacto-de-la-crisis-sobre-el-tejido-social-solidario-de-espana-efectos-y-reaccion-de-las-ongd-frente-a-la-crisis\" target=\"_blank\" rel=\"noopener\">Cascante, K. y Rodr\u00edguez-Pinz\u00f3n, E. M. (2014). El impacto de la crisis sobre el tejido social solidario de Espa\u00f1a: efectos y reacci\u00f3n de las ONGD frente a la crisis. Laboratorio de Ideas de Fundaci\u00f3n Alternativas; Fundipax.<\/a><\/p>\n<p><a href=\"https:\/\/saludporderecho.org\/wp-content\/uploads\/2014\/03\/Documento-Economistas.pdf\" target=\"_blank\" rel=\"noopener\">de la Rocha, M. y Rodr\u00edguez-Pinz\u00f3n, E. M. (2014). El impuesto a las transacciones financieras en el marco de cooperaci\u00f3n reforzada de la UE: Evoluci\u00f3n y Perspectivas, Salud por Derecho y Economistas Frente a la Crisis.<\/a><\/p>\n<p><a href=\"https:\/\/www.ciecode.es\/assets\/documents\/201011-Informe-FINAL-Ciecode-MdelaRocha-ERodriguez.pdf\" target=\"_blank\" rel=\"noopener\">de la Rocha, M. y Rodr\u00edguez-Pinz\u00f3n, E. M. (2011). Gobernanza global e instituciones multilaterales. Hacia una pol\u00edtica de desarrollo global sostenible. CIECODE, Libro Blanco de la Pol\u00edtica de Desarrollo de Espa\u00f1a<\/a><\/p>\n<\/div><\/div>\n\t\t\t\t\t\t\t<\/div>\n\t\t<\/div>\n\t\t\t\t\t\t<\/div>\n\t\t\t\t<\/div>\n\t\t\t\t<div class=\"elementor-element elementor-element-3beab1f elementor-tabs-view-horizontal elementor-widget elementor-widget-tabs\" data-id=\"3beab1f\" data-element_type=\"widget\" data-e-type=\"widget\" data-widget_type=\"tabs.default\">\n\t\t\t\t<div class=\"elementor-widget-container\">\n\t\t\t\t\t\t\t<div class=\"elementor-tabs\">\n\t\t\t<div class=\"elementor-tabs-wrapper\" role=\"tablist\" >\n\t\t\t\t\t\t\t\t\t<div id=\"elementor-tab-title-6281\" class=\"elementor-tab-title elementor-tab-desktop-title\" aria-selected=\"true\" data-tab=\"1\" role=\"tab\" tabindex=\"0\" aria-controls=\"elementor-tab-content-6281\" aria-expanded=\"false\">Journals<\/div>\n\t\t\t\t\t\t\t\t\t<div id=\"elementor-tab-title-6282\" class=\"elementor-tab-title elementor-tab-desktop-title\" aria-selected=\"false\" data-tab=\"2\" role=\"tab\" tabindex=\"-1\" aria-controls=\"elementor-tab-content-6282\" aria-expanded=\"false\">Books and book chapters<\/div>\n\t\t\t\t\t\t\t\t\t<div id=\"elementor-tab-title-6283\" class=\"elementor-tab-title elementor-tab-desktop-title\" aria-selected=\"false\" data-tab=\"3\" role=\"tab\" tabindex=\"-1\" aria-controls=\"elementor-tab-content-6283\" aria-expanded=\"false\">Other documents<\/div>\n\t\t\t\t\t\t\t<\/div>\n\t\t\t<div class=\"elementor-tabs-content-wrapper\" role=\"tablist\" aria-orientation=\"vertical\">\n\t\t\t\t\t\t\t\t\t<div class=\"elementor-tab-title elementor-tab-mobile-title\" aria-selected=\"true\" data-tab=\"1\" role=\"tab\" tabindex=\"0\" aria-controls=\"elementor-tab-content-6281\" aria-expanded=\"false\">Journals<\/div>\n\t\t\t\t\t<div id=\"elementor-tab-content-6281\" class=\"elementor-tab-content elementor-clearfix\" data-tab=\"1\" role=\"tabpanel\" aria-labelledby=\"elementor-tab-title-6281\" tabindex=\"0\" hidden=\"false\"><p>Criado, J. I. (2024). Inteligencia Artificial en el Sector P\u00fablico latinoamericano. Estudio Comparado a partir de la Carta Iberoamericana de Inteligencia Artificial en la Administraci\u00f3n P\u00fablica. Revista del CLAD Reforma y Democracia, (88), 116-143.<\/p><p>Criado, J. I., &amp; Guevara-Gomez, A. (2024, June). <span lang=\"EN-US\">Who evaluates the algorithms? An overview of the algorithmic accountability ecosystem. In Proceedings of the 25th Annual International Conference on Digital Government Research (pp. 19-28).<\/span><\/p><p>Criado, J. I., Sandoval-Almaz\u00e1n, R., &amp; Gil-Garcia, J. R. (2024). <span lang=\"EN-US\">Artificial intelligence and public administration: Understanding actors, governance, and policy from micro, meso, and macro perspectives. <\/span>Public Policy and Administration.<\/p><p>Galende-S\u00e1nchez, S., Sorman, A. H., Eguinoa, M., Gonz\u00e1lez-Medina. <span lang=\"EN-US\">M. &amp; G\u00f3mez-Fortes, B. (2024). Behind the curtains of deliberation: Unveiling climate policy and behavioural challenges through a mini-public in Spain. Journal of Environmental Policy &amp; Planning, 402-416.\u00a0<\/span><\/p><p>Liarte, I., Criado, J. I., &amp; Alcaide-Mu\u00f1oz, L. (2024). <span lang=\"EN-US\">Exploring Barriers to Innovation in Public Administration: An Empirical Study of the Local Layer of Government. International Journal of Public Administration in the Digital Age (IJPADA), 11(1), 1-23.<\/span><\/p><p style=\"text-align: justify;\"><span lang=\"EN-US\">Miranda-Hospinal, O., Villodre, J., Valle-Cruz, D., &amp; Angulo-S\u00e1nchez, K. (2024). Exploring the impact of artificial intelligence on the transparency and rationality of Peruvian public works: perceptions, expectations, challenges and opportunities. Transforming Government: People, Process and Policy.<\/span><\/p><p>Parrado, S., Rama, J., &amp; Reynaers, A. M. (2024). <span lang=\"EN-US\">Determinants of citizens\u2019 choice between public and private hospitals. Journal of Healthcare Quality Research, 39(6), 391-398.<\/span><\/p><p><span lang=\"EN-US\">S\u00e1nchez-Trujillo, M., Huete Garc\u00eda, M.A. &amp; Gonz\u00e1lez-Medina, M. (2024). Behind the budget: Analysing the factors driving sustainable urban development financing in Spain. Urban Research &amp; Practice.<\/span><\/p><p>Valle-Cruz, D., Sandoval-Almaz\u00e1n, R., L\u00f3pez-Chau, A., &amp; Criado, J. I. (2024). <span lang=\"EN-US\">Unveiling political polarization on Twitter: Machine learning and sentiment analysis in presidential elections. <\/span>JeDEM-eJournal of eDemocracy and Open Government, 16(1), 186-212.<\/p><p style=\"text-align: justify;\"><span lang=\"EN-US\">Villodre, J. (2024). A three-model approach to understand social media-mediated transparency in public administrations. International Review of Administrative Sciences.<\/span><\/p><p><a href=\"https:\/\/doi.org\/10.1080\/14719037.2023.2254310\" target=\"_blank\" rel=\"noopener\">Criado, J. I., Alcaide-Mu\u00f1oz, L., y Liarte, I. (2023). Two decades of public sector innovation: building an analytical framework from a systematic literature review of types, strategies, conditions, and results. Public Management Review.<\/a><\/p><p>Criado, J. I., Jim\u00e9nez Cid, C., &amp; Alcaide Mu\u00f1oz, L. (2023). Hacia la madurez de los portales de datos p\u00fablicos abiertos en el sector p\u00fablico. Un an\u00e1lisis comparado del nivel local de gobierno en Espa\u00f1a. <span lang=\"EN-US\">Revista del CLAD Reforma y Democracia, (85).<\/span><\/p><p><a href=\"https:\/\/doi.org\/10.60583\/gypp.v32i1.2152\" target=\"_blank\" rel=\"noopener\">De Graaf, G., y Anne-Marie R. (2023). Un estudio exploratorio sobre el impacto de las tradiciones administrativas en valores y conflictos de valores de los profesionales acad\u00e9micos holandeses y espa\u00f1oles. Gesti\u00f3n Y Pol\u00edtica P\u00fablica, 32(1), 69-97.<\/a><\/p><p><a href=\"https:\/\/e-revistas.uc3m.es\/index.php\/EUNOM\/article\/view\/8002\" target=\"_blank\" rel=\"noopener\">Gonz\u00e1lez Medina, M. (2023). Planificaci\u00f3n estrat\u00e9gica de ciudades. EUNOM\u00cdA. Revista En Cultura De La Legalidad, (25), 310-326.<\/a><\/p><p><a href=\"https:\/\/revistasonline.inap.es\/index.php\/GAPP\/article\/view\/11158\" target=\"_blank\" rel=\"noopener\">G\u00fcemes, C., P\u00e9rez Fern\u00e1ndez, D., y Lanzas Zotes, I. (2023). Infograf\u00edas cient\u00edficas en el aula universitaria. Dise\u00f1o, implementaci\u00f3n y resultados del proyecto \u201cVisual\u00edzalo\u201d. Gesti\u00f3n y An\u00e1lisis De Pol\u00edticas P\u00fablicas, (31), 71\u201395.\u00a0<\/a><\/p><div><p><a href=\"https:\/\/doi.org\/10.21308\/recp.61.02\" target=\"_blank\" rel=\"noopener\">Sevillano, A., Gonz\u00e1lez-Medina, M., &amp; Bouza, L. (2023). Redes de pol\u00edticas en el marco de la Agenda Urbana para la UE. La influencia de las coaliciones tem\u00e1ticas en la politizaci\u00f3n de la toma de decisiones a escala europea. Revista Espa\u00f1ola De Ciencia Pol\u00edtica, (61), 37\u201363.\u00a0<\/a><\/p><div><p><a href=\"https:\/\/doi.org\/10.1016\/j.giq.2021.101643\" target=\"_blank\" rel=\"noopener\">Criado, J. I., y Villodre, J. (2022). Revisiting social media institutionalization in government. An empirical analysis of barriers. Government information quarterly, 39(2), 101643.<\/a><\/p><p>Criado, J. I., y de Zarate-Alcarazo, L. O. (2022). <span lang=\"EN-US\">Technological frames, CIOs, and Artificial Intelligence in public administration: A socio-cognitive exploratory study in Spanish local governments. <\/span>Government Information Quarterly, 39(3), 101688.<\/p><p><a style=\"background-color: #ffffff;\" href=\"https:\/\/doi.org\/10.24965\/gapp.11065\" target=\"_blank\" rel=\"noopener\">Gonz\u00e1lez Medina, M. y Navarro, C. (2022). Capacidad institucional y contrataci\u00f3n p\u00fablica. Experiencias de aprendizaje organizativo informal en la\u00a0administraci\u00f3n local. Gesti\u00f3n y An\u00e1lisis de Pol\u00edticas P\u00fablicas, (29), 88-102.<\/a><\/p><p><a href=\"https:\/\/www.tandfonline.com\/doi\/full\/10.1080\/01900692.2022.2075383\" target=\"_blank\" rel=\"noopener\">Ruvalcaba-Gomez, E. A., Criado, J. I., y Sandoval-Almazan, R. (2022). Contrasting the Perception of Open Government among Public Officials: A Factor Analysis of Mexico and Spain. International Journal of Public Administration, 1-14.<\/a><\/p><p><a style=\"background-color: #ffffff;\" href=\"https:\/\/doi.org\/10.1108\/TG-08-2020-0242\" target=\"_blank\" rel=\"noopener\">Criado, J. I., y Guevara-G\u00f3mez, A. (2021). Public sector, open innovation, and collaborative governance in lockdown times. A research of Spanish cases during the COVID-19 crisis. Transforming Government: People, Process and Policy, 15(4), 612\u2013626.<\/a><\/p><p><a href=\"https:\/\/doi.org\/10.1080\/03003930.2020.1729750\" target=\"_blank\" rel=\"noopener\">Criado, J. I. y Villodre, J. (2021). Delivering public services through social media in European local governments. An interpretative framework using semantic algorithms. Local Government Studies, 47(2), 253-275. \u00a0<\/a><\/p><p><a style=\"background-color: #ffffff;\" href=\"https:\/\/doi.org\/10.3390\/su13105519\" target=\"_blank\" rel=\"noopener\">Garc\u00eda Pe\u00f1a, C., Gonz\u00e1lez Medina, M. y D\u00edaz Sarachaga, J. M. (2021). Assessment of the Governance Dimension in the Frame of the 2030 Agenda: Evidence from 100 Spanish Cities. Sustainability, 13, 5519.\u00a0<\/a><\/p><p><a style=\"background-color: #ffffff;\" href=\"https:\/\/content.iospress.com\/articles\/information-polity\/ip200299\" target=\"_blank\" rel=\"noopener\">Guevara-G\u00f3mez, A., de Z\u00e1rate-Alcarazo, L. O., y Criado, J. I. (2021). Feminist perspectives to artificial intelligence: Comparing the policy frames of the European Union and Spain. Information Polity, 26(2), 173-192.\u00a0\u00a0<\/a><\/p><p><a style=\"background-color: #ffffff; color: #443f3f; outline: 0px;\" href=\"https:\/\/doi.org\/10.29265\/gypp.v30i1.826\" target=\"_blank\" rel=\"noopener\">Parrado, S., y Reynaers, A. M. (2021). La gesti\u00f3n de los valores p\u00fablicos en asociaciones p\u00fablico-privadas concesionales. Gesti\u00f3n y pol\u00edtica p\u00fablica, 30(1), 163-196.<\/a><\/p><p><a href=\"https:\/\/doi.org\/10.24965\/gapp.i26.10845\" target=\"_blank\" rel=\"noopener\">Villodre, J. y Criado, J. I. (2021). Colaboraci\u00f3n entre administraciones p\u00fablicas y ciudadan\u00eda en Twitter durante la crisis del Covid-19 en Espa\u00f1a. Gesti\u00f3n Y An\u00e1lisis De Pol\u00edticas P\u00fablicas, 26, 81-91.\u00a0<\/a><\/p><div><p><a href=\"http:\/\/dx.doi.org\/10.3233\/IP-210316\" target=\"_blank\" rel=\"noopener\">Villodre, J., Criado, J. I., Meijer, A. y Liarte, I. (2021).\u00a0Organizational models for social media institutionalization: An exploratory analysis of Dutch local governments. Information Polity, 26(4), 355-373.\u00a0<\/a><\/p><\/div><div><p><a style=\"background-color: #ffffff;\" href=\"https:\/\/doi.org\/10.18042\/cepc\/rep.192.07\" target=\"_blank\" rel=\"noopener\">Villodre, J., Reynaers, A. M. y Criado, J. I. (2021). Transparencia externa y redes sociales. Los roles diferenciales de ministerios y organismos p\u00fablicos estatales en Twitter. Revista de Estudios Pol\u00edticos, 192, 191-220.<\/a><\/p><p><a style=\"background-color: #ffffff;\" href=\"https:\/\/doi.org\/10.1145\/3416089\" target=\"_blank\" rel=\"noopener\">Criado, J. I., Guevara-G\u00f3mez, A. y Villodre, J. (2020). Using Collaborative Technologies and Social Media to Engage Citizens and Governments during the COVID-19 Crisis. The Case of Spain. Digital Government: Research and Practice, 1(4).<\/a><\/p><p><a href=\"https:\/\/www.tandfonline.com\/doi\/full\/10.1080\/01900692.2020.1729181\" target=\"_blank\" rel=\"noopener\">Criado, J. Ignacio, Dias, Thiago, Sano, Hironobu, Silv\u00e1n, Aitor, and Isidro, Antonio. (2020). \u2018Public Innovation and Living Labs in Action: A Comparative Analysis in post-New Public Management Contexts\u2019. International Journal of Public Administration.<\/a><\/p><p><a href=\"https:\/\/revistes.udg.edu\/pedagogia_i_treball_social\/article\/view\/22395\" target=\"_blank\" rel=\"noopener\">G\u00fcemes, C; Resina, J. (2020) \u201cLa escucha como estrategia para cultivar confianza: la experiencia de Madrid\u201d, Pedagogia i Treball Social, Vol 9 N1.\u00a0<\/a><\/p><p><a href=\"https:\/\/doi.org\/10.1080\/10999922.2020.1715128\" target=\"_blank\" rel=\"noopener\">Paanakker, H. &amp; A. Reynaers (2020). Value Contextuality in Public Service Delivery: An analysis of street level craftsmanship and public\u2014private partnerships. Public Integrity.<\/a><\/p><p><a href=\"https:\/\/dialnet.unirioja.es\/servlet\/articulo?codigo=7485618\" target=\"_blank\" rel=\"noopener\">Rama, J.; Reynaers, A-M.; Navarro, C. y Gonz\u00e1lez Medina, M. (2020): Los servicios p\u00fablicos locales: calidad, externalizaci\u00f3n y control. Anuario de Derecho Municipal, 13, pp. 231-253 ISSN: 1888-7392<\/a><\/p><p><a href=\"https:\/\/revistas.usal.es\/index.php\/1130-2887\/article\/view\/alh.21156\" target=\"_blank\" rel=\"noopener\">Rodr\u00edguez-Pinz\u00f3n, E. M. y Rodrigues, T. (2020). \u00abMano Dura\u00bb y Democracia en Am\u00e9rica Latina: Seguridad P\u00fablica, Violencia y Estado de Derecho. \u00a0Am\u00e9rica Latina Hoy.<\/a><\/p><p><a href=\"https:\/\/journals.sagepub.com\/doi\/10.1177\/0952076720936349\" target=\"_blank\" rel=\"noopener\">Ruvalcaba, Edgar A., Criado, J. Ignacio, &amp; Gil-Garc\u00eda, J. Ramon (2020).\u00a0 Analyzing Open Government Policy Adoption through the Multiple Streams Framework: The Roles of Policy Entrepreneurs in the Case of Madrid. Public Policy and Administration.\u00a0<\/a><\/p><p><a href=\"https:\/\/doi.org\/10.1016\/j.giq.2020.101509\" target=\"_blank\" rel=\"noopener\">Valle-Cruz, D., Criado, J. I., Sandoval-Almaz\u00e1n, R. y Ruvalcaba, E. A. (2020). Assessing the Public Policy-Cycle Model in the Age of Artificial Intelligence. From Theory to Implementation\u2019. Government Information Quarterly.\u00a0<\/a><\/p><p><a href=\"https:\/\/doi.org\/10.1016\/j.giq.2020.101521\" target=\"_blank\" rel=\"noopener\">Villodre, J. y Criado, J. I. (2020). User roles for emergency management in social media: Understanding actors\u2019 behavior during the 2018 Majorca Island flash floods. Government Information Quarterly, 37 (4).<\/a><\/p><p><a href=\"https:\/\/doi.org\/10.20318\/eunomia.2020.5718\" target=\"_blank\" rel=\"noopener\">Villodre, J. (2020). Redes sociales (en las administraciones p\u00fablicas). Eunom\u00eda. Revista en Cultura de la Legalidad, 19, 375-390.<\/a><\/p><p><a href=\"https:\/\/doi.org\/10.1108\/IJPSM-07-2019-0178\" target=\"_blank\" rel=\"noopener\">Criado, J. I., Gil-Garc\u00eda, J. R. (2019). Creating Public Value through Smart Technologies. From Digital Services to Artificial Intelligence and Beyond. International Journal of Public Sector Management. 32(5), 438-450. \u00a0<\/a><\/p><div><p><a href=\"https:\/\/doi.org\/10.1080\/09654313.2019.1675601\" target=\"_blank\" rel=\"noopener\">Gonz\u00e1lez Medina, M. y M.A. Huete Garc\u00eda (2019): Real innovation in urban planning? Institutional capacity in the Integrated Sustainable Urban Development programmes. European Planning Studies.<\/a><\/p><\/div><div><p><a href=\"http:\/\/bibliotecadigital.fgv.br\/ojs\/index.php\/rap\/article\/view\/80033\" target=\"_blank\" rel=\"noopener\">G\u00fcemes, C; (2019) \u201cWish you were here\u201d confianza en la administraci\u00f3n p\u00fablica en Latinoam\u00e9rica, Revista de Administraci\u00f3n P\u00fablica, Vol 53: 6, 1067-1090<\/a><\/p><\/div><div><p><a href=\"https:\/\/doi.org\/10.1177\/0192512118779184\" target=\"_blank\" rel=\"noopener\">G\u00fcemes, C; Herreros, F. (2019) Education and trust: a tale of three continents. International Political Science Review (USA) Vol 40: 5, 676\u2013693<\/a><\/p><\/div><div><p><a href=\"https:\/\/onlinelibrary.wiley.com\/doi\/abs\/10.1111\/1467-8500.12377\" target=\"_blank\" rel=\"noopener\">G\u00fcemes, C; Resina, J. (2019) \u00ab\u2018Come together?\u2019 Citizens and civil servants dialogue and trust\u00bb, Australian Journal Public Administration. Vol 78: 2, 155-171<\/a><\/p><\/div><div><p><a href=\"http:\/\/dx.doi.org\/10.5565\/rev\/papers.2482\" target=\"_blank\" rel=\"noopener\">G\u00fcemes, C; Wences, I .(2019) \u201cComportamientos incumplidores, reflexiones sobre las emociones, motivos y contextos que hay detr\u00e1s y los posibles remedios pol\u00edticos\u201d. Revista Papers, Vol 104: 1, 77-99<\/a>\u00a0<\/p><\/div><div><p><a href=\"https:\/\/doi.org\/10.1177%2F0020852319864161\" target=\"_blank\" rel=\"noopener\">Parrado, S. &amp; A. Reynaers. (2019) \u201cPublic-Private Partnerships: Procedural- Over Results-Driven Accountability\u201d International Review of Administrative Sciences.<\/a><\/p><\/div><div><p><a href=\"http:\/\/dx.doi.org\/10.5565\/rev\/papers.2532\" target=\"_blank\" rel=\"noopener\">Rama, J. &amp; A. Reynaers. (2019) \u201cNuevos Partidos en los Pa\u00edses Bajos y Espa\u00f1a: \u00bfQu\u00e9 factores explican su surgimiento?\u201d Papers. Revista de Sociolog\u00eda.<\/a><\/p><\/div><div><a href=\"http:\/\/www.revistadegestionpublica.cl\/index.php\/rgp\/article\/view\/121\/102\" target=\"_blank\" rel=\"noopener\">Resina, J.; G\u00fcemes, C. (2019) \u201cInstituciones abiertas y creaci\u00f3n de confianza: experiencias desde Espa\u00f1a\u201d, Revista Gesti\u00f3n P\u00fablica, Vol VIII, N\u00ba 1, Enero-Junio 2019, 43-70.\u00a0<\/a><\/div><div>\u00a0<\/div><div><p><a href=\"https:\/\/doi.org\/10.20318\/eunomia.2019.5036\" target=\"_blank\" rel=\"noopener\">Villodre, J. (2019). Innovaci\u00f3n P\u00fablica Abierta. Eunom\u00eda. Revista en Cultura de la Legalidad, 17, 314-327.<\/a><\/p><p>Brugu\u00e9, Q; Feu, J; G\u00fcemes, C (2018) \u201cDel fallo al colapso de las pol\u00edticas p\u00fablicas: una cuesti\u00f3n de confianza\u00a0<a href=\"https:\/\/revistas.ufpr.br\/rsp\/article\/view\/62944\/36882\" target=\"_blank\" rel=\"noopener\">democr\u00e1tica\u201d Revista de Sociolog\u00eda e Pol\u00edtica (Brazil), Vol 26 N 67 pp 129-152 septiembre\u00a0<\/a><\/p><\/div><p><a href=\"https:\/\/doi.org\/10.24965\/gapp.v0i20.10487\" target=\"_blank\" rel=\"noopener\">Casado, V., Huete, M.A., Merinero, R. y Gonz\u00e1lez, M. (2018): El proceso de desarrollo de la capacidad institucional de la administraci\u00f3n municipal en el marco de la Iniciativa Urbana (2007-2013). Revista Gesti\u00f3n y An\u00e1lisis de Pol\u00edticas P\u00fablicas, 20.<\/a><\/p><p><a href=\"https:\/\/doi.org\/10.3145\/epi.2018.may.14\" target=\"_blank\" rel=\"noopener\">Criado, J. I. y Villodre, J. (2018). Comunicando datos masivos del sector p\u00fablico local en redes sociales. An\u00e1lisis de sentimiento en Twitter. Profesional de la Informaci\u00f3n, 27(3), 614-623.<\/a><\/p><p><a href=\"https:\/\/doi.org\/10.5210\/fm.v23i4.8348\" target=\"_blank\" rel=\"noopener\">Criado, J. I. y Villodre, J. (2018). Public employees in social media communities: Exploring factors for internal collaboration using social network analysis. First Monday, 23 (4).<\/a><\/p><p><a href=\"https:\/\/tecnologia-ciencia-educacion.com\/judima\/index.php\/TCE\/article\/view\/225\" target=\"_blank\" rel=\"noopener\">Criado, J. I., Pastor, V. y Villodre, J. (2018). Internet y discapacidad. Un an\u00e1lisis de las oportunidades y de los desaf\u00edos de las redes sociales digitales en el \u00e1mbito de la discapacidad. Tecnolog\u00eda, Ciencia y Educaci\u00f3n, 11 (septiembre-diciembre), 99-117.\u00a0<\/a><\/p><p><a href=\"https:\/\/doi.org\/10.4018\/IJEGR.2018010101\" target=\"_blank\" rel=\"noopener\">Criado, J. Ignacio, &amp; Ruvalcaba, Edgar A. (2018). \u201cPerception of City Managers about Open Government Policies: Concepts, Development, and Implementation in the Local Level of Government in Spain\u201d. International Journal of Electronic Government Research, 14(1), 1-22.\u00a0<\/a><\/p><p><a href=\"https:\/\/drive.google.com\/file\/d\/1MwfyOAkN8-9_wsHxo7nRTpc33IT6vU5a\/view\" target=\"_blank\" rel=\"noopener\">G\u00fcemes, C. (2018) \u201c\u00bfQu\u00e9 ves\u2026qu\u00e9 ves cuando me ves?\u201d Confianza Institucional y Gobierno Abierto. Revista Espa\u00f1ola de Transparencia #RET N\u00ba 6. Primer Semestre<\/a>.<\/p><p><a href=\"https:\/\/doi.org\/10.20318\/eunomia.2018.4353\" target=\"_blank\" rel=\"noopener\">G\u00fcemes, C. (2018) Confianza en la Administraci\u00f3n P\u00fablica, Revista Eunom\u00eda, Revista en Cultura de la Legalidad N\u00ba 15 (Octubre 2018 \u2013 Marzo 2019)<\/a><\/p><p><a href=\"https:\/\/revistainternacionaltransparencia.org\/wp-content\/uploads\/2018\/04\/cecilia_guemes.pdf\" target=\"_blank\" rel=\"noopener\">G\u00fcemes, C. (2018) La corrupci\u00f3n y la (des) confianza como normas sociales. Cambio de enfoque, nuevas perspectivas. Revista Internacional de Transparencia e Integridad (R.I.T.I.) n\u00ba 6 Enero-Abril 2018<\/a><\/p><p><a href=\"https:\/\/doi.org\/10.1177%2F0020852318785024\" target=\"_blank\" rel=\"noopener\">Parrado, S. &amp; A. Reynaers. (2018) \u201cAgents Never Became Stewards: Explaining the Lack of Innovation in Public\u00ad\u2013\u2013Private Partnerships\u201d. International Review of Administrative Sciences.<\/a><\/p><p><a href=\"https:\/\/e-revistas.uc3m.es\/index.php\/EUNOM\/article\/view\/4159\" target=\"_blank\" rel=\"noopener\">Rodr\u00edguez-Pinz\u00f3n, E. M. (2018).\u00a0Sustituci\u00f3n de cultivos il\u00edcitos y cultura de la legalidad en Colombia. Eunom\u00eda. Revista en Cultura de la Legalidad, 14.<\/a><\/p><p><a href=\"https:\/\/doi.org\/10.1108\/IJPSM-03-2016-0053\" target=\"_blank\" rel=\"noopener\">Criado, J. Ignacio, Rojas, Francisco, &amp; Gil-Garc\u00eda, J. Ramon. (2017). Enacting Social Media Success in Local Public\u00a0Administration. An Empirical Analysis of Organizational, Institutional, and Contextual Factors. International Journal of Public Sector Management. 30(1):31-47.<\/a><\/p><div><div><a href=\"https:\/\/doi.org\/10.1080\/13260219.2017.1298825\" target=\"_blank\" rel=\"noopener\">G\u00fcemes, C. (2017) \u201cNeoliberal Welfare Policies Reforms and Trust: Connecting the Dots.\u201d Journal of Iberian and Latin American Research 23:1, 18-33,<\/a><\/div><div>\u00a0<\/div><div><a href=\"http:\/\/old.clad.org\/portal\/publicaciones-del-clad\/revista-clad-reforma-democracia\/articulos\/068-junio-2017\/Guemes.pdf\" target=\"_blank\" rel=\"noopener\">G\u00fcemes, C. (2017) \u201cNudge en Am\u00e9rica Latina? Incidir en comportamiento individual, obtener resultados colectivos\u201d, \u00a0Reforma y Democracia, 68, Junio 2017; pp: 43-74.<\/a><\/div><div>\u00a0<\/div><div><a href=\"https:\/\/doi.org\/10.1111\/1467-8500.12254\" target=\"_blank\" rel=\"noopener\">Reynaers, A. &amp; Z. Van der Wal. (2017) \u201cDo partners in PPPs view public and private management differently? Re-examining Boyne\u2019s Hypotheses in the context of collaboration\u201d, Australian Journal of Public Administration.<\/a><\/div><div>\u00a0<\/div><\/div><p><a href=\"https:\/\/doi.org\/10.18042\/cepc\/rep.173.07\" target=\"_blank\" rel=\"noopener\">Criado, J. Ignacio. (2016). \u201cPublic Administration in the Age of the Open Government. Smart Governance for a Paradigm Shift in Public Management\u201d. (In Spanish) \u201cLas administraciones p\u00fablicas en la era del gobierno abierto. Gobernanza Inteligente para un Cambio de Paradigma en la Gesti\u00f3n P\u00fablica\u201d. Revista de Estudios Pol\u00edticos, 173, 245-275.<\/a><\/p><p><a href=\"http:\/\/e-revistas.uc3m.es\/index.php\/EUNOM\/article\/view\/3053\" target=\"_blank\" rel=\"noopener\">G\u00fcemes C. (2016). Confianza. Revista Eunom\u00eda, Revista en Cultura de la Legalidad. N\u00ba10, marzo \u2013 agosto 2016, pp. 132-142, ISSN 2253-6655.<\/a><\/p><p><a href=\"https:\/\/www.jstor.org\/stable\/pdf\/44136815.pdf?seq=1\" target=\"_blank\" rel=\"noopener\">Reynaers, A. (2016). El futuro de la gesti\u00f3n p\u00fablica en Europa. Cuadernos de Pensamiento Pol\u00edtico, 50(April). ISSN: 1696-8441.<\/a><\/p><p><a href=\"http:\/\/doi.org\/10.1080\/01900692.2015.1028637\" target=\"_blank\" rel=\"noopener\">Reynaers, A. &amp; H. Paanakker. (2016) \u201cTo privatize or not? Addressing Public Values in a semi-privatized Prison System\u201d, International Journal of Public Administration, 39(1) 6-14.<\/a><\/p><p><a href=\"https:\/\/doi.org\/10.1111\/rego.12121\" target=\"_blank\" rel=\"noopener\">Reynaers, A. &amp; S. Parrado. (2016) \u201cResponsive Regulation in Public-Private Partnerships: between Deterrence and Persuasion\u201d Regulation and Governance.<\/a><\/p><p><a href=\"http:\/\/www.uacm.edu.mx\/Portals\/18\/num30\/003_Dossier1.pdf\" target=\"_blank\" rel=\"noopener\">Wences, I; G\u00fcemes, C. (2016) \u201cDemocracia republicana y confianza en Am\u00e9rica latina: la esperanza que no llega, que no alcanza\u201d. Andamios, Revista de Investigaci\u00f3n social, Universidad Aut\u00f3noma de la Ciudad de M\u00e9xico.Vol 13, N\u00ba 30, enero-abril de 2016.<\/a><\/p><p><a href=\"https:\/\/doi.org\/10.24965\/gapp.v0i12.10212\" target=\"_blank\" rel=\"noopener\">G\u00fcemes, C. Hern\u00e1ndez-Bonivento, J (2015) \u201cConfianza, \u00a0instituciones informales y pol\u00edticas p\u00fablicas, una compleja relaci\u00f3n pendular\u201d. Revista Gesti\u00f3n y An\u00e1lisis de Pol\u00edticas P\u00fablicas-GAPP.N\u00ba 12 2015<\/a><\/p><p><a href=\"https:\/\/revistas.uam.es\/revistajuridica\/article\/view\/6442\" target=\"_blank\" rel=\"noopener\">Herranz, C. (2015). G\u00e9nero, inmigraci\u00f3n y discriminaci\u00f3n m\u00faltiple: Un enfoque interseccional de las pol\u00edticas p\u00fablicas espa\u00f1olas. Revista Jur\u00eddica de la Universidad Aut\u00f3noma de Madrid (32), 239-247.<\/a><\/p><p><a href=\"https:\/\/research.vu.nl\/en\/publications\/public-water-in-private-hands-a-case-study-on-the-safeguarding-of\" target=\"_blank\" rel=\"noopener\">Reynaers, A. \u00a0(2015). Public Water in Private Hands: A case study on the safeguarding of public values in the first DBFMO in the Dutch water sector. International Journal of Water Governance, 2(2015) 1-16.<\/a><\/p><p><a href=\"https:\/\/doi.org\/10.1080\/03003930.2015.1041771\" target=\"_blank\" rel=\"noopener\">Reynaers, A. (2015). Public Service Values. Local Government Studies, 41(4) 648-650.<\/a><\/p><p><a href=\"https:\/\/doi.org\/10.1111\/padm.12142\" target=\"_blank\" rel=\"noopener\">Reynaers, A. &amp; S. Grimmelikhuijsen. (2015) \u201cExplaining transparency in Public-Private Partnerships. Not so bad after all?\u201d Public Administration, 93 (3), 609-626.<\/a><\/p><p><a href=\"https:\/\/doi.org\/10.1111\/puar.12137\" target=\"_blank\" rel=\"noopener\">Reynaers, A. (2014). Public Values in Public Private-Partnerships. Public Administration Review, 74(1) 41-50.<\/a><\/p><p><a href=\"https:\/\/doi.org\/10.1080\/01900692.2013.836665\" target=\"_blank\" rel=\"noopener\">Reynaers, A. &amp; G. de Graaf. (2014). Public Values in Public-Private Partnerships. International Journal of Public Administration, 37(2) 120-128.<\/a><\/p><p><a href=\"http:\/\/www.scielo.org.mx\/pdf\/gpp\/v22nspe\/v22nspea1.pdf\" target=\"_blank\" rel=\"noopener\">Criado, J. Ignacio &amp; Gil-Garc\u00eda, J. Ramon. (2013). \u00abElectronic Government, Public Policy and Management\u00bb (in Spanish) \u00abGobierno Electr\u00f3nico, Gesti\u00f3n y Pol\u00edticas P\u00fablicas\u00bb. Gesti\u00f3n y Pol\u00edtica P\u00fablica, 3-48. ISSN-e: 1405-1079.\u00a0<\/a><\/p><p><a href=\"https:\/\/doi.org\/10.1016\/j.giq.2013.10.003\" target=\"_blank\" rel=\"noopener\">Criado, J. Ignacio, Sandoval-Almaz\u00e1n, Rodrigo &amp; Gil-Garc\u00eda, Ram\u00f3n. (2013) \u00abGovernment Innovation in Government using Social Media\u00bb. Government Information Quarterly. 30(4):319-326.<\/a><\/p><p><a href=\"https:\/\/recyt.fecyt.es\/index.php\/CyTET\/article\/view\/76227\" target=\"_blank\" rel=\"noopener\">Gonz\u00e1lez Medina, M. (2013): \u201cProcesos metropolitanos y planificaci\u00f3n estrat\u00e9gica en Europa: un enfoque de gobernanza territorial\u201d, Ciudad y Territorio. Estudios Territoriales, 177, 487-499.<\/a><\/p><p><a href=\"https:\/\/dialnet.unirioja.es\/descarga\/articulo\/4527787.pdf\" target=\"_blank\" rel=\"noopener\">Gonz\u00e1lez Medina, M.; Bouzas Lorenzo, R.; X. Mahou Lago (2013): \u201cEl impacto de la producci\u00f3n normativa en el desarrollo y la capacidad de servicio de la e-salud en Espa\u00f1a\u201d, Revista de Estudios Pol\u00edticos, 162, 199-222 ISSN 0048-7696<\/a><\/p><p><a href=\"https:\/\/research.vu.nl\/ws\/portalfiles\/portal\/824705\/Panorama+Social.pdf\" target=\"_blank\" rel=\"noopener\">Reynaers, A. (2013) \u201cConsenso y esfuerzo colectivo como fundamentos de la cultura pol\u00edtica holandesa\u201d, Panorama Social, 17, 63-68.<\/a><\/p><p><a href=\"https:\/\/recyt.fecyt.es\/index.php\/RevEsPol\/article\/view\/40053\" target=\"_blank\" rel=\"noopener\">Criado, J. Ignacio &amp; Roberto Garc\u00eda Alonso. (2012). Democracy 2.0? An analysis of the deliberative potential of the political blogosphere. (in Spanish). \u00bfDemocracia 2.0? Un An\u00e1lisis del Potencial Deliberativo de la Blogosfera P\u00fablica. Revista de Estudios Pol\u00edticos 155: 71-99.\u00a0<\/a><\/p><p><a href=\"https:\/\/doi.org\/10.1177\/0894439310392189\" target=\"_blank\" rel=\"noopener\">Criado, J. Ignacio. (2012). \u2018Interoperability of Electronic Government for Building Intergovernmental Integration in the European Union\u2019. Social Science Computer Review 30(1): 37-60.\u00a0<\/a><\/p><p><a href=\"https:\/\/doi.org\/10.24965\/gapp.v0i7.9881\" target=\"_blank\" rel=\"noopener\">Gonz\u00e1lez Medina, M.; Fentanes Fortes, R., Murillo Gorozarri, B.; C. Voces L\u00f3pez (2012): \u201cCalidad y nuevas tecnolog\u00edas como ejes del proceso de modernizaci\u00f3n de la Administraci\u00f3n p\u00fablica: el enfoque integrado de la Escuela Gallega de Administraci\u00f3n P\u00fablica\u201d, Revista Gesti\u00f3n y An\u00e1lisis de Pol\u00edticas P\u00fablicas, 7, 91-124.<\/a><\/p><p><a href=\"https:\/\/doi.org\/10.1109\/TLA.2011.6129711\" target=\"_blank\" rel=\"noopener\">Criado, J. Ignacio, M. Gasc\u00f3 y C. Jim\u00e9nez. \u00a0(2011). \u2018Technological e-Government Interoperability. An Analysis of IberoAmerican Coutries\u2019. IEEE Latin America Transactions 9(7): 1112-1117.<\/a><\/p><p><a href=\"http:\/\/old.clad.org\/portal\/publicaciones-del-clad\/revista-clad-reforma-democracia\/articulos\/050-junio-2011\/Interoperabilidad-de-Gobierno-electronico-en-Iberoamerica-Estudio-comparativo-y-recomendaciones-de-futuro\" target=\"_blank\" rel=\"noopener\">Criado, J. Ignacio, M. Gasc\u00f3 y C. Jim\u00e9nez. (2011). Interoperabilidad de Gobierno electr\u00f3nico en Iberoam\u00e9rica. Estudio Comparativo y Recomendaciones de Futuro\u2019. Reforma y Democracia 50:77-104.<\/a><\/p><p>Graaf, de G., D. Van Doeveren, A. Reynaers &amp; Z. van der Wal. (2011) \u201cGoed Bestuur als management van spanningen tussen verschillende publieke waarden\u201d, Themanummer Bestuurskunde (2) 5-11.<\/p><p><a href=\"https:\/\/www.inderscience.com\/info\/inarticle.php?artid=38608\" target=\"_blank\" rel=\"noopener\">Criado, J. Ignacio &amp; Guadalupe Mart\u00ednez. (2010). \u2018Political Blogs for Local Election Campaigning in Spain\u2019. International Journal of Electronic Governance 3(4): 395-413.\u00a0<\/a><\/p><p>Murillo Gorozarri, B.; Gonz\u00e1lez Medina, M.; R. Fentanes Fortes (2010): \u201cImagen y confianza en los funcionarios: valoraciones de los ciudadanos gallegos\u201d, Administraci\u00f3n &amp; Cidadan\u00eda, 5(2), 27-45.<\/p><p><a href=\"https:\/\/dl.acm.org\/doi\/10.5555\/1834649.1834657\" target=\"_blank\" rel=\"noopener\">Criado, J. Ignacio. (2009). Europeanization of eGovernment Policy. Institutional Mechanisms and Implications for Public Sector Innovation. Information Polity, 14(4): 315-330.<\/a><\/p><\/div><\/div><\/div><\/div>\n\t\t\t\t\t\t\t\t\t<div class=\"elementor-tab-title elementor-tab-mobile-title\" aria-selected=\"false\" data-tab=\"2\" role=\"tab\" tabindex=\"-1\" aria-controls=\"elementor-tab-content-6282\" aria-expanded=\"false\">Books and book chapters<\/div>\n\t\t\t\t\t<div id=\"elementor-tab-content-6282\" class=\"elementor-tab-content elementor-clearfix\" data-tab=\"2\" role=\"tabpanel\" aria-labelledby=\"elementor-tab-title-6282\" tabindex=\"0\" hidden=\"hidden\"><p class=\"MsoNormal\">Gonz\u00e1lez Medina, M., Bouza Garc\u00eda, L. &amp; De Gregorio Hurtado, S. (coord.). (2024). Enredando en el barrio de la Ermita del Santo. Planificaci\u00f3n participativa para el desarrollo sostenible. <span lang=\"EN-US\">Universidad Aut\u00f3noma de Madrid.<\/span><\/p><p class=\"MsoNormal\">Gonz\u00e1lez-Medina, M. &amp; De Gregorio Hurtado, S. (2024). <span lang=\"EN-US\">Metropolitan Governance in Madrid: Institutionalization and Models from a Policy Perspective. In Feria-Toribio, J.M., Iglesias-Pascual, R., Benassi, F. (eds), Socio-Spatial Dynamics in Mediterranean Europe. Spatial Demography Book Series, vol3.\u00a0<\/span>Springer, Cham, pp. 307-328.\u00a0<\/p><p>De Gregorio Hurtado, S., Gelli, F. y Gonz\u00e1lez-Medina, M. (2023). <span lang=\"EN-US\">The territorialization of the 2030 Agenda and the evolving policy\u00a0<\/span><a href=\"https:\/\/link.springer.com\/chapter\/10.1007\/978-3-031-38473-8_8\" target=\"_blank\" rel=\"noopener\">framework for sustainable development in Italy. The case of the metropolitan city of Turin. En M.A. Huete Garc\u00eda; A. Rodr\u00edguez Garc\u00eda; V. Ugalde y R: Merinero Rodr\u00edguez. Urban Policy in the Framework of the 2030 Agenda: Balance and Perspectives from Latin America and Europe. Springer.\u00a0<\/a><\/p><p><a href=\"https:\/\/editorial.tirant.com\/es\/libro\/metropolis-sin-gobierno-la-anomalia-espanola-en-europa-mariona-tomas-9788419632272\" target=\"_blank\" rel=\"noopener\">Gonz\u00e1lez-Medina, M. y de Gregorio Hurtado, S. (2023). El \u00e1rea metropolitana de Madrid: Un caso singular de (des)institucionalizaci\u00f3n. En M. Tom\u00e0s, Metr\u00f3polis sin gobierno. La anomal\u00eda espa\u00f1ola. Tirant lo Blanch.\u00a0<\/a><\/p><div><p><a href=\"https:\/\/rb.gy\/9uyqqw\" target=\"_blank\" rel=\"noopener\">G\u00fcemes, C. (2023). Pr\u00e1cticas innovadoras para combatir la despoblaci\u00f3n: laboratorios ciudadanos en el mundo rural. En C. Navarro, A. R. Ruiz Pulp\u00f3n y F. Velasco; Despoblaci\u00f3n, territorio y gobiernos locales. Madrid: Marcial Pons, pp. 297-315.\u00a0 \u00a0<\/a><\/p><div><p><a href=\"https:\/\/www.libreriavirtuali.com\/inicio\/GOBERNANZA-Y-ADMINISTRACIONES-TERRITORIALES-PARA-LA-PR%C3%93XIMA-GENERACI%C3%93N-EBOOK-p590277470\" target=\"_blank\" rel=\"noopener\">Navarro, C. y Gonz\u00e1lez Medina, M. (2023). Capacidad institucional para la absorci\u00f3n de los fondos europeos en los municipios.\u00a0 En J. Hern\u00e1ndez Moreno y C. Ares Castro-Conde, Gobernanza y Administraciones territoriales para la pr\u00f3xima generaci\u00f3n. Instituto Nacional de Administraci\u00f3n P\u00fablica.<\/a><\/p><p><a style=\"color: #443f3f; outline: 0px;\" href=\"https:\/\/link.springer.com\/book\/10.1007\/978-3-030-90769-3\" target=\"_blank\" rel=\"noopener\">Reynaers, A. The safeguarding of public values in public-private partnerships: An empirical research approach. In G. Espedal, B. J. L\u00f8vaas, S. Sirris, A. W\u00e6raas, Researching values. Methodological approaches in understanding values work in leadership and organizations. Palgrave Macmillan.\u00a0 \u00a0<\/a><\/p><p>Gonz\u00e1lez Medina, M. y S. De Gregorio Hurtado (2022). Analysis of the Spanish Urban Agenda from a Policy Transfer Perspective. <span lang=\"EN-US\">Advancing to More Resilient Post-COVID Urban Areas. En F. Gelli, y M. Basso, Identifying Models of National Urban Agendas. A View to the Global Transition. Palgrave MacMillan.\u00a0<\/span><\/p><p><a style=\"background-color: #ffffff;\" href=\"https:\/\/www.lajuridica.es\/politicas-urbanas-y-localizacion-de-los-objetivos-de-desarrollo-sostenible-9788413972350\/\" target=\"_blank\" rel=\"noopener\">Alonso Ib\u00e1\u00f1ez, M. R., Gonz\u00e1lez Medina, M. y De Gregorio Hurtado, S. (2021). Pol\u00edticas urbanas y localizaci\u00f3n de los ODS: Teor\u00eda y Pr\u00e1ctica. Valencia: Editorial Tirant lo Blanch.<\/a><\/p><p><a style=\"background-color: #ffffff;\" href=\"https:\/\/www.libreriavirtuali.com\/inicio\/La-externalizaci%C3%B3n-de-servicios-p%C3%BAblicos-a-nivel-local-p319007703\" target=\"_blank\" rel=\"noopener\">Reynaers, A., Navarro, C., Gonz\u00e1lez Medina, M. y J. Rama (2021): La externalizaci\u00f3n de servicios p\u00fablicos a nivel local. Experiencias, competencias y desaf\u00edos de la gesti\u00f3n de los contratos. Madrid: Instituto Nacional de Administraci\u00f3n P\u00fablica.<\/a><\/p><p><a style=\"background-color: #ffffff;\" href=\"https:\/\/www.editorialreus.es\/libros\/las-agendas-urbanas-y-el-gobierno-de-las-ciudades\/9788429023589\/\" target=\"_blank\" rel=\"noopener\">Alonso Ib\u00e1\u00f1ez, M.R., De Gregorio Hurtado, S. y Gonz\u00e1lez Medina, M. (coord.) (2020). Las Agendas urbanas y el gobierno de las ciudades: Transformaciones, desaf\u00edos e instrumentos. Madrid: Editorial Reus.<\/a><\/p><p><a style=\"background-color: #ffffff;\" href=\"https:\/\/dialnet.unirioja.es\/servlet\/libro?codigo=784299\" target=\"_blank\" rel=\"noopener\">Gonz\u00e1lez Medina, M. (2020). La evaluaci\u00f3n de los ODS en las universidades: Herramienta de seguimiento para grupos de investigaci\u00f3n. En G\u00e1zquez Linares, J.J., Molero Jurado, M.M, Martos Mart\u00ednez, A., Barrag\u00e1n Mart\u00edn, A.B., Sim\u00f3n M\u00e1rquez, M.M., Sisto, M., Del Pino Salvador, R.M., Tortosa Mart\u00ednez, B.M.\u00a0Innovaci\u00f3n Docente e Investigaci\u00f3n en Ciencias Sociales, Econ\u00f3micas, y Jur\u00eddicas. Avanzando en el proceso de ense\u00f1anza-aprendizaje. Madrid: Editorial Dykinson, pp. 1019-1032.\u00a0<\/a><\/p><p><a style=\"background-color: #ffffff;\" href=\"http:\/\/springer.iq-technikum.de\/referenceworkentry\/10.1007\/978-3-319-31816-5_3955-1\" target=\"_blank\" rel=\"noopener\">Criado J. I., Dias T.F., Sano H. (2020). I-Labs and Public Administration: Public Innovation and the Future of Public Sector. En A. Farazmand, Global Encyclopedia of Public Administration, Public Policy, and Governance. Springer.<\/a><\/p><p>G\u00fcemes, C; Resina, J. (2020). Procesos colaborativos, creando confianza en y desde la administraci\u00f3n p\u00fablica. En B. Aldeguer, y G. Pastor, Democracia, Gobierno y Administraci\u00f3n P\u00fablica Contempor\u00e1nea. Editorial Tecnos.<\/p><p>Rama, J. &amp; A. Reynaers &amp; C. Navarro &amp; M. Gonz\u00e1lez. (2020). Los servicios p\u00fablicos locales: calidad, externalizaci\u00f3n y control. Anuario de Derecho Municipal 2019, ed. P. Velasco. Instituto de Derecho Local, Universidad Aut\u00f3noma de Madrid. Marcial Pons, Ediciones Jur\u00eddicas y Sociales. 231-253.<\/p><p>Rodr\u00edguez-Pinz\u00f3n, E. (2020). La teor\u00eda de la Desecuritizaci\u00f3n posibilidades y desaf\u00edos. En Verdes-Montenegro; y Sanahuja. 100 a\u00f1os de Relaciones Internacionales: una mirada reflexiva.<\/p><div><div><a href=\"https:\/\/www.funcas.es\/publicaciones_new\/Sumario.aspx?IdRef=9-08024\" target=\"_blank\" rel=\"noopener\">Chuli\u00e1, E., M. Miyar, J. Mu\u00f1oz, A. Reynaers &amp; P. Perard. (2019). M\u00e1s all\u00e1 de los negocios Miradas y visiones de empresarios sobre la econom\u00eda, la sociedad y la pol\u00edtica. FUNCAS.<\/a><\/div><div>\u00a0<\/div><div><a href=\"https:\/\/doi.org\/10.1007\/978-3-030-03008-7_46-1\" target=\"_blank\" rel=\"noopener\">Criado, J. I., Herranz, C. y Villodre, J. (2019). \u201cInformal Virtual Learning in the Public Sector: Educating Public Servants in Digital Social Innovation Environments\u201d. En Sullivan H., Dickinson H. y Henderson H. (eds.) (2019). The Palgrave Handbook of the Public Servant. Palgrave Macmillan, Cham.<\/a><\/div><div>\u00a0<\/div><div><a href=\"https:\/\/eurosocial.eu\/wp-content\/uploads\/2019\/04\/07_tejiendo-confianzafinal.pdf\" target=\"_blank\" rel=\"noopener\">Gonz\u00e1lez Fuentes, S; G\u00fcemes, C; (2019) \u201cConfianza y Gobernanza: una relaci\u00f3n potencialmente fruct\u00edfera para la cohesi\u00f3n social\u201d En VV AA Tejiendo confianza para la cohesi\u00f3n social:una mirada a la confianza en Am\u00e9rica Latina, N\u00ba 7. Programa Eurosocial, pp 61-77.<\/a><\/div><div>\u00a0<\/div><div><a href=\"https:\/\/eurosocial.eu\/wp-content\/uploads\/2019\/04\/07_tejiendo-confianzafinal.pdf\" target=\"_blank\" rel=\"noopener\">G\u00fcemes, C. (2019). Marco conceptual: confianza y cohesi\u00f3n social. En VV AA Tejiendo confianza para la cohesi\u00f3n social: una mirada a la confianza en Am\u00e9rica Latina, N\u00ba 7. Programa Eurosocial, pp 7-29.<\/a><\/div><div>\u00a0<\/div><div>Navarro, C. y M. Gonz\u00e1lez Medina (2019). Evoluci\u00f3n de las capacidades de los gobiernos locales en Espa\u00f1a: 1990-2015. En E. J. Grin, E. Completa, A. P. Carrera Hern\u00e1ndez, y F.l. Abrucio, Capacidades estatales en gobiernos locales iberoamericanos &#8211; actualidad, brechas y perspectivas. S\u00e3o Paulo: FGV Editora, pp. 197-225.<\/div><div>\u00a0<\/div><div>Paanakker, H. y A. Reynaers (2019). Good Governance in public service delivery: Explaining value contextuality in street level craftsmanship and public\u2014private partnerships. En G. De Graaf, It is all about integrity, stupid. Eleven International Publishing. 135-144.<\/div><div>\u00a0<\/div><div><a href=\"https:\/\/link.springer.com\/chapter\/10.1007\/978-3-030-21522-4_7\" target=\"_blank\" rel=\"noopener\">Reynaers. A. (2019). Mission impossible for effectiveness? Service quality in public-private partnerships.\u00a0 En\u00a0<\/a>H.\u00a0<a style=\"background-color: #ffffff; color: #443f3f; outline: 0px;\" href=\"https:\/\/link.springer.com\/chapter\/10.1007\/978-3-030-21522-4_7\" target=\"_blank\" rel=\"noopener\">Paanakker, A. Masters, y L. Huberts<\/a>,\u00a0<a href=\"https:\/\/link.springer.com\/chapter\/10.1007\/978-3-030-21522-4_7\" target=\"_blank\" rel=\"noopener\">Quality of governance: Values and violations. Palgrave Macmillan.\u00a0<\/a><\/div><div>\u00a0<\/div><\/div><div><div><a href=\"https:\/\/doi.org\/10.1007\/978-3-319-73386-9_1\" target=\"_blank\" rel=\"noopener\">Criado, J. I., Pastor, V. y Villodre, J. (2018). \u201cMeasuring Social Media Diffusion in Local Governments from a Longitudinal Perspective: Adoption, Barriers, and Perceptions\u201d. En Sobaci, M. H. y Hatipoglu, I. (eds.) (2018). Sub-National Democracy and Politics Through Social Media. New York: Springer, 3-27.<\/a><\/div><div>\u00a0<\/div><div><a href=\"http:\/\/libreria.cis.es\/libros\/ciudadanos-y-democracia-representativa-una-relacion-conflictiva-analisis-de-la-desconfianza-en-las-instituciones-en-espana\/9788474767865\/\" target=\"_blank\" rel=\"noopener\">De Marco, S; Ganuza, E.; \u00a0G\u00fcemes, C.; Robles Morales,J.; Garc\u00eda Esp\u00edn; P. (2018) Ciudadanos y Democracia representativa: \u00bfUna relaci\u00f3n conflictiva? Analisis de la desconfianza en las instituciones en Espa\u00f1a. Centro de Investigaciones Sociol\u00f3gicas CIS, Colecci\u00f3n \u00abOpiniones y Actitudes\u00bb Num. 75, Madrid,\u00a0<\/a><\/div><div>\u00a0<\/div><div>G\u00fcemes, C; Resina, J.(2018) \u201cParticipaci\u00f3n ciudadana y confianza, un ejercicio de alquimia democr\u00e1tica\u201d En En Cecilia G\u00fcemes, Jorge Resina y C\u00e9sar Cruz-Rubio (eds.) Participaci\u00f3n ciudadana: experiencias inspiradoras en Espa\u00f1a, Centro de Estudios Pol\u00edticos y Constitucionales, Madrid pp. 73-84<\/div><div>\u00a0<\/div><div><a href=\"http:\/\/www.cepc.gob.es\/publicaciones\/libros\/colecciones?IDP=2738\" target=\"_blank\" rel=\"noopener\">G\u00fcemes, Cecilia Jorge Resina y C\u00e9sar Cruz-Rubio (eds) (2018) Participaci\u00f3n ciudadana: experiencias inspiradoras en Espa\u00f1a, Centro de Estudios Pol\u00edticos y Constitucionales, Madrid.<\/a><\/div><div>\u00a0<\/div><div><a href=\"https:\/\/link.springer.com\/referenceworkentry\/10.1007%2F978-3-319-20928-9_1334\" target=\"_blank\" rel=\"noopener\">Reynaers, A. \u201cPrivatization and Public Management\u201d (2018), A. Farazmand (ed.), Global Encyclopedia of Public Administration, Public Policy, and Governance, Springer International Publishing Switzerland.<\/a><\/div><div>\u00a0<\/div><div>Gil-Garc\u00eda, J. Ramon, Criado, J. Ignacio, &amp; T\u00e9llez, Juan Carlos. (2017). Information Technology and Public Administration. Concepts, Approaches, Applications and Results (in Spanish) Tecnolog\u00edas de Informaci\u00f3n y Comunicaci\u00f3n en la Administraci\u00f3n P\u00fablica. Conceptos, Enfoques, Aplicaciones y Resultados. Ciudad de M\u00e9xico: INFOTEC. ISBN: 978-607-7763-24-6.<\/div><\/div><div>\u00a0<\/div><p><a href=\"http:\/\/www.cepal.org\/es\/publicaciones\/41353-gobierno-abierto-al-estado-abierto-america-latina-caribe\" target=\"_blank\" rel=\"noopener\">G\u00fcemes, C; Brugu\u00e9, Q.(2017) \u00a0\u201cConfianza y Gobierno Abierto en Am\u00e9rica Latina\u201d \u00a0En Nasser, A.; Ram\u00edrez- Alujas, A.y Rosales, D. (2017) Desde Gobierno Abierto al Estado Abierto en Am\u00e9rica Latina y el Caribe: hacia una nueva arquitectura para enfrentar los desaf\u00edos \u00a0de la agenda 2030 para el Desarrollo Sostenible. Comisi\u00f3n Econ\u00f3mica para Am\u00e9rica Latina y el Caribe (CEPAL), Santiago de Chile. Pp 253-282.<\/a><\/p><p>Parrado, S. &amp; A. Reynaers. (2017) \u201cValores p\u00fablicos y sector privado, \u00bfuna cuesti\u00f3n de control o de confianza? \u201d Madrid: Instituto Nacional de Administraci\u00f3n P\u00fablica.<\/p><div><div>Criado, J. I. y Villodre, J. (2016). \u201cCrowdsourcing y plataformas colaborativas en las administraciones p\u00fablicas. \u00bfHacia un WikiGovernment?\u201d. En Criado, J. I. (ed.) (2016). Nuevas tendencias en la gesti\u00f3n p\u00fablica. Innovaci\u00f3n abierta, gobernanza inteligente y tecnolog\u00edas sociales en unas administraciones p\u00fablicas colaborativas. Madrid: Instituto Nacional de Administraci\u00f3n P\u00fablica, 95-119.<\/div><\/div><div>\u00a0<\/div><p>G\u00fcemes, C (2016) Tr\u00e1tame suavemente. Confianza Social en Am\u00e9rica Latina, con la lupa en Argentina. Flacso Secretar\u00eda General.<\/p><p><a href=\"http:\/\/eapc.gencat.cat\/web\/.content\/home\/publicacions\/col_leccio_obres_digitals\/20_casos_exito_redes_sociales\/Casos-de-exito-en-RSD-de-las-AA-PP.pdf\" target=\"_blank\" rel=\"noopener\">Criado, J. Ignacio (ed. w\/ Rojas, Francisco) (2015). Success Cases of Social Media in Government (in Spanish) Casos de \u00c9xito en Redes Sociales de Administraciones P\u00fablicas Barcelona: Escola d&#8217;Administraci\u00f3 P\u00fablica de Catalunya. ISBN-13 978-84-606-5557-2<\/a>.<\/p><p><a href=\"https:\/\/doi.org\/10.1007\/978-3-319-17722-9_8.\" target=\"_blank\" rel=\"noopener\">Criado, J. Ignacio &amp; Rojas, Francisco. (2015). Adopting Social Media in the Local Governments. Towards a Public Administration 2.0?. In Social Media and Local Governments: Theory and Practice, ed. M. Z. Sobaci. New York: Springer, pp. 135-152.<\/a><\/p><p><a href=\"http:\/\/www.marcialpons.es\/libros\/desafeccion-politica-y-gobernabilidad-el-reto-politico\/9788416402878\/\" target=\"_blank\" rel=\"noopener\">G\u00fcemes, C; (2015) \u201c(Des) Confianza en el Sector P\u00fablico: \u00bfs\u00edntomas de un bajo rendimiento de los gobiernos y las burocracias latinoamericanas? En Ludolfo Paramio (coord) (2015) Desafecci\u00f3n pol\u00edtica y gobernabilidad: el reto pol\u00edtico. Marcial Pons, IELAT-CAF Madrid, Espa\u00f1a.Pp 109-125\u00a0<\/a><\/p><p><a href=\"http:\/\/www.polifemo.com\/ficha_libro.php?isbn=9788416335053\" target=\"_blank\" rel=\"noopener\">G\u00fcemes, C; (2015) \u201cNeoliberalismo, pol\u00edticas de bienestar y confianza social. Una mirada desde el caso argentino; notas preliminares\u201d. En Gonz\u00e1lez Leandri, Ricardo; Gonz\u00e1lez Bernaldo de Quir\u00f3s, Pilar y Galera, Andr\u00e9s (coord.) (2015) Regulaci\u00f3n social y Estado en Am\u00e9rica Latina. Del liberalismo al neoliberalismo (Siglo XIX-XXI): saberes, actores e instituciones. Madrid, Ed. Polifemo, pp. 426-454<\/a><\/p><p><a href=\"https:\/\/dare.uva.nl\/search?identifier=2359bf54-55ca-4b51-8a5b-48f3cd20647c\" target=\"_blank\" rel=\"noopener\">Reynaers, A. (2015) \u201cSturen met de riemen die je hebt: werkt dat? Een meervoudige case studie naar het gebruik van contracten, prestatiemonitoring en prestatie afhankelijke betaling in DBFMO\u201d, in M. Sanders (ed.). Publiek-Private Samenwerking: kunst van het evenwicht; Boom, Lemma. ISBN: 978-94-6236-580-3, p. 41-60.<\/a><\/p><p><a href=\"https:\/\/link.springer.com\/chapter\/10.1007%2F978-1-4614-9982-4_12.\" target=\"_blank\" rel=\"noopener\">Criado, J. I. y Barrero, D. F. (2014). Analyzing the Digital Divide and Electronic Government Demand. An Empirical Research of the Spanish Case. En\u00a0<\/a><a style=\"background-color: #ffffff; color: #443f3f; outline: 0px;\" href=\"https:\/\/link.springer.com\/chapter\/10.1007%2F978-1-4614-9982-4_12.\" target=\"_blank\" rel=\"noopener\">M.P. Rodr\u00edguez-Bolivar<\/a>,\u00a0<a href=\"https:\/\/link.springer.com\/chapter\/10.1007%2F978-1-4614-9982-4_12.\" target=\"_blank\" rel=\"noopener\">Measuring e-Government Efficiency. The Opinions of Public Administrators and Other Stakeholders. Nueva York: Springer, pp. 213-232.\u00a0<\/a><\/p><div><div>Reynaers, A. (2014). It takes two to tangle: Public Private Partnerships and their impact on Public values. Doctoral thesis, VU University Amsterdam.\u00a0<\/div><div>\u00a0\u00a0<\/div><\/div><p><a href=\"http:\/\/eapc.gencat.cat\/ca\/detalls\/Article\/od_15_redes_sociales\" target=\"_blank\" rel=\"noopener\">Criado, J. Ignacio (ed. w\/ Rojas, Francisco) (2013). Social Media in Public Policy and Management. Progresses and Challenges for an Open Goverment (in Spanish) Las Redes Sociales Digitales en la Gesti\u00f3n y las Pol\u00edticas P\u00fablicas. Avances y Desaf\u00edos para un Gobierno Abierto. Barcelona: Escola d&#8217;Administraci\u00f3 P\u00fablica de Catalunya. ISBN-10 84-695-9397-8 ISBN-13 978-84-695-9397-4.<\/a><\/p><p><a href=\"https:\/\/link.springer.com\/chapter\/10.1007\/978-1-4614-1448-3_14\" target=\"_blank\" rel=\"noopener\">Criado, J. Ignacio, Guadalupe Mart\u00ednez &amp; Aitor Silv\u00e1n. (2012). \u2018Social Media for Political Campaigning. The Use of Twitter by Spanish Mayors in 2011 Local Elections\u2019. In Web 2.0 Technologies and Democratic Governance: Political, Policy and\u00a0Management Implications, ed. Ch. G. Reddick &amp; S.K. Aikins. New York: Springer, pp. 219-232.<\/a><\/p><p>Reynaers, A. (2012) \u201cIntegriteit en publieke waarden in publiek-private context\u201d, in J. Van den Heuvel, L. Huberts and E. Muller (Eds.) Integriteit; Kluwer: Deventer, p. 417-426.<\/p><div>Gonz\u00e1lez Medina, M. (2010): Gobernanza y gesti\u00f3n de las ciudades en la Uni\u00f3n Europea. Casos de Santiago de Compostela y Konstanz (Alemania), Tesis doctoral. Santiago de Compostela: Universidad de Santiago de Compostela.<\/div><div>\u00a0<\/div><p><a href=\"https:\/\/www.igi-global.com\/chapter\/building-digital-government-regions\/40464\" target=\"_blank\" rel=\"noopener\">Criado, J. Ignacio. (2009). Building the Digital Government in Regions. En\u00a0<\/a><a style=\"background-color: #ffffff; color: #443f3f; outline: 0px;\" href=\"https:\/\/www.igi-global.com\/chapter\/building-digital-government-regions\/40464\" target=\"_blank\" rel=\"noopener\">\u00a0J. R. C\u00f3rdoba y A. Ochoa-\u00c1rias<\/a>,\u00a0<a href=\"https:\/\/www.igi-global.com\/chapter\/building-digital-government-regions\/40464\" target=\"_blank\" rel=\"noopener\">Systems Thinking and eParticipation. ICTs in the Governance of Societies. Hershey: IGI Global, pp. 90-112.<\/a><\/p><p>Criado, J. Ignacio. (2009). Entre Sue\u00f1os Ut\u00f3picos y Visiones Pesimistas. Las TIC en la Modernizaci\u00f3n de las Administraciones P\u00fablicas. Madrid: Instituto Nacional de Administraci\u00f3n P\u00fablica.<\/p><div>Gonz\u00e1lez Medina, M. (2007): \u00abParticipation: the necessary condition for the administration and the democracy reform in the local political sphere\u00bb, en: Schaap, L: \u00abTensions between Local Governance and Local Democracy\u00bb, The Hague: Reed Elsevier, pp. 93-112. I<\/div><\/div><\/div><\/div>\n\t\t\t\t\t\t\t\t\t<div class=\"elementor-tab-title elementor-tab-mobile-title\" aria-selected=\"false\" data-tab=\"3\" role=\"tab\" tabindex=\"-1\" aria-controls=\"elementor-tab-content-6283\" aria-expanded=\"false\">Other documents<\/div>\n\t\t\t\t\t<div id=\"elementor-tab-content-6283\" class=\"elementor-tab-content elementor-clearfix\" data-tab=\"3\" role=\"tabpanel\" aria-labelledby=\"elementor-tab-title-6283\" tabindex=\"0\" hidden=\"hidden\"><p><a href=\"https:\/\/itgespub.net\/wp-content\/uploads\/2023\/03\/Innovacion-Ayuntamientos-V6.pdf\">Criado, J. I., Alcaide, L. y Liarte, I. (2023). Perspectivas sobre la innovaci\u00f3n en los ayuntamientos espa\u00f1oles: Un an\u00e1lisis de las percepciones de los responsables de innovaci\u00f3n p\u00fablica en los municipios de mayor tama\u00f1o. Lab Innovaci\u00f3n, Tecnolog\u00eda y Gesti\u00f3n P\u00fablica.<\/a><\/p><p><span lang=\"ES\">De Gregorio Hurtado, S., Moya Gonz\u00e1lez, L., Gonz\u00e1lez Medina, M., Garc\u00eda Herrero, J. y J.Gallego S\u00e1nchez-Torijae (2024). \u201cApS \u201cRepensar los barrios de Madrid\u201d. Una palanca para la regeneraci\u00f3n de los barrios vulnerables\u201d, I Congreso en Innovaci\u00f3n Docente de las Universidades Madrile\u00f1as: MadrID, Universidad Aut\u00f3noma de Madrid, pp. 517-525.\u00a0<\/span><\/p><p><a style=\"background-color: #ffffff;\" href=\"https:\/\/itgespub.net\/wp-content\/uploads\/2023\/06\/Iniciativa-colaborativa-ODS4_INFOGRAFIAS-ACCESIBLES.pdf\" target=\"_blank\" rel=\"noopener\">Gonz\u00e1lez Medina, M. (coord.) (2023). Infograf\u00edas accesibles para personas con discapacidad visual. Lab Innovaci\u00f3n, Tecnolog\u00eda y Gesti\u00f3n P\u00fablica.\u00a0<\/a><\/p><p><span lang=\"ES\">Gonz\u00e1lez Medina, M. (2024). \u201cLa regeneraci\u00f3n urbana como oportunidad para fortalecer el compromiso social de las universidades a trav\u00e9s de la pr\u00e1ctica docente\u201d, en: De Gregorio Hurtado, S. (coord.): Proyecto ApS de la Universidad Polit\u00e9cnica de Madrid: \u201cRegenerando Ca\u00f1o Roto. Reflexi\u00f3n y estrategias realizadas en la asignatura \u201cTeor\u00eda y Pr\u00e1ctica de la Regeneraci\u00f3n Urbana en el marco Europeo\u201d. Madrid: Instituto Juan Herrera, ISBN: 978-84-09-64512-1, pp. 22-23. <\/span><\/p><p><span lang=\"ES\">Gonz\u00e1lez Medina, M. (2024). \u201cLa regeneraci\u00f3n urbana como problema de pol\u00edtica p\u00fablica y su abordaje desde la perspectiva de la gobernanza\u201d, en: De Gregorio Hurtado, S. (coord.): Proyecto ApS de la Universidad Polit\u00e9cnica de Madrid: Regenerando La Ermita del Santo. Reflexi\u00f3n y estrategias realizadas en la asignatura \u201cIntensificaci\u00f3n en Urbanismo\u201d. Madrid: Instituto Juan Herrera, ISBN: 978-84-09-60327-5, pp. 15-16. <\/span><\/p><p><span lang=\"ES\">Gonz\u00e1lez Medina, M., Bouza Garc\u00eda, L. y Sonia De Gregorio Hurtado (2024). \u201cEnredando en el barrio de la Ermita del Santo. Un proyecto entre la innovaci\u00f3n docente y la transferencia a la comunidad local\u201d, I Congreso en Innovaci\u00f3n Docente de las Universidades Madrile\u00f1as: MadrID, Universidad Aut\u00f3noma de Madrid, pp. 60-67.\u00a0<\/span><\/p><p><a style=\"background-color: #ffffff;\" href=\"https:\/\/caagenda2030.uniovi.es\/4-guia-simplificada-de-diseno-ejecucion-e-incorporacion-de-la-agenda-2030-para-concejos-asturianos-es\" target=\"_blank\" rel=\"noopener\">Alonso Ib\u00e1\u00f1ez, M.R. (dir); De Gregorio Hurtado, S. y Gonz\u00e1lez Medina (coord.) (2022). Gu\u00eda simplificada de dise\u00f1o, ejecuci\u00f3n e incorporaci\u00f3n de la Agenda 2030 para los concejos asturianos.<\/a><\/p><p><a style=\"background-color: #ffffff;\" href=\"https:\/\/transparencia.gob.es\/transparencia\/dam\/jcr:fb9182fb-571a-4ecc-98c1-9c6817824112\/guia_gobierno_abierto_EP.pdf\" target=\"_blank\" rel=\"noopener\">Criado, J. I. y Guevara G\u00f3mez, A. (2022). Gu\u00eda de Gobierno Abierto para Empleadas y Empleados P\u00fablicos. Ministerio de Hacienda y Funci\u00f3n P\u00fablica.<\/a><\/p><p><a style=\"background-color: #ffffff;\" href=\"https:\/\/www.idluam.org\/blog\/wp-content\/uploads\/2022\/12\/2022_InformePPL_FONDOS_EUROPEOS_v0.pdf\" target=\"_blank\" rel=\"noopener\">Navarro, C.; Alba, D.; Egea, A.; Gonz\u00e1lez Medina, M.; Sevillano, A. y J.A. Escobar Barbosa (2022): \u201cAyuntamientos y captaci\u00f3n de<\/a>\u00a0<a href=\"https:\/\/www.idluam.org\/blog\/wp-content\/uploads\/2022\/12\/2022_InformePPL_FONDOS_EUROPEOS_v0.pdf\" target=\"_blank\" rel=\"noopener\">Fondos Europeos. Estudio de la capacidad de los municipios madrile\u00f1os para captar y gestionar Fondos Europeos\u201d, Informe de Pol\u00edticas p\u00fablicas, Instituto de Derecho Local, n\u00ba XI.<\/a><\/p><div><a href=\"https:\/\/www.revistatransparencia.com\/ojs\/index.php\/ret\/article\/view\/213\/319\" target=\"_blank\" rel=\"noopener\">Villodre, J. (2022). Libro: La implementaci\u00f3n y los efectos de la normativa de transparencia en los Gobiernos locales de mayor poblaci\u00f3n (2021). Jaume Magre, Lluis Medir, Esther Pano, Joan Josep Vallb\u00e9 y Jos\u00e9 Luis Mart\u00ednez-Alonso. Revista Espa\u00f1ola de la Transparencia, 14, 255-259.<\/a><\/div><div>\u00a0<\/div><div><p><a style=\"background-color: #ffffff;\" href=\"https:\/\/www.idluam.org\/blog\/como-esta-funcionado-la-ley-de-contratos-del-sector-publico-a-nivel-local-los-gestores-de-contratos-de-servicios-publicos-nos-lo-cuentan\/\" target=\"_blank\" rel=\"noopener\">Gonz\u00e1lez Medina, M. (2021): \u00bfC\u00f3mo est\u00e1 funcionado la Ley de Contratos del Sector P\u00fablico a nivel local? Los gestores de contratos de servicios p\u00fablicos nos lo cuentan. Entrada para el Blog del Instituto de Derecho Local, 10 de marzo de 2021.<\/a><\/p><p><a style=\"background-color: #ffffff;\" href=\"https:\/\/elpais.com\/tecnologia\/2021-07-06\/una-inteligencia-artificial-feminista-es-posible-y-necesaria.html\" target=\"_blank\" rel=\"noopener\">Ortiz de Z\u00e1rate Alcarazo, L. y Guevara G\u00f3mez, A. (2021). Una inteligencia artificial feminista es posible (y necesaria). El Pa\u00eds, 6 julio de 2021<\/a>.<\/p><p><a style=\"background-color: #ffffff;\" href=\"https:\/\/compolitica.com\/wp-content\/uploads\/2021\/12\/N66_Eta2_La_revista_de_ACOP_Diciembre2021.pdf\" target=\"_blank\" rel=\"noopener\">Villodre, J. (2021). Hacia el derecho a entender: diagn\u00f3stico del problema. La revista de ACOP, segunda etapa, 66, diciembre de 2021.\u00a0<\/a><\/p><p><a style=\"background-color: #ffffff;\" href=\"https:\/\/theconversation.com\/twitter-un-espacio-de-colaboracion-entre-administraciones-publicas-y-ciudadania-133306\" target=\"_blank\" rel=\"noopener\">Criado, J. I. y Villodre, J. (2020). Twitter, un espacio de colaboraci\u00f3n entre administraciones p\u00fablicas y ciudadan\u00eda. The Conversation.\u00a0<\/a><\/p><p><a href=\"https:\/\/www.idluam.org\/blog\/esta-preparada-la-administracion-local-para-la-transicion-digital-situacion-y-oportunidades-para-la-recuperacion\/\" target=\"_blank\" rel=\"noopener\">Gonz\u00e1lez Medina, M. (2020): \u00bfEst\u00e1 preparada la Administraci\u00f3n local para la transici\u00f3n digital? Situaci\u00f3n y oportunidades para la recuperaci\u00f3n. Entrada para el Blog del Instituto de Derecho Local, 17 de junio de 2020.\u00a0<\/a><\/p><p><a href=\"https:\/\/elpais.com\/ciencia\/2020-06-02\/por-que-confiamos-en-la-ciencia.html\" target=\"_blank\" rel=\"noopener\">Ortiz de Z\u00e1rate, L. (2020). \u00bfPor qu\u00e9 confiamos en la ciencia? El Pa\u00eds.<\/a><\/p><p><a href=\"https:\/\/www.fundacionalternativas.org\/public\/storage\/publicaciones_archivos\/01742b506ae7820578598658e2d22d15.pdf\" target=\"_blank\" rel=\"noopener\">Rodr\u00edguez-Pinz\u00f3n, E. M. (coordinadora) (2020). Informe Iberoam\u00e9rica 2020: Am\u00e9rica Latina entre la Protesta y la pandemia. Fundaci\u00f3n Alternativas.<\/a><\/p><p><a href=\"https:\/\/theconversation.com\/colaboracion-en-red-para-salvar-vidas-infocoronavirus-y-yomequedoencasa-134462\" target=\"_blank\" rel=\"noopener\">Villodre, J. y Criado, J. I. (2020). Colaboraci\u00f3n en red para salvar vidas: #INFOCoronavirus y #YoMeQuedoEnCasa. The Conversation.\u00a0<\/a><\/p><p><a href=\"https:\/\/theconversation.com\/asi-tuitean-las-instituciones-publicas-ante-emergencias-como-los-incendios-de-gran-canaria-122167\" target=\"_blank\" rel=\"noopener\">Criado, J. I. y Villodre, J. (2019). As\u00ed tuitean las instituciones p\u00fablicas ante emergencias como los incendios de Gran Canaria. The Conversation.\u00a0<\/a><\/p><p>Herranz, C., Escudero, R. D., Muelas, D., &amp; Sauli\u00e8re, S. (2019). \u201cEstrategias en Comunidades y Redes Sociales Digitales para Fomentar las Pr\u00e1cticas Participativas\u201d. GIGAPP Estudios Working Papers, 6 (111-115), 28-48.<\/p><p><a href=\"https:\/\/analiticapublica.es\/comunidades-y-redes-la-base-de-la-participacion-digital-efectiva\/\" target=\"_blank\" rel=\"noopener\">Herranz, C. (2019) Comunidades y redes: la base de la participaci\u00f3n digital efectiva. Anal\u00edtica P\u00fablica, el blog sobre Transformaci\u00f3n Digital y Administraciones P\u00fablicas.<\/a><\/p><p><a href=\"https:\/\/theconversation.com\/que-se-encuentran-los-universitarios-al-acceder-al-mercado-laboral-110946\" target=\"_blank\" rel=\"noopener\">Herranz, C y Muelas, D. (2019) Qu\u00e9 se encuentran los universitarios al acceder al mercado laboral. The Conversation. 2019.<\/a><\/p><p><a href=\"https:\/\/www.universidadsi.es\/la-incorporacion-de-los-estudiantes-universitarios-al-mercado-laboral-fortalezas-y-dificultades\/\" target=\"_blank\" rel=\"noopener\">Herranz, C y Muelas, D. (2019) La incorporaci\u00f3n de los estudiantes universitarios al mercado laboral: fortalezas y dificultades. Blog de Universidads\u00ed.<\/a><\/p><p><a href=\"http:\/\/agendapublica.elpais.com\/el-debate-politico-espanol-en-la-camara-de-eco-de-twitter\/\" target=\"_blank\" rel=\"noopener\">Villodre, J. (2019). El debate pol\u00edtico espa\u00f1ol en la \u201cc\u00e1mara de eco\u201d de Twitter. Agenda P\u00fablica.<\/a><\/p><p><a href=\"https:\/\/novagob.org\/wp-content\/uploads\/2018\/12\/NovaGob_Academia_3.pdf\" target=\"_blank\" rel=\"noopener\">Criado, J. I., Pastor, V. y Villodre, J. (2018). Big data y administraciones p\u00fablicas en redes sociales. Un estudio sobre las comunidades digitales de los ayuntamientos espa\u00f1oles. Colecci\u00f3n NovaGob Academia.<\/a><\/p><p><a href=\"https:\/\/www.universidadsi.es\/distribucion-salarial-de-los-contratos-predoctorales-en-espana\/\" target=\"_blank\" rel=\"noopener\">Herranz, C y Muelas, D (2018) Distribuci\u00f3n salarial de los contratos predoctorales en Espa\u00f1a. Blog de Universidads\u00ed<\/a>.<\/p><p>Pablo, L., Rodr\u00edguez-Pinz\u00f3n, E. y Duarte, J. A (2018). Informe de evaluaci\u00f3n independiente del Programa SIMCI. Oficina de Evaluaci\u00f3n Independiente de UNODC, Viena.<\/p><p><a href=\"https:\/\/novagob.org\/wp-content\/uploads\/2017\/05\/Novagob_Academia_2_RRSS_Aytos_vFinal_20170516-ilovepdf-compressed.pdf\" target=\"_blank\" rel=\"noopener\">Criado, J. I., Pastor, V. y Villodre, J. (2017). Redes sociales digitales en los ayuntamientos espa\u00f1oles. Colecci\u00f3n NovaGob Academia.<\/a><\/p><p><a href=\"https:\/\/www.universidadsi.es\/los-incentivos-laborales-del-posgrado-universitario-espana\/\" target=\"_blank\" rel=\"noopener\">Herranz, C (2017) Los incentivos laborales del posgrado universitario. Blog de Universidads\u00ed.<\/a><\/p><p><a href=\"https:\/\/www.universidadsi.es\/radiografia-los-predoctorales-espana\/\" target=\"_blank\" rel=\"noopener\">Herranz, C (2017) Radiograf\u00eda de los predoctorales en Espa\u00f1a. Blog de Universidads\u00ed<\/a>.<\/p><p><a href=\"https:\/\/novagob.org\/wp-content\/uploads\/2017\/05\/NovagobAcademia_2016_1_GobiernoAbierto-AALL.pdf\" target=\"_blank\" rel=\"noopener\">Criado, J. Ignacio, y Ruvalcaba, E. (2016). \u00bfQu\u00e9 es y qu\u00e9 se entiende por Gobierno Abierto? An\u00e1lisis de la percepci\u00f3n e implementaci\u00f3n del Gobierno Abierto en el \u00e1mbito local espa\u00f1ol. NovaGobAcademia 1.<\/a><\/p><p><a href=\"https:\/\/www.universidadsi.es\/la-percepcion-la-ciencia-la-tecnologia-perspectiva-genero-papel-las-universidades\/\" target=\"_blank\" rel=\"noopener\">Herranz, C (2016) La percepci\u00f3n de la ciencia y la tecnolog\u00eda en perspectiva de g\u00e9nero. Blog de Universidads\u00ed<\/a>.<\/p><p>Criado, J. Ignacio (w\/ Rafael E. Valenzuela &amp; Edgar Ruvalcaba) (2015). Measuring the Impact of the Open Government Partnership in Member States using an Implementation Size Model.\u00a0<\/p><p>Diban, M. y Rodr\u00edguez-Pinz\u00f3n, E. M. (2015). Informe de evaluaci\u00f3n independiente de medio t\u00e9rmino \u201cFortalecimiento del Estado de Derecho, la Seguridad y la Justicia en el Paraguay\u201d Programa Nacional Integrado para el Paraguay 2011-2014; Oficina de Evaluaci\u00f3n Independiente; Oficina de las Naciones Unidas contra las Drogas y el Delito; Viena.<\/p><p>Alternative Development Programe in Colombia \/Programa de Desarrollo Alternativo en Colombia (2014); informe de evaluaci\u00f3n independiente. Participaci\u00f3n de Erika M. Rodr\u00edguez Pinz\u00f3n en conjunto con otros autores, Dirigido por Rodrigo Daza. Oficina de las Naciones Unidas contra las Drogas y el Delito.<\/p><p><a href=\"https:\/\/www.fundacionalternativas.org\/laboratorio\/documentos\/documentos-de-trabajo\/el-impacto-de-la-crisis-sobre-el-tejido-social-solidario-de-espana-efectos-y-reaccion-de-las-ongd-frente-a-la-crisis\" target=\"_blank\" rel=\"noopener\">Cascante, K. y Rodr\u00edguez-Pinz\u00f3n, E. M. (2014). El impacto de la crisis sobre el tejido social solidario de Espa\u00f1a: efectos y reacci\u00f3n de las ONGD frente a la crisis. Laboratorio de Ideas de Fundaci\u00f3n Alternativas; Fundipax.<\/a><\/p><p><a href=\"https:\/\/saludporderecho.org\/wp-content\/uploads\/2014\/03\/Documento-Economistas.pdf\" target=\"_blank\" rel=\"noopener\">de la Rocha, M. y Rodr\u00edguez-Pinz\u00f3n, E. M. (2014). El impuesto a las transacciones financieras en el marco de cooperaci\u00f3n reforzada de la UE: Evoluci\u00f3n y Perspectivas, Salud por Derecho y Economistas Frente a la Crisis.<\/a><\/p><p><a href=\"https:\/\/www.ciecode.es\/assets\/documents\/201011-Informe-FINAL-Ciecode-MdelaRocha-ERodriguez.pdf\" target=\"_blank\" rel=\"noopener\">de la Rocha, M. y Rodr\u00edguez-Pinz\u00f3n, E. M. (2011). Gobernanza global e instituciones multilaterales. Hacia una pol\u00edtica de desarrollo global sostenible. CIECODE, Libro Blanco de la Pol\u00edtica de Desarrollo de Espa\u00f1a<\/a><\/p><\/div><\/div>\n\t\t\t\t\t\t\t<\/div>\n\t\t<\/div>\n\t\t\t\t\t\t<\/div>\n\t\t\t\t<\/div>\n\t\t\t\t<div class=\"elementor-element elementor-element-9c07875 elementor-tabs-view-horizontal elementor-widget elementor-widget-tabs\" data-id=\"9c07875\" data-element_type=\"widget\" data-e-type=\"widget\" data-widget_type=\"tabs.default\">\n\t\t\t\t<div class=\"elementor-widget-container\">\n\t\t\t\t\t\t\t<div class=\"elementor-tabs\">\n\t\t\t<div class=\"elementor-tabs-wrapper\" role=\"tablist\" >\n\t\t\t\t\t\t\t\t\t<div id=\"elementor-tab-title-1631\" class=\"elementor-tab-title elementor-tab-desktop-title\" aria-selected=\"true\" data-tab=\"1\" role=\"tab\" tabindex=\"0\" aria-controls=\"elementor-tab-content-1631\" aria-expanded=\"false\">Journals<\/div>\n\t\t\t\t\t\t\t\t\t<div id=\"elementor-tab-title-1632\" class=\"elementor-tab-title elementor-tab-desktop-title\" aria-selected=\"false\" data-tab=\"2\" role=\"tab\" tabindex=\"-1\" aria-controls=\"elementor-tab-content-1632\" aria-expanded=\"false\">Books and book chapters<\/div>\n\t\t\t\t\t\t\t\t\t<div id=\"elementor-tab-title-1633\" class=\"elementor-tab-title elementor-tab-desktop-title\" aria-selected=\"false\" data-tab=\"3\" role=\"tab\" tabindex=\"-1\" aria-controls=\"elementor-tab-content-1633\" aria-expanded=\"false\">Other documents<\/div>\n\t\t\t\t\t\t\t<\/div>\n\t\t\t<div class=\"elementor-tabs-content-wrapper\" role=\"tablist\" aria-orientation=\"vertical\">\n\t\t\t\t\t\t\t\t\t<div class=\"elementor-tab-title elementor-tab-mobile-title\" aria-selected=\"true\" data-tab=\"1\" role=\"tab\" tabindex=\"0\" aria-controls=\"elementor-tab-content-1631\" aria-expanded=\"false\">Journals<\/div>\n\t\t\t\t\t<div id=\"elementor-tab-content-1631\" class=\"elementor-tab-content elementor-clearfix\" data-tab=\"1\" role=\"tabpanel\" aria-labelledby=\"elementor-tab-title-1631\" tabindex=\"0\" hidden=\"false\"><p><a href=\"https:\/\/doi.org\/10.1016\/j.giq.2021.101643\" target=\"_blank\" rel=\"noopener\">Criado, J. I., y Villodre, J. (2022). Revisiting social media institutionalization in government. An empirical analysis of barriers. Government information quarterly, 39(2), 101643.<\/a><\/p>\n<p>Criado, J. I., y de Zarate-Alcarazo, L. O. (2022). <span lang=\"EN-US\">Technological frames, CIOs, and Artificial Intelligence in public administration: A socio-cognitive exploratory study in Spanish local governments. <\/span>Government Information Quarterly, 39(3), 101688.<\/p>\n<p><a style=\"background-color: #ffffff;\" href=\"https:\/\/doi.org\/10.24965\/gapp.11065\" target=\"_blank\" rel=\"noopener\">Gonz\u00e1lez Medina, M. y Navarro, C. (2022). Capacidad institucional y contrataci\u00f3n p\u00fablica. Experiencias de aprendizaje organizativo informal en la&nbsp;administraci\u00f3n local. Gesti\u00f3n y An\u00e1lisis de Pol\u00edticas P\u00fablicas, (29), 88-102.<\/a><\/p><p>Ruvalcaba-Gomez, E. A., Criado, J. I., y Sandoval-Almazan, R. (2022). <span lang=\"EN-US\">Contrasting\nthe Perception of Open Government among Public Officials: A Factor Analysis of\nMexico and Spain. <\/span>International Journal of Public Administration, 1-14.<o:p><\/o:p><\/p>\n<p><\/p>\n<p><a style=\"background-color: #ffffff;\" href=\"https:\/\/doi.org\/10.1108\/TG-08-2020-0242\" target=\"_blank\" rel=\"noopener\">Criado, J. I., y Guevara-G\u00f3mez, A. (2021). Public sector, open innovation, and collaborative governance in lockdown times. A research of Spanish cases during the COVID-19 crisis. Transforming Government: People, Process and Policy, 15(4), 612\u2013626.<\/a><\/p>\n<p><a href=\"https:\/\/doi.org\/10.1080\/03003930.2020.1729750\" target=\"_blank\" rel=\"noopener\">Criado, J. I. y Villodre, J. (2021). Delivering public services through social media in European local governments. An interpretative framework using semantic algorithms. Local Government Studies, 47(2), 253-275. &nbsp;<\/a><\/p>\n<p><a style=\"background-color: #ffffff;\" href=\"https:\/\/doi.org\/10.3390\/su13105519\" target=\"_blank\" rel=\"noopener\">Garc\u00eda Pe\u00f1a, C., Gonz\u00e1lez Medina, M. y D\u00edaz Sarachaga, J. M. (2021). Assessment of the Governance Dimension in the Frame of the 2030 Agenda: Evidence from 100 Spanish Cities. Sustainability, 13, 5519.&nbsp;<\/a><\/p>\n<p><a style=\"background-color: #ffffff;\" href=\"https:\/\/content.iospress.com\/articles\/information-polity\/ip200299\" target=\"_blank\" rel=\"noopener\">Guevara-G\u00f3mez, A., de Z\u00e1rate-Alcarazo, L. O., y Criado, J. I. (2021). Feminist perspectives to artificial intelligence: Comparing the policy frames of the European Union and Spain. Information Polity, 26(2), 173-192.&nbsp;&nbsp;<\/a><\/p>\n<p><a style=\"background-color: #ffffff; color: #443f3f; outline: 0px;\" href=\"https:\/\/doi.org\/10.29265\/gypp.v30i1.826\" target=\"_blank\" rel=\"noopener\">Parrado, S., y Reynaers, A. M. (2021). La gesti\u00f3n de los valores p\u00fablicos en asociaciones p\u00fablico-privadas concesionales. Gesti\u00f3n y pol\u00edtica p\u00fablica, 30(1), 163-196.<\/a><\/p>\n<p><a href=\"https:\/\/doi.org\/10.24965\/gapp.i26.10845\" target=\"_blank\" rel=\"noopener\">Villodre, J. y Criado, J. I. (2021). Colaboraci\u00f3n entre administraciones p\u00fablicas y ciudadan\u00eda en Twitter durante la crisis del Covid-19 en Espa\u00f1a. Gesti\u00f3n Y An\u00e1lisis De Pol\u00edticas P\u00fablicas, 26, 81-91.&nbsp;<\/a><\/p>\n<div>\n<p><a href=\"http:\/\/dx.doi.org\/10.3233\/IP-210316\" target=\"_blank\" rel=\"noopener\">Villodre, J., Criado, J. I., Meijer, A. y Liarte, I. (2021).&nbsp;Organizational models for social media institutionalization: An exploratory analysis of Dutch local governments. Information Polity, 26(4), 355-373.&nbsp;<\/a><\/p>\n<\/div>\n<div>\n<p><a style=\"background-color: #ffffff;\" href=\"https:\/\/doi.org\/10.18042\/cepc\/rep.192.07\" target=\"_blank\" rel=\"noopener\">Villodre, J., Reynaers, A. M. y Criado, J. I. (2021). Transparencia externa y redes sociales. Los roles diferenciales de ministerios y organismos p\u00fablicos estatales en Twitter. Revista de Estudios Pol\u00edticos, 192, 191-220.<\/a><\/p>\n<p><a style=\"background-color: #ffffff;\" href=\"https:\/\/doi.org\/10.1145\/3416089\" target=\"_blank\" rel=\"noopener\">Criado, J. I., Guevara-G\u00f3mez, A. y Villodre, J. (2020). Using Collaborative Technologies and Social Media to Engage Citizens and Governments during the COVID-19 Crisis. The Case of Spain. Digital Government: Research and Practice, 1(4).<\/a><\/p>\n<p><\/p>\n<p><a href=\"https:\/\/www.tandfonline.com\/doi\/full\/10.1080\/01900692.2020.1729181\" target=\"_blank\" rel=\"noopener\">Criado, J. Ignacio, Dias, Thiago, Sano, Hironobu, Silv\u00e1n, Aitor, and Isidro, Antonio. (2020). \u2018Public Innovation and Living Labs in Action: A Comparative Analysis in post-New Public Management Contexts\u2019. International Journal of Public Administration.<\/a><\/p>\n<p><a href=\"https:\/\/revistes.udg.edu\/pedagogia_i_treball_social\/article\/view\/22395\" target=\"_blank\" rel=\"noopener\">G\u00fcemes, C; Resina, J. (2020) \u201cLa escucha como estrategia para cultivar confianza: la experiencia de Madrid\u201d, Pedagogia i Treball Social, Vol 9 N1.&nbsp;<\/a><\/p>\n<p><a href=\"https:\/\/doi.org\/10.1080\/10999922.2020.1715128\" target=\"_blank\" rel=\"noopener\">Paanakker, H. &amp; A. Reynaers (2020). \u201cValue Contextuality in Public Service Delivery: An analysis of street level craftsmanship and public\u2014private partnerships\u201d Public Integrity.<\/a><\/p>\n<p><a href=\"https:\/\/dialnet.unirioja.es\/servlet\/articulo?codigo=7485618\" target=\"_blank\" rel=\"noopener\">Rama, J.; Reynaers, A-M.; Navarro, C. y Gonz\u00e1lez Medina, M. (2020): \u201cLos servicios p\u00fablicos locales: calidad, externalizaci\u00f3n y control\u00bb, Anuario de Derecho Municipal, 13, pp. 231-253 ISSN: 1888-7392<\/a><\/p>\n<p><a href=\"https:\/\/revistas.usal.es\/index.php\/1130-2887\/article\/view\/alh.21156\" target=\"_blank\" rel=\"noopener\">Rodr\u00edguez-Pinz\u00f3n, E. M. y Rodrigues, T. (2020). \u00abMano Dura\u00bb y Democracia en Am\u00e9rica Latina: Seguridad P\u00fablica, Violencia y Estado de Derecho. &nbsp;Am\u00e9rica Latina Hoy.<\/a><\/p>\n<p><a href=\"https:\/\/journals.sagepub.com\/doi\/10.1177\/0952076720936349\" target=\"_blank\" rel=\"noopener\">Ruvalcaba, Edgar A., Criado, J. Ignacio, &amp; Gil-Garc\u00eda, J. Ramon (2020). &nbsp;\u2018Analyzing Open Government Policy Adoption through the Multiple Streams Framework: The Roles of Policy Entrepreneurs in the Case of Madrid\u2019. Public Policy and Administration.&nbsp;<\/a><\/p>\n<p><a href=\"https:\/\/doi.org\/10.1016\/j.giq.2020.101509\" target=\"_blank\" rel=\"noopener\">Valle-Cruz, D., Criado, J. Ignacio, Sandoval-Almaz\u00e1n, Rodrigo &amp; Ruvalcaba, Edgar A. &nbsp;(2020) \u2018Assessing the Public Policy-Cycle Model in the Age of Artificial Intelligence. From Theory to Implementation\u2019. Government Information Quarterly.&nbsp;<\/a><\/p>\n<p><a href=\"https:\/\/doi.org\/10.1016\/j.giq.2020.101521\" target=\"_blank\" rel=\"noopener\">Villodre, J. y Criado, J. I. (2020). User roles for emergency management in social media: Understanding actors\u2019 behavior during the 2018 Majorca Island flash floods. Government Information Quarterly, 37 (4).<\/a><\/p>\n<p><a href=\"https:\/\/doi.org\/10.20318\/eunomia.2020.5718\" target=\"_blank\" rel=\"noopener\">Villodre, J. (2020). Redes sociales (en las administraciones p\u00fablicas). Eunom\u00eda. Revista en Cultura de la Legalidad, 19, 375-390.<\/a><\/p>\n<p><a href=\"https:\/\/doi.org\/10.1108\/IJPSM-07-2019-0178\" target=\"_blank\" rel=\"noopener\">Criado, J. Ignacio, &amp; Gil-Garc\u00eda, J. Ramon. (2019) \u2018Creating Public Value through Smart Technologies. From Digital Services to Artificial Intelligence and Beyond\u2019. International Journal of Public Sector Management. 32(5), 438-450. &nbsp;<\/a><\/p>\n<div>\n<p><a href=\"https:\/\/doi.org\/10.1080\/09654313.2019.1675601\" target=\"_blank\" rel=\"noopener\">Gonz\u00e1lez Medina, M. y M.A. Huete Garc\u00eda (2019): \u201cReal innovation in urban planning? Institutional capacity in the Integrated Sustainable Urban Development programmes\u201d, European Planning Studies.<\/a><\/p>\n<\/div>\n<div>\n<p><a href=\"http:\/\/bibliotecadigital.fgv.br\/ojs\/index.php\/rap\/article\/view\/80033\" target=\"_blank\" rel=\"noopener\">G\u00fcemes, C; (2019) \u201cWish you were here\u201d confianza en la administraci\u00f3n p\u00fablica en Latinoam\u00e9rica, Revista de Administraci\u00f3n P\u00fablica, Vol 53: 6, 1067-1090<\/a><\/p>\n<\/div>\n<div>\n<p><a href=\"https:\/\/doi.org\/10.1177\/0192512118779184\" target=\"_blank\" rel=\"noopener\">G\u00fcemes, C; Herreros, F. (2019) \u201cEducation and trust: a tale of three continents\u201d International Political Science Review (USA) Vol 40: 5, 676\u2013693<\/a><\/p>\n<\/div>\n<div>\n<p><a href=\"https:\/\/onlinelibrary.wiley.com\/doi\/abs\/10.1111\/1467-8500.12377\" target=\"_blank\" rel=\"noopener\">G\u00fcemes, C; Resina, J. (2019) \u00ab\u2018Come together?\u2019 Citizens and civil servants dialogue and trust\u00bb, Australian Journal Public Administration. Vol 78: 2, 155-171<\/a><\/p>\n<\/div>\n<div>\n<p><a href=\"http:\/\/dx.doi.org\/10.5565\/rev\/papers.2482\" target=\"_blank\" rel=\"noopener\">G\u00fcemes, C; Wences, I .(2019) \u201cComportamientos incumplidores, reflexiones sobre las emociones, motivos y contextos que hay detr\u00e1s y los posibles remedios pol\u00edticos\u201d. Revista Papers, Vol 104: 1, 77-99<\/a>&nbsp;<\/p>\n<\/div>\n<div>\n<p><a href=\"https:\/\/doi.org\/10.1177%2F0020852319864161\" target=\"_blank\" rel=\"noopener\">Parrado, S. &amp; A. Reynaers. (2019) \u201cPublic-Private Partnerships: Procedural- Over Results-Driven Accountability\u201d International Review of Administrative Sciences.<\/a><\/p>\n<\/div>\n<div>\n<p><a href=\"http:\/\/dx.doi.org\/10.5565\/rev\/papers.2532\" target=\"_blank\" rel=\"noopener\">Rama, J. &amp; A. Reynaers. (2019) \u201cNuevos Partidos en los Pa\u00edses Bajos y Espa\u00f1a: \u00bfQu\u00e9 factores explican su surgimiento?\u201d Papers. Revista de Sociolog\u00eda.<\/a><\/p>\n<\/div>\n<div><a href=\"http:\/\/www.revistadegestionpublica.cl\/index.php\/rgp\/article\/view\/121\/102\" target=\"_blank\" rel=\"noopener\">Resina, J.; G\u00fcemes, C. (2019) \u201cInstituciones abiertas y creaci\u00f3n de confianza: experiencias desde Espa\u00f1a\u201d, Revista Gesti\u00f3n P\u00fablica, Vol VIII, N\u00ba 1, Enero-Junio 2019, 43-70.&nbsp;<\/a><\/div>\n<div>&nbsp;<\/div>\n<div>\n<p><a href=\"https:\/\/doi.org\/10.20318\/eunomia.2019.5036\" target=\"_blank\" rel=\"noopener\">Villodre, J. (2019). Innovaci\u00f3n P\u00fablica Abierta. Eunom\u00eda. Revista en Cultura de la Legalidad, 17, 314-327.<\/a><\/p>\n<p>Brugu\u00e9, Q; Feu, J; G\u00fcemes, C (2018) \u201cDel fallo al colapso de las pol\u00edticas p\u00fablicas: una cuesti\u00f3n de confianza&nbsp;<a href=\"https:\/\/revistas.ufpr.br\/rsp\/article\/view\/62944\/36882\" target=\"_blank\" rel=\"noopener\">democr\u00e1tica\u201d Revista de Sociolog\u00eda e Pol\u00edtica (Brazil), Vol 26 N 67 pp 129-152 septiembre&nbsp;<\/a><\/p>\n<\/div>\n<p><a href=\"https:\/\/doi.org\/10.24965\/gapp.v0i20.10487\" target=\"_blank\" rel=\"noopener\">Casado, V.; Huete, M.A.; Merinero, R. y M. Gonz\u00e1lez (2018): \u201cEl proceso de desarrollo de la capacidad institucional de la administraci\u00f3n municipal en el marco de la Iniciativa Urbana (2007-2013)\u201d, Revista Gesti\u00f3n y An\u00e1lisis de Pol\u00edticas P\u00fablicas, 20.<\/a><\/p>\n<p><a href=\"https:\/\/doi.org\/10.3145\/epi.2018.may.14\" target=\"_blank\" rel=\"noopener\">Criado, J. I. y Villodre, J. (2018). Comunicando datos masivos del sector p\u00fablico local en redes sociales. An\u00e1lisis de sentimiento en Twitter. Profesional de la Informaci\u00f3n, 27(3), 614-623.<\/a><\/p>\n<p><a href=\"https:\/\/doi.org\/10.5210\/fm.v23i4.8348\" target=\"_blank\" rel=\"noopener\">Criado, J. I. y Villodre, J. (2018). Public employees in social media communities: Exploring factors for internal collaboration using social network analysis. First Monday, 23 (4).<\/a><\/p>\n<p><a href=\"https:\/\/tecnologia-ciencia-educacion.com\/judima\/index.php\/TCE\/article\/view\/225\" target=\"_blank\" rel=\"noopener\">Criado, J. I., Pastor, V. y Villodre, J. (2018). Internet y discapacidad. Un an\u00e1lisis de las oportunidades y de los desaf\u00edos de las redes sociales digitales en el \u00e1mbito de la discapacidad. Tecnolog\u00eda, Ciencia y Educaci\u00f3n, 11 (septiembre-diciembre), 99-117.&nbsp;<\/a><\/p>\n<p><a href=\"https:\/\/doi.org\/10.4018\/IJEGR.2018010101\" target=\"_blank\" rel=\"noopener\">Criado, J. Ignacio, &amp; Ruvalcaba, Edgar A. (2018). \u201cPerception of City Managers about Open Government Policies: Concepts, Development, and Implementation in the Local Level of Government in Spain\u201d. International Journal of Electronic Government Research, 14(1), 1-22.&nbsp;<\/a><\/p>\n<p><a href=\"https:\/\/drive.google.com\/file\/d\/1MwfyOAkN8-9_wsHxo7nRTpc33IT6vU5a\/view\" target=\"_blank\" rel=\"noopener\">G\u00fcemes, C. (2018) \u201c\u00bfQu\u00e9 ves\u2026qu\u00e9 ves cuando me ves?\u201d Confianza Institucional y Gobierno Abierto. Revista Espa\u00f1ola de Transparencia #RET N\u00ba 6. Primer Semestre<\/a>.<\/p>\n<p><a href=\"https:\/\/doi.org\/10.20318\/eunomia.2018.4353\" target=\"_blank\" rel=\"noopener\">G\u00fcemes, C. (2018) Confianza en la Administraci\u00f3n P\u00fablica, Revista Eunom\u00eda, Revista en Cultura de la Legalidad N\u00ba 15 (Octubre 2018 \u2013 Marzo 2019)<\/a><\/p>\n<p><a href=\"https:\/\/revistainternacionaltransparencia.org\/wp-content\/uploads\/2018\/04\/cecilia_guemes.pdf\" target=\"_blank\" rel=\"noopener\">G\u00fcemes, C. (2018) La corrupci\u00f3n y la (des) confianza como normas sociales. Cambio de enfoque, nuevas perspectivas. Revista Internacional de Transparencia e Integridad (R.I.T.I.) n\u00ba 6 Enero-Abril 2018<\/a><\/p>\n<p><a href=\"https:\/\/doi.org\/10.1177%2F0020852318785024\" target=\"_blank\" rel=\"noopener\">Parrado, S. &amp; A. Reynaers. (2018) \u201cAgents Never Became Stewards: Explaining the Lack of Innovation in Public\u00ad\u2013\u2013Private Partnerships\u201d. International Review of Administrative Sciences.<\/a><\/p>\n<p><a href=\"https:\/\/e-revistas.uc3m.es\/index.php\/EUNOM\/article\/view\/4159\" target=\"_blank\" rel=\"noopener\">Rodr\u00edguez-Pinz\u00f3n, E. M. (2018).&nbsp;Sustituci\u00f3n de cultivos il\u00edcitos y cultura de la legalidad en Colombia. Eunom\u00eda. Revista en Cultura de la Legalidad, 14.<\/a><\/p>\n<p><a href=\"https:\/\/doi.org\/10.1108\/IJPSM-03-2016-0053\" target=\"_blank\" rel=\"noopener\">Criado, J. Ignacio, Rojas, Francisco, &amp; Gil-Garc\u00eda, J. Ramon. (2017). \u00abEnacting Social Media Success in Local Public&nbsp;Administration. An Empirical Analysis of Organizational, Institutional, and Contextual Factors\u00bb. International Journal of Public Sector Management. 30(1):31-47.<\/a><\/p>\n<div>\n<div><a href=\"https:\/\/doi.org\/10.1080\/13260219.2017.1298825\" target=\"_blank\" rel=\"noopener\">G\u00fcemes, C. (2017) \u201cNeoliberal Welfare Policies Reforms and Trust: Connecting the Dots.\u201d Journal of Iberian and Latin American Research 23:1, 18-33,<\/a><\/div>\n<div>&nbsp;<\/div>\n<div><a href=\"http:\/\/old.clad.org\/portal\/publicaciones-del-clad\/revista-clad-reforma-democracia\/articulos\/068-junio-2017\/Guemes.pdf\" target=\"_blank\" rel=\"noopener\">G\u00fcemes, C. (2017) \u201cNudge en Am\u00e9rica Latina? Incidir en comportamiento individual, obtener resultados colectivos\u201d, &nbsp;Reforma y Democracia, 68, Junio 2017; pp: 43-74.<\/a><\/div>\n<div>&nbsp;<\/div>\n<div><a href=\"https:\/\/doi.org\/10.1111\/1467-8500.12254\" target=\"_blank\" rel=\"noopener\">Reynaers, A. &amp; Z. Van der Wal. (2017) \u201cDo partners in PPPs view public and private management differently? Re-examining Boyne\u2019s Hypotheses in the context of collaboration\u201d, Australian Journal of Public Administration.<\/a><\/div>\n<div>&nbsp;<\/div>\n<\/div>\n<p><a href=\"https:\/\/doi.org\/10.18042\/cepc\/rep.173.07\" target=\"_blank\" rel=\"noopener\">Criado, J. Ignacio. (2016). \u201cPublic Administration in the Age of the Open Government. Smart Governance for a Paradigm Shift in Public Management\u201d. (In Spanish) \u201cLas administraciones p\u00fablicas en la era del gobierno abierto. Gobernanza Inteligente para un Cambio de Paradigma en la Gesti\u00f3n P\u00fablica\u201d. Revista de Estudios Pol\u00edticos, 173, 245-275.<\/a><\/p>\n<p><a href=\"http:\/\/e-revistas.uc3m.es\/index.php\/EUNOM\/article\/view\/3053\" target=\"_blank\" rel=\"noopener\">G\u00fcemes C. (2016) \u201cConfianza\u201d, Revista Eunom\u00eda, Revista en Cultura de la Legalidad. N\u00ba10, marzo \u2013 agosto 2016, pp. 132-142, ISSN 2253-6655.<\/a><\/p>\n<p><a href=\"https:\/\/www.jstor.org\/stable\/pdf\/44136815.pdf?seq=1\" target=\"_blank\" rel=\"noopener\">Reynaers, A. (2016) \u201cEl futuro de la gesti\u00f3n p\u00fablica en Europa\u201d, Cuadernos de Pensamiento Pol\u00edtico, 50(April). ISSN: 1696-8441.<\/a><\/p>\n<p><a href=\"http:\/\/doi.org\/10.1080\/01900692.2015.1028637\" target=\"_blank\" rel=\"noopener\">Reynaers, A. &amp; H. Paanakker. (2016) \u201cTo privatize or not? Addressing Public Values in a semi-privatized Prison System\u201d, International Journal of Public Administration, 39(1) 6-14.<\/a><\/p>\n<p><a href=\"https:\/\/doi.org\/10.1111\/rego.12121\" target=\"_blank\" rel=\"noopener\">Reynaers, A. &amp; S. Parrado. (2016) \u201cResponsive Regulation in Public-Private Partnerships: between Deterrence and Persuasion\u201d Regulation and Governance.<\/a><\/p>\n<p><a href=\"http:\/\/www.uacm.edu.mx\/Portals\/18\/num30\/003_Dossier1.pdf\" target=\"_blank\" rel=\"noopener\">Wences, I; G\u00fcemes, C. (2016) \u201cDemocracia republicana y confianza en Am\u00e9rica latina: la esperanza que no llega, que no alcanza\u201d. Andamios, Revista de Investigaci\u00f3n social, Universidad Aut\u00f3noma de la Ciudad de M\u00e9xico.Vol 13, N\u00ba 30, enero-abril de 2016.<\/a><\/p>\n<p><a href=\"https:\/\/doi.org\/10.24965\/gapp.v0i12.10212\" target=\"_blank\" rel=\"noopener\">G\u00fcemes, C. Hern\u00e1ndez-Bonivento, J (2015) \u201cConfianza, &nbsp;instituciones informales y pol\u00edticas p\u00fablicas, una compleja relaci\u00f3n pendular\u201d. Revista Gesti\u00f3n y An\u00e1lisis de Pol\u00edticas P\u00fablicas-GAPP.N\u00ba 12 2015<\/a><\/p>\n<p><a href=\"https:\/\/revistas.uam.es\/revistajuridica\/article\/view\/6442\" target=\"_blank\" rel=\"noopener\">Herranz, C. (2015). G\u00e9nero, inmigraci\u00f3n y discriminaci\u00f3n m\u00faltiple: Un enfoque interseccional de las pol\u00edticas p\u00fablicas espa\u00f1olas. Revista Jur\u00eddica de la Universidad Aut\u00f3noma de Madrid (32), 239-247.<\/a><\/p>\n<p><a href=\"https:\/\/research.vu.nl\/en\/publications\/public-water-in-private-hands-a-case-study-on-the-safeguarding-of\" target=\"_blank\" rel=\"noopener\">Reynaers, A. &nbsp;(2015) \u201cPublic Water in Private Hands: A case study on the safeguarding of public values in the first DBFMO in the Dutch water sector\u201d, International Journal of Water Governance, 2(2015) 1-16.<\/a><\/p>\n<p><a href=\"https:\/\/doi.org\/10.1080\/03003930.2015.1041771\" target=\"_blank\" rel=\"noopener\">Reynaers, A. (2015) \u201cPublic Service Values\u201d, Local Government Studies, 41(4) 648-650.<\/a><\/p>\n<p><a href=\"https:\/\/doi.org\/10.1111\/padm.12142\" target=\"_blank\" rel=\"noopener\">Reynaers, A. &amp; S. Grimmelikhuijsen. (2015) \u201cExplaining transparency in Public-Private Partnerships. Not so bad after all?\u201d Public Administration, 93 (3), 609-626.<\/a><\/p>\n<p><a href=\"https:\/\/doi.org\/10.1111\/puar.12137\" target=\"_blank\" rel=\"noopener\">Reynaers, A. (2014) \u201cPublic Values in Public Private-Partnerships\u2019, Public Administration Review, 74(1) 41-50.<\/a><\/p>\n<p><a href=\"https:\/\/doi.org\/10.1080\/01900692.2013.836665\" target=\"_blank\" rel=\"noopener\">Reynaers, A. &amp; G. de Graaf. (2014). \u201cPublic Values in Public-Private Partnerships\u201d, International Journal of Public Administration, 37(2) 120-128.<\/a><\/p>\n<p><a href=\"http:\/\/www.scielo.org.mx\/pdf\/gpp\/v22nspe\/v22nspea1.pdf\" target=\"_blank\" rel=\"noopener\">Criado, J. Ignacio &amp; Gil-Garc\u00eda, J. Ramon. (2013). \u00abElectronic Government, Public Policy and Management\u00bb (in Spanish) \u00abGobierno Electr\u00f3nico, Gesti\u00f3n y Pol\u00edticas P\u00fablicas\u00bb. Gesti\u00f3n y Pol\u00edtica P\u00fablica, 3-48. ISSN-e: 1405-1079.&nbsp;<\/a><\/p>\n<p><a href=\"https:\/\/doi.org\/10.1016\/j.giq.2013.10.003\" target=\"_blank\" rel=\"noopener\">Criado, J. Ignacio, Sandoval-Almaz\u00e1n, Rodrigo &amp; Gil-Garc\u00eda, Ram\u00f3n. (2013) \u00abGovernment Innovation in Government using Social Media\u00bb. Government Information Quarterly. 30(4):319-326.<\/a><\/p>\n<p><a href=\"https:\/\/recyt.fecyt.es\/index.php\/CyTET\/article\/view\/76227\" target=\"_blank\" rel=\"noopener\">Gonz\u00e1lez Medina, M. (2013): \u201cProcesos metropolitanos y planificaci\u00f3n estrat\u00e9gica en Europa: un enfoque de gobernanza territorial\u201d, Ciudad y Territorio. Estudios Territoriales, 177, 487-499.<\/a><\/p>\n<p><a href=\"https:\/\/dialnet.unirioja.es\/descarga\/articulo\/4527787.pdf\" target=\"_blank\" rel=\"noopener\">Gonz\u00e1lez Medina, M.; Bouzas Lorenzo, R.; X. Mahou Lago (2013): \u201cEl impacto de la producci\u00f3n normativa en el desarrollo y la capacidad de servicio de la e-salud en Espa\u00f1a\u201d, Revista de Estudios Pol\u00edticos, 162, 199-222 ISSN 0048-7696<\/a><\/p>\n<p><a href=\"https:\/\/research.vu.nl\/ws\/portalfiles\/portal\/824705\/Panorama+Social.pdf\" target=\"_blank\" rel=\"noopener\">Reynaers, A. (2013) \u201cConsenso y esfuerzo colectivo como fundamentos de la cultura pol\u00edtica holandesa\u201d, Panorama Social, 17, 63-68.<\/a><\/p>\n<p><a href=\"https:\/\/recyt.fecyt.es\/index.php\/RevEsPol\/article\/view\/40053\" target=\"_blank\" rel=\"noopener\">Criado, J. Ignacio &amp; Roberto Garc\u00eda Alonso. (2012). Democracy 2.0? An analysis of the deliberative potential of the political blogosphere. (in Spanish). \u00bfDemocracia 2.0? Un An\u00e1lisis del Potencial Deliberativo de la Blogosfera P\u00fablica. Revista de Estudios Pol\u00edticos 155: 71-99.&nbsp;<\/a><\/p>\n<p><a href=\"https:\/\/doi.org\/10.1177\/0894439310392189\" target=\"_blank\" rel=\"noopener\">Criado, J. Ignacio. (2012). \u2018Interoperability of Electronic Government for Building Intergovernmental Integration in the European Union\u2019. Social Science Computer Review 30(1): 37-60.&nbsp;<\/a><\/p>\n<p><a href=\"https:\/\/doi.org\/10.24965\/gapp.v0i7.9881\" target=\"_blank\" rel=\"noopener\">Gonz\u00e1lez Medina, M.; Fentanes Fortes, R., Murillo Gorozarri, B.; C. Voces L\u00f3pez (2012): \u201cCalidad y nuevas tecnolog\u00edas como ejes del proceso de modernizaci\u00f3n de la Administraci\u00f3n p\u00fablica: el enfoque integrado de la Escuela Gallega de Administraci\u00f3n P\u00fablica\u201d, Revista Gesti\u00f3n y An\u00e1lisis de Pol\u00edticas P\u00fablicas, 7, 91-124.<\/a><\/p>\n<p><a href=\"https:\/\/doi.org\/10.1109\/TLA.2011.6129711\" target=\"_blank\" rel=\"noopener\">Criado, J. Ignacio, M. Gasc\u00f3 y C. Jim\u00e9nez. &nbsp;(2011). \u2018Technological e-Government Interoperability. An Analysis of IberoAmerican Coutries\u2019. IEEE Latin America Transactions 9(7): 1112-1117.<\/a><\/p>\n<p><a href=\"http:\/\/old.clad.org\/portal\/publicaciones-del-clad\/revista-clad-reforma-democracia\/articulos\/050-junio-2011\/Interoperabilidad-de-Gobierno-electronico-en-Iberoamerica-Estudio-comparativo-y-recomendaciones-de-futuro\" target=\"_blank\" rel=\"noopener\">Criado, J. Ignacio, M. Gasc\u00f3 y C. Jim\u00e9nez. (2011). \u2018Interoperabilidad de Gobierno electr\u00f3nico en Iberoam\u00e9rica. Estudio Comparativo y Recomendaciones de Futuro\u2019. Reforma y Democracia 50:77-104.<\/a><\/p>\n<p>Graaf, de G., D. Van Doeveren, A. Reynaers &amp; Z. van der Wal. (2011) \u201cGoed Bestuur als management van spanningen tussen verschillende publieke waarden\u201d, Themanummer Bestuurskunde (2) 5-11.<\/p>\n<p><a href=\"https:\/\/www.inderscience.com\/info\/inarticle.php?artid=38608\" target=\"_blank\" rel=\"noopener\">Criado, J. Ignacio &amp; Guadalupe Mart\u00ednez. (2010). \u2018Political Blogs for Local Election Campaigning in Spain\u2019. International Journal of Electronic Governance 3(4): 395-413.&nbsp;<\/a><\/p>\n<p>Murillo Gorozarri, B.; Gonz\u00e1lez Medina, M.; R. Fentanes Fortes (2010): \u201cImagen y confianza en los funcionarios: valoraciones de los ciudadanos gallegos\u201d, Administraci\u00f3n &amp; Cidadan\u00eda, 5(2), 27-45.<\/p>\n<p><a href=\"https:\/\/dl.acm.org\/doi\/10.5555\/1834649.1834657\" target=\"_blank\" rel=\"noopener\">Criado, J. Ignacio. (2009). \u2018Europeanization of eGovernment Policy. Institutional Mechanisms and Implications for Public Sector Innovation\u2019. Information Polity 14(4): 315-330.<\/a><\/p>\n<\/div><\/div>\n\t\t\t\t\t\t\t\t\t<div class=\"elementor-tab-title elementor-tab-mobile-title\" aria-selected=\"false\" data-tab=\"2\" role=\"tab\" tabindex=\"-1\" aria-controls=\"elementor-tab-content-1632\" aria-expanded=\"false\">Books and book chapters<\/div>\n\t\t\t\t\t<div id=\"elementor-tab-content-1632\" class=\"elementor-tab-content elementor-clearfix\" data-tab=\"2\" role=\"tabpanel\" aria-labelledby=\"elementor-tab-title-1632\" tabindex=\"0\" hidden=\"hidden\"><p><\/p>\n<p class=\"MsoNormal\">Gonz\u00e1lez Medina, M. y S. De Gregorio Hurtado (2022): \u201cAnalysis of the Spanish Urban Agenda from a Policy Transfer Perspective. <span lang=\"EN-US\">Advancing to More Resilient Post-COVID Urban Areas\u201d, en: Gelli, F. y M. Basso (eds.): Identifying Models of National Urban Agendas. A View to the Global Transition, Palgrave MacMillan.&nbsp;<o:p><\/o:p><\/span><\/p>\n<p><a href=\"https:\/\/www.lajuridica.es\/politicas-urbanas-y-localizacion-de-los-objetivos-de-desarrollo-sostenible-9788413972350\/\" target=\"_blank\" rel=\"noopener\" style=\"background-color: rgb(255, 255, 255);\">Alonso Ib\u00e1\u00f1ez, M. R. (dir.), Gonz\u00e1lez Medina, M. y De Gregorio Hurtado, S. (coord.) (2021): Pol\u00edticas urbanas y localizaci\u00f3n de los ODS: Teor\u00eda y Pr\u00e1ctica, Valencia: Editorial Tirant lo Blanch.<\/a><br><\/p>\n<p><a style=\"background-color: #ffffff;\" href=\"https:\/\/www.libreriavirtuali.com\/inicio\/La-externalizaci%C3%B3n-de-servicios-p%C3%BAblicos-a-nivel-local-p319007703\" target=\"_blank\" rel=\"noopener\">Reynaers, A., Navarro, C., Gonz\u00e1lez Medina, M. y J. Rama (2021): La externalizaci\u00f3n de servicios p\u00fablicos a nivel local. Experiencias, competencias y desaf\u00edos de la gesti\u00f3n de los contratos. Madrid: Instituto Nacional de Administraci\u00f3n P\u00fablica.<\/a><\/p>\n<p><a style=\"background-color: #ffffff;\" href=\"https:\/\/www.editorialreus.es\/libros\/las-agendas-urbanas-y-el-gobierno-de-las-ciudades\/9788429023589\/\" target=\"_blank\" rel=\"noopener\">Alonso Ib\u00e1\u00f1ez, M.R. (dir.), De Gregorio Hurtado, S. y Gonz\u00e1lez Medina, M. (coord.) (2020). Las Agendas urbanas y el gobierno de las ciudades: Transformaciones, desaf\u00edos e instrumentos. Madrid: Editorial Reus.<\/a><\/p>\n<p><a style=\"background-color: #ffffff;\" href=\"https:\/\/dialnet.unirioja.es\/servlet\/libro?codigo=784299\" target=\"_blank\" rel=\"noopener\">Gonz\u00e1lez Medina, M. (2020): \u201cLa evaluaci\u00f3n de los ODS en las universidades: Herramienta de seguimiento para grupos de investigaci\u00f3n\u201d. En G\u00e1zquez Linares, J.J.; Molero Jurado, M.M; Martos Mart\u00ednez, A.; Barrag\u00e1n Mart\u00edn, A.B.; Sim\u00f3n M\u00e1rquez, M.M.; Sisto, M.; Del Pino Salvador, R.M.; Tortosa Mart\u00ednez, B.M. (comp.).&nbsp;Innovaci\u00f3n Docente e Investigaci\u00f3n en Ciencias Sociales, Econ\u00f3micas, y Jur\u00eddicas. Avanzando en el proceso de ense\u00f1anza-aprendizaje, Madrid: Editorial Dykinson, pp. 1019-1032.&nbsp;<\/a><\/p>\n<p><a style=\"background-color: #ffffff;\" href=\"http:\/\/springer.iq-technikum.de\/referenceworkentry\/10.1007\/978-3-319-31816-5_3955-1\" target=\"_blank\" rel=\"noopener\">Criado J. I., Dias T.F., Sano H. (2020) i-Labs and Public Administration: Public Innovation and the Future of Public Sector. In: Farazmand A. (ed.) Global Encyclopedia of Public Administration, Public Policy, and Governance. Springer.<\/a><\/p>\n<p>G\u00fcemes, C; Resina, J. (2020) \u201cProcesos colaborativos, creando confianza en y desde la administraci\u00f3n p\u00fablica\u201d. En Bernab\u00e9 Aldeguer y Gema Pastor (ed) Democracia, Gobierno y Administraci\u00f3n P\u00fablica Contempor\u00e1nea Editorial Tecnos.<\/p>\n<p>Rama, J. &amp; A. Reynaers &amp; C. Navarro &amp; M. Gonz\u00e1lez. (2020) \u201cLos servicios p\u00fablicos locales: calidad, externalizaci\u00f3n y control.\u201d Anuario de Derecho Municipal 2019, ed. P. Velasco. Instituto de Derecho Local, Universidad Aut\u00f3noma de Madrid. Marcial Pons, Ediciones Jur\u00eddicas y Sociales. 231-253.<\/p>\n<p>Rodr\u00edguez-Pinz\u00f3n, E. (2020). \u00abLa teor\u00eda de la Desecuritizaci\u00f3n posibilidades y desaf\u00edos\u00bb En Verdes-Montenegro; y Sanahuja (2020). 100 a\u00f1os de Relaciones Internacionales: una mirada reflexiva.<\/p>\n<div>\n<div><a href=\"https:\/\/www.funcas.es\/publicaciones_new\/Sumario.aspx?IdRef=9-08024\" target=\"_blank\" rel=\"noopener\">Chuli\u00e1, E., M. Miyar, J. Mu\u00f1oz, A. Reynaers &amp; P. Perard. (2019) \u201cM\u00e1s all\u00e1 de los negocios Miradas y visiones de empresarios sobre la econom\u00eda, la sociedad y la pol\u00edtica\u201d, FUNCAS. ISBN: 978-84-17609-21-4.<\/a><\/div>\n<div>&nbsp;<\/div>\n<div><a href=\"https:\/\/doi.org\/10.1007\/978-3-030-03008-7_46-1\" target=\"_blank\" rel=\"noopener\">Criado, J. I., Herranz, C. y Villodre, J. (2019). \u201cInformal Virtual Learning in the Public Sector: Educating Public Servants in Digital Social Innovation Environments\u201d. En Sullivan H., Dickinson H. y Henderson H. (eds.) (2019). The Palgrave Handbook of the Public Servant. Palgrave Macmillan, Cham.<\/a><\/div>\n<div>&nbsp;<\/div>\n<div><a href=\"https:\/\/eurosocial.eu\/wp-content\/uploads\/2019\/04\/07_tejiendo-confianzafinal.pdf\" target=\"_blank\" rel=\"noopener\">Gonz\u00e1lez Fuentes, S; G\u00fcemes, C; (2019) \u201cConfianza y Gobernanza: una relaci\u00f3n potencialmente fruct\u00edfera para la cohesi\u00f3n social\u201d En VV AA Tejiendo confianza para la cohesi\u00f3n social:una mirada a la confianza en Am\u00e9rica Latina, N\u00ba 7. Programa Eurosocial, pp 61-77.<\/a><\/div>\n<div>&nbsp;<\/div>\n<div><a href=\"https:\/\/eurosocial.eu\/wp-content\/uploads\/2019\/04\/07_tejiendo-confianzafinal.pdf\" target=\"_blank\" rel=\"noopener\">G\u00fcemes, C; (2019) \u201cMarco conceptual: confianza y cohesi\u00f3n social\u201d En VV AA Tejiendo confianza para la cohesi\u00f3n social: una mirada a la confianza en Am\u00e9rica Latina, N\u00ba 7. Programa Eurosocial, pp 7-29.<\/a><\/div>\n<div>&nbsp;<\/div>\n<div>Navarro, C. y M. Gonz\u00e1lez Medina (2019): \u201cEvoluci\u00f3n de las capacidades de los gobiernos locales en Espa\u00f1a: 1990-2015\u201d; en Grin, E.J; Completa, E.; Carrera Hern\u00e1ndez, A.P. y F.l. Abrucio (eds.) (2019): Capacidades estatales en gobiernos locales iberoamericanos &#8211; actualidad, brechas y perspectivas, S\u00e3o Paulo: FGV Editora, pp. 197-225 ISBN 978-85-225-2192-0<\/div>\n<div>&nbsp;<\/div>\n<div>Paanakker, H. &amp; A. Reynaers (2019). \u201cGood Governance in public service delivery: Explaining value contextuality in street level craftsmanship and public\u2014private partnerships\u201d. In De Graaf, G. (ed.) It is all about integrity, stupid. ISBN 978-94-6236-951-1 Eleven International Publishing. 135-144.<\/div>\n<div>&nbsp;<\/div>\n<div><a href=\"https:\/\/link.springer.com\/chapter\/10.1007\/978-3-030-21522-4_7\" target=\"_blank\" rel=\"noopener\">Reynaers. A. (2019) \u201cMission impossible for effectiveness? Service quality in public-private partnerships.\u201d &nbsp;In: Quality of governance: Values and violations. In Paanakker, H. Masters, A. &nbsp;&amp; L. Huberts (eds.). Palgrave Macmillan. ISBN: 978-3-030-21522-4.<\/a><\/div>\n<div>&nbsp;<\/div>\n<\/div>\n<div>\n<div><a href=\"https:\/\/doi.org\/10.1007\/978-3-319-73386-9_1\" target=\"_blank\" rel=\"noopener\">Criado, J. I., Pastor, V. y Villodre, J. (2018). \u201cMeasuring Social Media Diffusion in Local Governments from a Longitudinal Perspective: Adoption, Barriers, and Perceptions\u201d. En Sobaci, M. H. y Hatipoglu, I. (eds.) (2018). Sub-National Democracy and Politics Through Social Media. New York: Springer, 3-27.<\/a><\/div>\n<div>&nbsp;<\/div>\n<div><a href=\"http:\/\/libreria.cis.es\/libros\/ciudadanos-y-democracia-representativa-una-relacion-conflictiva-analisis-de-la-desconfianza-en-las-instituciones-en-espana\/9788474767865\/\" target=\"_blank\" rel=\"noopener\">De Marco, S; Ganuza, E.; &nbsp;G\u00fcemes, C.; Robles Morales,J.; Garc\u00eda Esp\u00edn; P. (2018) Ciudadanos y Democracia representativa: \u00bfUna relaci\u00f3n conflictiva? Analisis de la desconfianza en las instituciones en Espa\u00f1a. Centro de Investigaciones Sociol\u00f3gicas CIS, Colecci\u00f3n \u00abOpiniones y Actitudes\u00bb Num. 75, Madrid,&nbsp;<\/a><\/div>\n<div>&nbsp;<\/div>\n<div>G\u00fcemes, C; Resina, J.(2018) \u201cParticipaci\u00f3n ciudadana y confianza, un ejercicio de alquimia democr\u00e1tica\u201d En En Cecilia G\u00fcemes, Jorge Resina y C\u00e9sar Cruz-Rubio (eds.) Participaci\u00f3n ciudadana: experiencias inspiradoras en Espa\u00f1a, Centro de Estudios Pol\u00edticos y Constitucionales, Madrid pp. 73-84<\/div>\n<div>&nbsp;<\/div>\n<div><a href=\"http:\/\/www.cepc.gob.es\/publicaciones\/libros\/colecciones?IDP=2738\" target=\"_blank\" rel=\"noopener\">G\u00fcemes, Cecilia Jorge Resina y C\u00e9sar Cruz-Rubio (eds) (2018) Participaci\u00f3n ciudadana: experiencias inspiradoras en Espa\u00f1a, Centro de Estudios Pol\u00edticos y Constitucionales, Madrid.<\/a><\/div>\n<div>&nbsp;<\/div>\n<div><a href=\"https:\/\/link.springer.com\/referenceworkentry\/10.1007%2F978-3-319-20928-9_1334\" target=\"_blank\" rel=\"noopener\">Reynaers, A. \u201cPrivatization and Public Management\u201d (2018), A. Farazmand (ed.), Global Encyclopedia of Public Administration, Public Policy, and Governance, Springer International Publishing Switzerland.<\/a><\/div>\n<div>&nbsp;<\/div>\n<div>Gil-Garc\u00eda, J. Ramon, Criado, J. Ignacio, &amp; T\u00e9llez, Juan Carlos. (2017). Information Technology and Public Administration. Concepts, Approaches, Applications and Results (in Spanish) Tecnolog\u00edas de Informaci\u00f3n y Comunicaci\u00f3n en la Administraci\u00f3n P\u00fablica. Conceptos, Enfoques, Aplicaciones y Resultados. Ciudad de M\u00e9xico: INFOTEC. ISBN: 978-607-7763-24-6.<\/div>\n<\/div>\n<div>&nbsp;<\/div>\n<p><a href=\"http:\/\/www.cepal.org\/es\/publicaciones\/41353-gobierno-abierto-al-estado-abierto-america-latina-caribe\" target=\"_blank\" rel=\"noopener\">G\u00fcemes, C; Brugu\u00e9, Q.(2017) &nbsp;\u201cConfianza y Gobierno Abierto en Am\u00e9rica Latina\u201d &nbsp;En Nasser, A.; Ram\u00edrez- Alujas, A.y Rosales, D. (2017) Desde Gobierno Abierto al Estado Abierto en Am\u00e9rica Latina y el Caribe: hacia una nueva arquitectura para enfrentar los desaf\u00edos &nbsp;de la agenda 2030 para el Desarrollo Sostenible. Comisi\u00f3n Econ\u00f3mica para Am\u00e9rica Latina y el Caribe (CEPAL), Santiago de Chile. Pp 253-282.<\/a><\/p>\n<p>Parrado, S. &amp; A. Reynaers. (2017) \u201cValores p\u00fablicos y sector privado, \u00bfuna cuesti\u00f3n de control o de confianza? \u201d Madrid: Instituto Nacional de Administraci\u00f3n P\u00fablica.<\/p>\n<div>\n<div>Criado, J. I. y Villodre, J. (2016). \u201cCrowdsourcing y plataformas colaborativas en las administraciones p\u00fablicas. \u00bfHacia un WikiGovernment?\u201d. En Criado, J. I. (ed.) (2016). Nuevas tendencias en la gesti\u00f3n p\u00fablica. Innovaci\u00f3n abierta, gobernanza inteligente y tecnolog\u00edas sociales en unas administraciones p\u00fablicas colaborativas. Madrid: Instituto Nacional de Administraci\u00f3n P\u00fablica, 95-119.<\/div>\n<\/div>\n<div>&nbsp;<\/div>\n<p>G\u00fcemes, C (2016) Tr\u00e1tame suavemente. Confianza Social en Am\u00e9rica Latina, con la lupa en Argentina. Flacso Secretar\u00eda General.<\/p>\n<p><a href=\"http:\/\/eapc.gencat.cat\/web\/.content\/home\/publicacions\/col_leccio_obres_digitals\/20_casos_exito_redes_sociales\/Casos-de-exito-en-RSD-de-las-AA-PP.pdf\" target=\"_blank\" rel=\"noopener\">Criado, J. Ignacio (ed. w\/ Rojas, Francisco) (2015). Success Cases of Social Media in Government (in Spanish) Casos de \u00c9xito en Redes Sociales de Administraciones P\u00fablicas Barcelona: Escola d&#8217;Administraci\u00f3 P\u00fablica de Catalunya. ISBN-13 978-84-606-5557-2<\/a>.<\/p>\n<p><a href=\"https:\/\/doi.org\/10.1007\/978-3-319-17722-9_8.\" target=\"_blank\" rel=\"noopener\">Criado, J. Ignacio &amp; Rojas, Francisco. (2015). Adopting Social Media in the Local Governments. Towards a Public Administration 2.0?. In Social Media and Local Governments: Theory and Practice, ed. M. Z. Sobaci. New York: Springer, pp. 135-152.<\/a><\/p>\n<p><a href=\"http:\/\/www.marcialpons.es\/libros\/desafeccion-politica-y-gobernabilidad-el-reto-politico\/9788416402878\/\" target=\"_blank\" rel=\"noopener\">G\u00fcemes, C; (2015) \u201c(Des) Confianza en el Sector P\u00fablico: \u00bfs\u00edntomas de un bajo rendimiento de los gobiernos y las burocracias latinoamericanas? En Ludolfo Paramio (coord) (2015) Desafecci\u00f3n pol\u00edtica y gobernabilidad: el reto pol\u00edtico. Marcial Pons, IELAT-CAF Madrid, Espa\u00f1a.Pp 109-125&nbsp;<\/a><\/p>\n<p><a href=\"http:\/\/www.polifemo.com\/ficha_libro.php?isbn=9788416335053\" target=\"_blank\" rel=\"noopener\">G\u00fcemes, C; (2015) \u201cNeoliberalismo, pol\u00edticas de bienestar y confianza social. Una mirada desde el caso argentino; notas preliminares\u201d. En Gonz\u00e1lez Leandri, Ricardo; Gonz\u00e1lez Bernaldo de Quir\u00f3s, Pilar y Galera, Andr\u00e9s (coord.) (2015) Regulaci\u00f3n social y Estado en Am\u00e9rica Latina. Del liberalismo al neoliberalismo (Siglo XIX-XXI): saberes, actores e instituciones. Madrid, Ed. Polifemo, pp. 426-454<\/a><\/p>\n<p><a href=\"https:\/\/dare.uva.nl\/search?identifier=2359bf54-55ca-4b51-8a5b-48f3cd20647c\" target=\"_blank\" rel=\"noopener\">Reynaers, A. (2015) \u201cSturen met de riemen die je hebt: werkt dat? Een meervoudige case studie naar het gebruik van contracten, prestatiemonitoring en prestatie afhankelijke betaling in DBFMO\u201d, in M. Sanders (ed.). Publiek-Private Samenwerking: kunst van het evenwicht; Boom, Lemma. ISBN: 978-94-6236-580-3, p. 41-60.<\/a><\/p>\n<p><a href=\"https:\/\/link.springer.com\/chapter\/10.1007%2F978-1-4614-9982-4_12.\" target=\"_blank\" rel=\"noopener\">Criado, J. Ignacio &amp; David F. Barrero (2014). \u2018Analyzing the Digital Divide and Electronic Government Demand. An Empirical Research of the Spanish Case\u2019. En Measuring e-Government Efficiency. The Opinions of Public Administrators and Other Stakeholders, ed. M.P. Rodr\u00edguez-Bolivar. Nueva York: Springer, pp. 213-232.&nbsp;<\/a><\/p>\n<div>\n<div>Reynaers, A. (2014). \u201cIt takes two to tangle: Public Private Partnerships and their impact on Public values.\u201d Doctoral thesis, VU University Amsterdam. ISBN 978 90 90280912.<\/div>\n<div>&nbsp;<\/div>\n<div>V.V.A.A. (Rodr\u00edguez Pinz\u00f3n, E.) (2014).&nbsp;Fiscalidad y financiaci\u00f3n del desarrollo de Am\u00e9rica Latina, en la pol\u00edtica de cooperaci\u00f3n espa\u00f1ola. Libro colectivo dirigido por Jes\u00fas Ruiz Huerta, varios autores. Fundaci\u00f3n Alternativas, AECID.<\/div>\n<div>&nbsp;<\/div>\n<\/div>\n<p><a href=\"http:\/\/eapc.gencat.cat\/ca\/detalls\/Article\/od_15_redes_sociales\" target=\"_blank\" rel=\"noopener\">Criado, J. Ignacio (ed. w\/ Rojas, Francisco) (2013). Social Media in Public Policy and Management. Progresses and Challenges for an Open Goverment (in Spanish) Las Redes Sociales Digitales en la Gesti\u00f3n y las Pol\u00edticas P\u00fablicas. Avances y Desaf\u00edos para un Gobierno Abierto. Barcelona: Escola d&#8217;Administraci\u00f3 P\u00fablica de Catalunya. ISBN-10 84-695-9397-8 ISBN-13 978-84-695-9397-4.<\/a><\/p>\n<p><a href=\"https:\/\/link.springer.com\/chapter\/10.1007\/978-1-4614-1448-3_14\" target=\"_blank\" rel=\"noopener\">Criado, J. Ignacio, Guadalupe Mart\u00ednez &amp; Aitor Silv\u00e1n. (2012). \u2018Social Media for Political Campaigning. The Use of Twitter by Spanish Mayors in 2011 Local Elections\u2019. In Web 2.0 Technologies and Democratic Governance: Political, Policy and&nbsp;Management Implications, ed. Ch. G. Reddick &amp; S.K. Aikins. New York: Springer, pp. 219-232.<\/a><\/p>\n<p>Reynaers, A. (2012) \u201cIntegriteit en publieke waarden in publiek-private context\u201d, in J. Van den Heuvel, L. Huberts and E. Muller (Eds.) Integriteit; Kluwer: Deventer, p. 417-426.<\/p>\n<div>Gonz\u00e1lez Medina, M. (2010): Gobernanza y gesti\u00f3n de las ciudades en la Uni\u00f3n Europea. Casos de Santiago de Compostela y Konstanz (Alemania), Tesis doctoral, Santiago de Compostela: Universidad de Santiago de Compostela ISBN 978-84-9887-238-5<\/div>\n<div>&nbsp;<\/div>\n<p><a href=\"https:\/\/www.igi-global.com\/chapter\/building-digital-government-regions\/40464\" target=\"_blank\" rel=\"noopener\">Criado, J. Ignacio. (2009). &#8216;Building the Digital Government in Regions\u2019. In Systems Thinking and eParticipation. ICTs in the Governance of Societies, ed. J. R. C\u00f3rdoba y A. Ochoa-\u00c1rias. Hershey: IGI Global, pp. 90-112.<\/a><\/p>\n<p>Criado, J. Ignacio. (2009). Entre Sue\u00f1os Ut\u00f3picos y Visiones Pesimistas. Las TIC en la Modernizaci\u00f3n de las Administraciones P\u00fablicas. Madrid: Instituto Nacional de Administraci\u00f3n P\u00fablica.<\/p>\n<div>Gonz\u00e1lez Medina, M. (2007): \u00abParticipation: the necessary condition for the administration and the democracy reform in the local political sphere\u00bb, en: Schaap, L: \u00abTensions between Local Governance and Local Democracy\u00bb, The Hague: Reed Elsevier, pp. 93-112. ISBN 978-90-3524-176-3<\/div><\/div>\n\t\t\t\t\t\t\t\t\t<div class=\"elementor-tab-title elementor-tab-mobile-title\" aria-selected=\"false\" data-tab=\"3\" role=\"tab\" tabindex=\"-1\" aria-controls=\"elementor-tab-content-1633\" aria-expanded=\"false\">Other documents<\/div>\n\t\t\t\t\t<div id=\"elementor-tab-content-1633\" class=\"elementor-tab-content elementor-clearfix\" data-tab=\"3\" role=\"tabpanel\" aria-labelledby=\"elementor-tab-title-1633\" tabindex=\"0\" hidden=\"hidden\"><p><span style=\"background-color: rgb(255, 255, 255);\"><a href=\"https:\/\/itgespub.net\/wp-content\/uploads\/2023\/03\/Innovacion-Ayuntamientos-V6.pdf\">Criado, J. I., Alcaide, L. y Liarte, I. (2023). Perspectivas sobre la innovaci\u00f3n en los ayuntamientos espa\u00f1oles: Un an\u00e1lisis de las percepciones de los responsables de innovaci\u00f3n p\u00fablica en los municipios de mayor tama\u00f1o. Lab Innovaci\u00f3n, Tecnolog\u00eda y Gesti\u00f3n P\u00fablica.<\/a><\/span><\/p>\n<p><a href=\"https:\/\/caagenda2030.uniovi.es\/4-guia-simplificada-de-diseno-ejecucion-e-incorporacion-de-la-agenda-2030-para-concejos-asturianos-es\" target=\"_blank\" style=\"background-color: rgb(255, 255, 255);\">Alonso Ib\u00e1\u00f1ez, M.R. (dir); De Gregorio Hurtado, S. y Gonz\u00e1lez Medina (coord.) (2022). Gu\u00eda simplificada de dise\u00f1o, ejecuci\u00f3n e incorporaci\u00f3n de la Agenda 2030 para los concejos asturianos.<\/a><br><\/p>\n<p><a href=\"https:\/\/transparencia.gob.es\/transparencia\/dam\/jcr:fb9182fb-571a-4ecc-98c1-9c6817824112\/guia_gobierno_abierto_EP.pdf\" target=\"_blank\" style=\"background-color: rgb(255, 255, 255);\">Criado, J. I. y Guevara G\u00f3mez, A. (2022). Gu\u00eda de Gobierno Abierto para Empleadas y Empleados P\u00fablicos. Ministerio de Hacienda y Funci\u00f3n P\u00fablica.<\/a><\/p>\n<p><a href=\"https:\/\/www.idluam.org\/blog\/wp-content\/uploads\/2022\/12\/2022_InformePPL_FONDOS_EUROPEOS_v0.pdf\" target=\"_blank\" style=\"background-color: rgb(255, 255, 255);\">Navarro, C.; Alba, D.; Egea, A.; Gonz\u00e1lez Medina, M.; Sevillano, A. y J.A. Escobar Barbosa (2022): \u201cAyuntamientos y captaci\u00f3n de<\/a><br><\/p>\n<p><a href=\"https:\/\/www.idluam.org\/blog\/wp-content\/uploads\/2022\/12\/2022_InformePPL_FONDOS_EUROPEOS_v0.pdf\" target=\"_blank\">Fondos Europeos. Estudio de la capacidad de los municipios madrile\u00f1os para captar y gestionar Fondos Europeos\u201d, Informe de Pol\u00edticas p\u00fablicas, Instituto de Derecho Local, n\u00ba XI.<\/a><\/p>\n<div>\n<a href=\"https:\/\/www.revistatransparencia.com\/ojs\/index.php\/ret\/article\/view\/213\/319\" target=\"_blank\">Villodre, J. (2022). Libro: La implementaci\u00f3n y los efectos de la normativa de transparencia en los Gobiernos locales de mayor poblaci\u00f3n (2021). Jaume Magre, Lluis Medir, Esther Pano, Joan Josep Vallb\u00e9 y Jos\u00e9 Luis Mart\u00ednez-Alonso. Revista Espa\u00f1ola de la Transparencia, 14, 255-259.<\/a><\/div>\n<div>\n<p><br><\/p>\n<p><a style=\"background-color: #ffffff;\" href=\"https:\/\/www.idluam.org\/blog\/como-esta-funcionado-la-ley-de-contratos-del-sector-publico-a-nivel-local-los-gestores-de-contratos-de-servicios-publicos-nos-lo-cuentan\/\" target=\"_blank\" rel=\"noopener\">Gonz\u00e1lez Medina, M. (2021): \u00bfC\u00f3mo est\u00e1 funcionado la Ley de Contratos del Sector P\u00fablico a nivel local? Los gestores de contratos de servicios p\u00fablicos nos lo cuentan. Entrada para el Blog del Instituto de Derecho Local, 10 de marzo de 2021.<\/a><\/p>\n<p><a href=\"https:\/\/elpais.com\/tecnologia\/2021-07-06\/una-inteligencia-artificial-feminista-es-posible-y-necesaria.html\" target=\"_blank\" style=\"background-color: rgb(255, 255, 255);\">Ortiz de Z\u00e1rate Alcarazo, L. y Guevara G\u00f3mez, A. (2021). Una inteligencia artificial feminista es posible (y necesaria). El Pa\u00eds, 6 julio de 2021<\/a>.<\/p>\n<p><a href=\"https:\/\/compolitica.com\/wp-content\/uploads\/2021\/12\/N66_Eta2_La_revista_de_ACOP_Diciembre2021.pdf\" target=\"_blank\" style=\"background-color: rgb(255, 255, 255);\">Villodre, J. (2021). Hacia el derecho a entender: diagn\u00f3stico del problema. La revista de ACOP, segunda etapa, 66, diciembre de 2021.&nbsp;<\/a><br><\/p>\n<p><a href=\"https:\/\/theconversation.com\/twitter-un-espacio-de-colaboracion-entre-administraciones-publicas-y-ciudadania-133306\" target=\"_blank\" rel=\"noopener\" style=\"background-color: rgb(255, 255, 255);\">Criado, J. I. y Villodre, J. (2020). Twitter, un espacio de colaboraci\u00f3n entre administraciones p\u00fablicas y ciudadan\u00eda. The Conversation.&nbsp;<\/a><br><\/p>\n<p><a href=\"https:\/\/www.idluam.org\/blog\/esta-preparada-la-administracion-local-para-la-transicion-digital-situacion-y-oportunidades-para-la-recuperacion\/\" target=\"_blank\" rel=\"noopener\">Gonz\u00e1lez Medina, M. (2020): \u00bfEst\u00e1 preparada la Administraci\u00f3n local para la transici\u00f3n digital? Situaci\u00f3n y oportunidades para la recuperaci\u00f3n. Entrada para el Blog del Instituto de Derecho Local, 17 de junio de 2020.&nbsp;<\/a><\/p>\n<p><a href=\"https:\/\/elpais.com\/ciencia\/2020-06-02\/por-que-confiamos-en-la-ciencia.html\" target=\"_blank\" rel=\"noopener\">Ortiz de Z\u00e1rate, L. (2020). \u00bfPor qu\u00e9 confiamos en la ciencia? El Pa\u00eds.<\/a><\/p>\n<p><a href=\"https:\/\/www.fundacionalternativas.org\/public\/storage\/publicaciones_archivos\/01742b506ae7820578598658e2d22d15.pdf\" target=\"_blank\" rel=\"noopener\">Rodr\u00edguez-Pinz\u00f3n, E. M. (coordinadora) (2020). Informe Iberoam\u00e9rica 2020: Am\u00e9rica Latina entre la Protesta y la pandemia. Fundaci\u00f3n Alternativas.<\/a><\/p>\n<p><a href=\"https:\/\/theconversation.com\/colaboracion-en-red-para-salvar-vidas-infocoronavirus-y-yomequedoencasa-134462\" target=\"_blank\" rel=\"noopener\">Villodre, J. y Criado, J. I. (2020). Colaboraci\u00f3n en red para salvar vidas: #INFOCoronavirus y #YoMeQuedoEnCasa. The Conversation.&nbsp;<\/a><\/p>\n<p><a href=\"https:\/\/theconversation.com\/asi-tuitean-las-instituciones-publicas-ante-emergencias-como-los-incendios-de-gran-canaria-122167\" target=\"_blank\" rel=\"noopener\">Criado, J. I. y Villodre, J. (2019). As\u00ed tuitean las instituciones p\u00fablicas ante emergencias como los incendios de Gran Canaria. The Conversation.&nbsp;<\/a><\/p>\n<p>Herranz, C., Escudero, R. D., Muelas, D., &amp; Sauli\u00e8re, S. (2019). \u201cEstrategias en Comunidades y Redes Sociales Digitales para Fomentar las Pr\u00e1cticas Participativas\u201d. GIGAPP Estudios Working Papers, 6 (111-115), 28-48.<\/p>\n<p><a href=\"https:\/\/analiticapublica.es\/comunidades-y-redes-la-base-de-la-participacion-digital-efectiva\/\" target=\"_blank\" rel=\"noopener\">Herranz, C. (2019) Comunidades y redes: la base de la participaci\u00f3n digital efectiva. Anal\u00edtica P\u00fablica, el blog sobre Transformaci\u00f3n Digital y Administraciones P\u00fablicas.<\/a><\/p>\n<p><a href=\"https:\/\/theconversation.com\/que-se-encuentran-los-universitarios-al-acceder-al-mercado-laboral-110946\" target=\"_blank\" rel=\"noopener\">Herranz, C y Muelas, D. (2019) Qu\u00e9 se encuentran los universitarios al acceder al mercado laboral. The Conversation. 2019.<\/a><\/p>\n<p><a href=\"https:\/\/www.universidadsi.es\/la-incorporacion-de-los-estudiantes-universitarios-al-mercado-laboral-fortalezas-y-dificultades\/\" target=\"_blank\" rel=\"noopener\">Herranz, C y Muelas, D. (2019) La incorporaci\u00f3n de los estudiantes universitarios al mercado laboral: fortalezas y dificultades. Blog de Universidads\u00ed.<\/a><\/p>\n<p><a href=\"http:\/\/agendapublica.elpais.com\/el-debate-politico-espanol-en-la-camara-de-eco-de-twitter\/\" target=\"_blank\" rel=\"noopener\">Villodre, J. (2019). El debate pol\u00edtico espa\u00f1ol en la \u201cc\u00e1mara de eco\u201d de Twitter. Agenda P\u00fablica.<\/a><\/p>\n<p><a href=\"https:\/\/novagob.org\/wp-content\/uploads\/2018\/12\/NovaGob_Academia_3.pdf\" target=\"_blank\" rel=\"noopener\">Criado, J. I., Pastor, V. y Villodre, J. (2018). Big data y administraciones p\u00fablicas en redes sociales. Un estudio sobre las comunidades digitales de los ayuntamientos espa\u00f1oles. Colecci\u00f3n NovaGob Academia.<\/a><\/p>\n<p><a href=\"https:\/\/www.universidadsi.es\/distribucion-salarial-de-los-contratos-predoctorales-en-espana\/\" target=\"_blank\" rel=\"noopener\">Herranz, C y Muelas, D (2018) Distribuci\u00f3n salarial de los contratos predoctorales en Espa\u00f1a. Blog de Universidads\u00ed<\/a>.<\/p>\n<p>Pablo, L., Rodr\u00edguez-Pinz\u00f3n, E. y Duarte, J. A (2018). Informe de evaluaci\u00f3n independiente del Programa SIMCI. Oficina de Evaluaci\u00f3n Independiente de UNODC, Viena.<\/p>\n<p><a href=\"https:\/\/novagob.org\/wp-content\/uploads\/2017\/05\/Novagob_Academia_2_RRSS_Aytos_vFinal_20170516-ilovepdf-compressed.pdf\" target=\"_blank\" rel=\"noopener\">Criado, J. I., Pastor, V. y Villodre, J. (2017). Redes sociales digitales en los ayuntamientos espa\u00f1oles. Colecci\u00f3n NovaGob Academia.<\/a><\/p>\n<p><a href=\"https:\/\/www.universidadsi.es\/los-incentivos-laborales-del-posgrado-universitario-espana\/\" target=\"_blank\" rel=\"noopener\">Herranz, C (2017) Los incentivos laborales del posgrado universitario. Blog de Universidads\u00ed.<\/a><\/p>\n<p><a href=\"https:\/\/www.universidadsi.es\/radiografia-los-predoctorales-espana\/\" target=\"_blank\" rel=\"noopener\">Herranz, C (2017) Radiograf\u00eda de los predoctorales en Espa\u00f1a. Blog de Universidads\u00ed<\/a>.<\/p>\n<p><a href=\"https:\/\/novagob.org\/wp-content\/uploads\/2017\/05\/NovagobAcademia_2016_1_GobiernoAbierto-AALL.pdf\" target=\"_blank\" rel=\"noopener\">Criado, J. Ignacio, y Ruvalcaba, E. (2016). \u00bfQu\u00e9 es y qu\u00e9 se entiende por Gobierno Abierto? An\u00e1lisis de la percepci\u00f3n e implementaci\u00f3n del Gobierno Abierto en el \u00e1mbito local espa\u00f1ol. NovaGobAcademia 1.<\/a><\/p>\n<p><a href=\"https:\/\/www.universidadsi.es\/la-percepcion-la-ciencia-la-tecnologia-perspectiva-genero-papel-las-universidades\/\" target=\"_blank\" rel=\"noopener\">Herranz, C (2016) La percepci\u00f3n de la ciencia y la tecnolog\u00eda en perspectiva de g\u00e9nero. Blog de Universidads\u00ed<\/a>.<\/p>\n<p>Criado, J. Ignacio (w\/ Rafael E. Valenzuela &amp; Edgar Ruvalcaba) (2015). Measuring the Impact of the Open Government Partnership in Member States using an Implementation Size Model.&nbsp;<\/p>\n<p>Diban, M. y Rodr\u00edguez-Pinz\u00f3n, E. M. (2015). Informe de evaluaci\u00f3n independiente de medio t\u00e9rmino \u201cFortalecimiento del Estado de Derecho, la Seguridad y la Justicia en el Paraguay\u201d Programa Nacional Integrado para el Paraguay 2011-2014; Oficina de Evaluaci\u00f3n Independiente; Oficina de las Naciones Unidas contra las Drogas y el Delito; Viena.<\/p>\n<p>Alternative Development Programe in Colombia \/Programa de Desarrollo Alternativo en Colombia (2014); informe de evaluaci\u00f3n independiente. Participaci\u00f3n de Erika M. Rodr\u00edguez Pinz\u00f3n en conjunto con otros autores, Dirigido por Rodrigo Daza. Oficina de las Naciones Unidas contra las Drogas y el Delito.<\/p>\n<p><a href=\"https:\/\/www.fundacionalternativas.org\/laboratorio\/documentos\/documentos-de-trabajo\/el-impacto-de-la-crisis-sobre-el-tejido-social-solidario-de-espana-efectos-y-reaccion-de-las-ongd-frente-a-la-crisis\" target=\"_blank\" rel=\"noopener\">Cascante, K. y Rodr\u00edguez-Pinz\u00f3n, E. M. (2014). El impacto de la crisis sobre el tejido social solidario de Espa\u00f1a: efectos y reacci\u00f3n de las ONGD frente a la crisis. Laboratorio de Ideas de Fundaci\u00f3n Alternativas; Fundipax.<\/a><\/p>\n<p><a href=\"https:\/\/saludporderecho.org\/wp-content\/uploads\/2014\/03\/Documento-Economistas.pdf\" target=\"_blank\" rel=\"noopener\">de la Rocha, M. y Rodr\u00edguez-Pinz\u00f3n, E. M. (2014). El impuesto a las transacciones financieras en el marco de cooperaci\u00f3n reforzada de la UE: Evoluci\u00f3n y Perspectivas, Salud por Derecho y Economistas Frente a la Crisis.<\/a><\/p>\n<p><a href=\"https:\/\/www.ciecode.es\/assets\/documents\/201011-Informe-FINAL-Ciecode-MdelaRocha-ERodriguez.pdf\" target=\"_blank\" rel=\"noopener\">de la Rocha, M. y Rodr\u00edguez-Pinz\u00f3n, E. M. (2011). Gobernanza global e instituciones multilaterales. Hacia una pol\u00edtica de desarrollo global sostenible. CIECODE, Libro Blanco de la Pol\u00edtica de Desarrollo de Espa\u00f1a.<\/a><\/p>\n<\/div><\/div>\n\t\t\t\t\t\t\t<\/div>\n\t\t<\/div>\n\t\t\t\t\t\t<\/div>\n\t\t\t\t<\/div>\n\t\t\t\t<div class=\"elementor-element elementor-element-66056c7 elementor-tabs-view-horizontal elementor-widget elementor-widget-tabs\" data-id=\"66056c7\" data-element_type=\"widget\" data-e-type=\"widget\" data-widget_type=\"tabs.default\">\n\t\t\t\t<div class=\"elementor-widget-container\">\n\t\t\t\t\t\t\t<div class=\"elementor-tabs\">\n\t\t\t<div class=\"elementor-tabs-wrapper\" role=\"tablist\" >\n\t\t\t\t\t\t\t\t\t<div id=\"elementor-tab-title-1061\" class=\"elementor-tab-title elementor-tab-desktop-title\" aria-selected=\"true\" data-tab=\"1\" role=\"tab\" tabindex=\"0\" aria-controls=\"elementor-tab-content-1061\" aria-expanded=\"false\">Journals<\/div>\n\t\t\t\t\t\t\t\t\t<div id=\"elementor-tab-title-1062\" class=\"elementor-tab-title elementor-tab-desktop-title\" aria-selected=\"false\" data-tab=\"2\" role=\"tab\" tabindex=\"-1\" aria-controls=\"elementor-tab-content-1062\" aria-expanded=\"false\">Books and book chapters<\/div>\n\t\t\t\t\t\t\t\t\t<div id=\"elementor-tab-title-1063\" class=\"elementor-tab-title elementor-tab-desktop-title\" aria-selected=\"false\" data-tab=\"3\" role=\"tab\" tabindex=\"-1\" aria-controls=\"elementor-tab-content-1063\" aria-expanded=\"false\">Other documents<\/div>\n\t\t\t\t\t\t\t<\/div>\n\t\t\t<div class=\"elementor-tabs-content-wrapper\" role=\"tablist\" aria-orientation=\"vertical\">\n\t\t\t\t\t\t\t\t\t<div class=\"elementor-tab-title elementor-tab-mobile-title\" aria-selected=\"true\" data-tab=\"1\" role=\"tab\" tabindex=\"0\" aria-controls=\"elementor-tab-content-1061\" aria-expanded=\"false\">Journals<\/div>\n\t\t\t\t\t<div id=\"elementor-tab-content-1061\" class=\"elementor-tab-content elementor-clearfix\" data-tab=\"1\" role=\"tabpanel\" aria-labelledby=\"elementor-tab-title-1061\" tabindex=\"0\" hidden=\"false\"><p class=\"MsoNormal\">Criado, J. I., &amp; de Zarate-Alcarazo, L. O. (2022). <span lang=\"EN-US\">Technological frames, CIOs, and\nArtificial Intelligence in public administration: A socio-cognitive exploratory\nstudy in Spanish local governments. <\/span>Government Information Quarterly,\n39(3), 101688.<o:p><\/o:p><\/p><p class=\"MsoNormal\"><a href=\"https:\/\/doi.org\/10.1016\/j.giq.2021.101643\" target=\"_blank\">Criado, J. I., y Villodre, J. (2022). Revisiting social media institutionalization in government. An empirical analysis of barriers. Government information quarterly, 39(2), 101643.<\/a><br><\/p>\n<p class=\"MsoNormal\"><a href=\"https:\/\/doi.org\/10.24965\/gapp.11065\" target=\"_blank\" style=\"background-color: rgb(255, 255, 255);\">Gonz\u00e1lez Medina, M. y Navarro, C. (2022). Capacidad institucional y contrataci\u00f3n p\u00fablica. Experiencias de aprendizaje organizativo informal en la&nbsp;administraci\u00f3n local. Gesti\u00f3n y An\u00e1lisis de Pol\u00edticas P\u00fablicas, (29), 88-102.<\/a><\/p>\n<p class=\"MsoNormal\"><a href=\"https:\/\/doi.org\/10.1108\/TG-08-2020-0242\" target=\"_blank\" style=\"background-color: rgb(255, 255, 255);\">Criado, J. I., y Guevara-G\u00f3mez, A. (2021). Public sector, open innovation, and collaborative governance in lockdown times. A research of Spanish cases during the COVID-19 crisis. Transforming Government: People, Process and Policy, 15(4), 612\u2013626.<\/a><br><\/p>\n<p><a href=\"https:\/\/doi.org\/10.1080\/03003930.2020.1729750\" target=\"_blank\">Criado, J. I. y Villodre, J. (2021). Delivering public services through social media in European local governments. An interpretative framework using semantic algorithms. Local Government Studies, 47(2), 253-275. &nbsp;<\/a><\/p>\n<p><a href=\"https:\/\/doi.org\/10.3390\/su13105519\" target=\"_blank\" rel=\"noopener\" style=\"background-color: rgb(255, 255, 255);\">Garc\u00eda Pe\u00f1a, C., Gonz\u00e1lez Medina, M. y D\u00edaz Sarachaga, J. M. (2021). Assessment of the Governance Dimension in the Frame of the 2030 Agenda: Evidence from 100 Spanish Cities. Sustainability, 13, 5519.&nbsp;<\/a><br><\/p>\n<p><a href=\"https:\/\/content.iospress.com\/articles\/information-polity\/ip200299\" target=\"_blank\" style=\"background-color: rgb(255, 255, 255);\">Guevara-G\u00f3mez, A., de Z\u00e1rate-Alcarazo, L. O., y Criado, J. I. (2021). Feminist perspectives to artificial intelligence: Comparing the policy frames of the European Union and Spain. Information Polity, 26(2), 173-192.&nbsp;&nbsp;<\/a><\/p>\n<p><a href=\"https:\/\/doi.org\/10.29265\/gypp.v30i1.826\" target=\"_blank\" rel=\"noopener\" style=\"background-color: rgb(255, 255, 255); color: rgb(68, 63, 63); outline: 0px;\">Parrado, S., y Reynaers, A. M. (2021). La gesti\u00f3n de los valores p\u00fablicos en asociaciones p\u00fablico-privadas concesionales. Gesti\u00f3n y pol\u00edtica p\u00fablica, 30(1), 163-196.<\/a><br><\/p>\n<p><a href=\"https:\/\/doi.org\/10.24965\/gapp.i26.10845\" target=\"_blank\" rel=\"noopener\">Villodre, J. y Criado, J. I. (2021). Colaboraci\u00f3n entre administraciones p\u00fablicas y ciudadan\u00eda en Twitter durante la crisis del Covid-19 en Espa\u00f1a. Gesti\u00f3n Y An\u00e1lisis De Pol\u00edticas P\u00fablicas, 26, 81-91.&nbsp;<\/a><\/p>\n<div>\n<p><a href=\"http:\/\/dx.doi.org\/10.3233\/IP-210316\" target=\"_blank\" rel=\"noopener\">Villodre, J., Criado, J. I., Meijer, A. y Liarte, I. (2021).&nbsp;Organizational models for social media institutionalization: An exploratory analysis of Dutch local governments. Information Polity, 26(4), 355-373.&nbsp;<\/a><\/p>\n<\/div>\n<div>\n<p><a style=\"background-color: #ffffff;\" href=\"https:\/\/doi.org\/10.18042\/cepc\/rep.192.07\" target=\"_blank\" rel=\"noopener\">Villodre, J., Reynaers, A. M. y Criado, J. I. (2021). Transparencia externa y redes sociales. Los roles diferenciales de ministerios y organismos p\u00fablicos estatales en Twitter. Revista de Estudios Pol\u00edticos, 192, 191-220.<\/a><\/p>\n<p><a style=\"background-color: #ffffff;\" href=\"https:\/\/doi.org\/10.1145\/3416089\" target=\"_blank\" rel=\"noopener\">Criado, J. I., Guevara-G\u00f3mez, A. y Villodre, J. (2020). Using Collaborative Technologies and Social Media to Engage Citizens and Governments during the COVID-19 Crisis. The Case of Spain. Digital Government: Research and Practice, 1(4).<\/a><\/p>\n<p><\/p>\n<p><a href=\"https:\/\/www.tandfonline.com\/doi\/full\/10.1080\/01900692.2020.1729181\" target=\"_blank\" rel=\"noopener\">Criado, J. Ignacio, Dias, Thiago, Sano, Hironobu, Silv\u00e1n, Aitor, and Isidro, Antonio. (2020). \u2018Public Innovation and Living Labs in Action: A Comparative Analysis in post-New Public Management Contexts\u2019. International Journal of Public Administration.<\/a><\/p>\n<p><a href=\"https:\/\/revistes.udg.edu\/pedagogia_i_treball_social\/article\/view\/22395\" target=\"_blank\" rel=\"noopener\">G\u00fcemes, C; Resina, J. (2020) \u201cLa escucha como estrategia para cultivar confianza: la experiencia de Madrid\u201d, Pedagogia i Treball Social, Vol 9 N1.&nbsp;<\/a><\/p>\n<p><a href=\"https:\/\/doi.org\/10.1080\/10999922.2020.1715128\" target=\"_blank\" rel=\"noopener\">Paanakker, H. &amp; A. Reynaers (2020). \u201cValue Contextuality in Public Service Delivery: An analysis of street level craftsmanship and public\u2014private partnerships\u201d Public Integrity.<\/a><\/p>\n<p><a href=\"https:\/\/dialnet.unirioja.es\/servlet\/articulo?codigo=7485618\" target=\"_blank\" rel=\"noopener\">Rama, J.; Reynaers, A-M.; Navarro, C. y Gonz\u00e1lez Medina, M. (2020): \u201cLos servicios p\u00fablicos locales: calidad, externalizaci\u00f3n y control\u00bb, Anuario de Derecho Municipal, 13, pp. 231-253 ISSN: 1888-7392<\/a><\/p>\n<p><a href=\"https:\/\/revistas.usal.es\/index.php\/1130-2887\/article\/view\/alh.21156\" target=\"_blank\" rel=\"noopener\">Rodr\u00edguez-Pinz\u00f3n, E. M. y Rodrigues, T. (2020). \u00abMano Dura\u00bb y Democracia en Am\u00e9rica Latina: Seguridad P\u00fablica, Violencia y Estado de Derecho. &nbsp;Am\u00e9rica Latina Hoy.<\/a><\/p>\n<p><a href=\"https:\/\/journals.sagepub.com\/doi\/10.1177\/0952076720936349\" target=\"_blank\" rel=\"noopener\">Ruvalcaba, Edgar A., Criado, J. Ignacio, &amp; Gil-Garc\u00eda, J. Ramon (2020). &nbsp;\u2018Analyzing Open Government Policy Adoption through the Multiple Streams Framework: The Roles of Policy Entrepreneurs in the Case of Madrid\u2019. Public Policy and Administration.&nbsp;<\/a><\/p>\n<p><a href=\"https:\/\/doi.org\/10.1016\/j.giq.2020.101509\" target=\"_blank\" rel=\"noopener\">Valle-Cruz, D., Criado, J. Ignacio, Sandoval-Almaz\u00e1n, Rodrigo &amp; Ruvalcaba, Edgar A. &nbsp;(2020) \u2018Assessing the Public Policy-Cycle Model in the Age of Artificial Intelligence. From Theory to Implementation\u2019. Government Information Quarterly.&nbsp;<\/a><\/p>\n<p><a href=\"https:\/\/doi.org\/10.1016\/j.giq.2020.101521\" target=\"_blank\" rel=\"noopener\">Villodre, J. y Criado, J. I. (2020). User roles for emergency management in social media: Understanding actors\u2019 behavior during the 2018 Majorca Island flash floods. Government Information Quarterly, 37 (4).<\/a><\/p>\n<p><a href=\"https:\/\/doi.org\/10.20318\/eunomia.2020.5718\" target=\"_blank\" rel=\"noopener\">Villodre, J. (2020). Redes sociales (en las administraciones p\u00fablicas). Eunom\u00eda. Revista en Cultura de la Legalidad, 19, 375-390.<\/a><\/p>\n<p><a href=\"https:\/\/doi.org\/10.1108\/IJPSM-07-2019-0178\" target=\"_blank\" rel=\"noopener\">Criado, J. Ignacio, &amp; Gil-Garc\u00eda, J. Ramon. (2019) \u2018Creating Public Value through Smart Technologies. From Digital Services to Artificial Intelligence and Beyond\u2019. International Journal of Public Sector Management. 32(5), 438-450. &nbsp;<\/a><\/p>\n<div>\n<p><a href=\"https:\/\/doi.org\/10.1080\/09654313.2019.1675601\" target=\"_blank\" rel=\"noopener\">Gonz\u00e1lez Medina, M. y M.A. Huete Garc\u00eda (2019): \u201cReal innovation in urban planning? Institutional capacity in the Integrated Sustainable Urban Development programmes\u201d, European Planning Studies.<\/a><\/p>\n<\/div>\n<div>\n<p><a href=\"http:\/\/bibliotecadigital.fgv.br\/ojs\/index.php\/rap\/article\/view\/80033\" target=\"_blank\" rel=\"noopener\">G\u00fcemes, C; (2019) \u201cWish you were here\u201d confianza en la administraci\u00f3n p\u00fablica en Latinoam\u00e9rica, Revista de Administraci\u00f3n P\u00fablica, Vol 53: 6, 1067-1090<\/a><\/p>\n<\/div>\n<div>\n<p><a href=\"https:\/\/doi.org\/10.1177\/0192512118779184\" target=\"_blank\" rel=\"noopener\">G\u00fcemes, C; Herreros, F. (2019) \u201cEducation and trust: a tale of three continents\u201d International Political Science Review (USA) Vol 40: 5, 676\u2013693<\/a><\/p>\n<\/div>\n<div>\n<p><a href=\"https:\/\/onlinelibrary.wiley.com\/doi\/abs\/10.1111\/1467-8500.12377\" target=\"_blank\" rel=\"noopener\">G\u00fcemes, C; Resina, J. (2019) \u00ab\u2018Come together?\u2019 Citizens and civil servants dialogue and trust\u00bb, Australian Journal Public Administration. Vol 78: 2, 155-171<\/a><\/p>\n<\/div>\n<div>\n<p><a href=\"http:\/\/dx.doi.org\/10.5565\/rev\/papers.2482\" target=\"_blank\" rel=\"noopener\">G\u00fcemes, C; Wences, I .(2019) \u201cComportamientos incumplidores, reflexiones sobre las emociones, motivos y contextos que hay detr\u00e1s y los posibles remedios pol\u00edticos\u201d. Revista Papers, Vol 104: 1, 77-99<\/a>&nbsp;<\/p>\n<\/div>\n<div>\n<p><a href=\"https:\/\/doi.org\/10.1177%2F0020852319864161\" target=\"_blank\" rel=\"noopener\">Parrado, S. &amp; A. Reynaers. (2019) \u201cPublic-Private Partnerships: Procedural- Over Results-Driven Accountability\u201d International Review of Administrative Sciences.<\/a><\/p>\n<\/div>\n<div>\n<p><a href=\"http:\/\/dx.doi.org\/10.5565\/rev\/papers.2532\" target=\"_blank\" rel=\"noopener\">Rama, J. &amp; A. Reynaers. (2019) \u201cNuevos Partidos en los Pa\u00edses Bajos y Espa\u00f1a: \u00bfQu\u00e9 factores explican su surgimiento?\u201d Papers. Revista de Sociolog\u00eda.<\/a><\/p>\n<\/div>\n<div><a href=\"http:\/\/www.revistadegestionpublica.cl\/index.php\/rgp\/article\/view\/121\/102\" target=\"_blank\" rel=\"noopener\">Resina, J.; G\u00fcemes, C. (2019) \u201cInstituciones abiertas y creaci\u00f3n de confianza: experiencias desde Espa\u00f1a\u201d, Revista Gesti\u00f3n P\u00fablica, Vol VIII, N\u00ba 1, Enero-Junio 2019, 43-70.&nbsp;<\/a><\/div>\n<div>&nbsp;<\/div>\n<div>\n<p><a href=\"https:\/\/doi.org\/10.20318\/eunomia.2019.5036\" target=\"_blank\" rel=\"noopener\">Villodre, J. (2019). Innovaci\u00f3n P\u00fablica Abierta. Eunom\u00eda. Revista en Cultura de la Legalidad, 17, 314-327.<\/a><\/p>\n<p>Brugu\u00e9, Q; Feu, J; G\u00fcemes, C (2018) \u201cDel fallo al colapso de las pol\u00edticas p\u00fablicas: una cuesti\u00f3n de confianza&nbsp;<a href=\"https:\/\/revistas.ufpr.br\/rsp\/article\/view\/62944\/36882\" target=\"_blank\" rel=\"noopener\">democr\u00e1tica\u201d Revista de Sociolog\u00eda e Pol\u00edtica (Brazil), Vol 26 N 67 pp 129-152 septiembre&nbsp;<\/a><\/p>\n<\/div>\n<p><a href=\"https:\/\/doi.org\/10.24965\/gapp.v0i20.10487\" target=\"_blank\" rel=\"noopener\">Casado, V.; Huete, M.A.; Merinero, R. y M. Gonz\u00e1lez (2018): \u201cEl proceso de desarrollo de la capacidad institucional de la administraci\u00f3n municipal en el marco de la Iniciativa Urbana (2007-2013)\u201d, Revista Gesti\u00f3n y An\u00e1lisis de Pol\u00edticas P\u00fablicas, 20.<\/a><\/p>\n<p><a href=\"https:\/\/doi.org\/10.3145\/epi.2018.may.14\" target=\"_blank\" rel=\"noopener\">Criado, J. I. y Villodre, J. (2018). Comunicando datos masivos del sector p\u00fablico local en redes sociales. An\u00e1lisis de sentimiento en Twitter. Profesional de la Informaci\u00f3n, 27(3), 614-623.<\/a><\/p>\n<p><a href=\"https:\/\/doi.org\/10.5210\/fm.v23i4.8348\" target=\"_blank\" rel=\"noopener\">Criado, J. I. y Villodre, J. (2018). Public employees in social media communities: Exploring factors for internal collaboration using social network analysis. First Monday, 23 (4).<\/a><\/p>\n<p><a href=\"https:\/\/tecnologia-ciencia-educacion.com\/judima\/index.php\/TCE\/article\/view\/225\" target=\"_blank\" rel=\"noopener\">Criado, J. I., Pastor, V. y Villodre, J. (2018). Internet y discapacidad. Un an\u00e1lisis de las oportunidades y de los desaf\u00edos de las redes sociales digitales en el \u00e1mbito de la discapacidad. Tecnolog\u00eda, Ciencia y Educaci\u00f3n, 11 (septiembre-diciembre), 99-117.&nbsp;<\/a><\/p>\n<p><a href=\"https:\/\/doi.org\/10.4018\/IJEGR.2018010101\" target=\"_blank\" rel=\"noopener\">Criado, J. Ignacio, &amp; Ruvalcaba, Edgar A. (2018). \u201cPerception of City Managers about Open Government Policies: Concepts, Development, and Implementation in the Local Level of Government in Spain\u201d. International Journal of Electronic Government Research, 14(1), 1-22.&nbsp;<\/a><\/p>\n<p><a href=\"https:\/\/drive.google.com\/file\/d\/1MwfyOAkN8-9_wsHxo7nRTpc33IT6vU5a\/view\" target=\"_blank\" rel=\"noopener\">G\u00fcemes, C. (2018) \u201c\u00bfQu\u00e9 ves\u2026qu\u00e9 ves cuando me ves?\u201d Confianza Institucional y Gobierno Abierto. Revista Espa\u00f1ola de Transparencia #RET N\u00ba 6. Primer Semestre<\/a>.<\/p>\n<p><a href=\"https:\/\/doi.org\/10.20318\/eunomia.2018.4353\" target=\"_blank\" rel=\"noopener\">G\u00fcemes, C. (2018) Confianza en la Administraci\u00f3n P\u00fablica, Revista Eunom\u00eda, Revista en Cultura de la Legalidad N\u00ba 15 (Octubre 2018 \u2013 Marzo 2019)<\/a><\/p>\n<p><a href=\"https:\/\/revistainternacionaltransparencia.org\/wp-content\/uploads\/2018\/04\/cecilia_guemes.pdf\" target=\"_blank\" rel=\"noopener\">G\u00fcemes, C. (2018) La corrupci\u00f3n y la (des) confianza como normas sociales. Cambio de enfoque, nuevas perspectivas. Revista Internacional de Transparencia e Integridad (R.I.T.I.) n\u00ba 6 Enero-Abril 2018<\/a><\/p>\n<p><a href=\"https:\/\/doi.org\/10.1177%2F0020852318785024\" target=\"_blank\" rel=\"noopener\">Parrado, S. &amp; A. Reynaers. (2018) \u201cAgents Never Became Stewards: Explaining the Lack of Innovation in Public\u00ad\u2013\u2013Private Partnerships\u201d. International Review of Administrative Sciences.<\/a><\/p>\n<p><a href=\"https:\/\/e-revistas.uc3m.es\/index.php\/EUNOM\/article\/view\/4159\" target=\"_blank\" rel=\"noopener\">Rodr\u00edguez-Pinz\u00f3n, E. M. (2018).&nbsp;Sustituci\u00f3n de cultivos il\u00edcitos y cultura de la legalidad en Colombia. Eunom\u00eda. Revista en Cultura de la Legalidad, 14.<\/a><\/p>\n<p><a href=\"https:\/\/doi.org\/10.1108\/IJPSM-03-2016-0053\" target=\"_blank\" rel=\"noopener\">Criado, J. Ignacio, Rojas, Francisco, &amp; Gil-Garc\u00eda, J. Ramon. (2017). \u00abEnacting Social Media Success in Local Public&nbsp;Administration. An Empirical Analysis of Organizational, Institutional, and Contextual Factors\u00bb. International Journal of Public Sector Management. 30(1):31-47.<\/a><\/p>\n<div>\n<div><a href=\"https:\/\/doi.org\/10.1080\/13260219.2017.1298825\" target=\"_blank\" rel=\"noopener\">G\u00fcemes, C. (2017) \u201cNeoliberal Welfare Policies Reforms and Trust: Connecting the Dots.\u201d Journal of Iberian and Latin American Research 23:1, 18-33,<\/a><\/div>\n<div>&nbsp;<\/div>\n<div><a href=\"http:\/\/old.clad.org\/portal\/publicaciones-del-clad\/revista-clad-reforma-democracia\/articulos\/068-junio-2017\/Guemes.pdf\" target=\"_blank\" rel=\"noopener\">G\u00fcemes, C. (2017) \u201cNudge en Am\u00e9rica Latina? Incidir en comportamiento individual, obtener resultados colectivos\u201d, &nbsp;Reforma y Democracia, 68, Junio 2017; pp: 43-74.<\/a><\/div>\n<div>&nbsp;<\/div>\n<div><a href=\"https:\/\/doi.org\/10.1111\/1467-8500.12254\" target=\"_blank\" rel=\"noopener\">Reynaers, A. &amp; Z. Van der Wal. (2017) \u201cDo partners in PPPs view public and private management differently? Re-examining Boyne\u2019s Hypotheses in the context of collaboration\u201d, Australian Journal of Public Administration.<\/a><\/div>\n<div>&nbsp;<\/div>\n<\/div>\n<p><a href=\"https:\/\/doi.org\/10.18042\/cepc\/rep.173.07\" target=\"_blank\" rel=\"noopener\">Criado, J. Ignacio. (2016). \u201cPublic Administration in the Age of the Open Government. Smart Governance for a Paradigm Shift in Public Management\u201d. (In Spanish) \u201cLas administraciones p\u00fablicas en la era del gobierno abierto. Gobernanza Inteligente para un Cambio de Paradigma en la Gesti\u00f3n P\u00fablica\u201d. Revista de Estudios Pol\u00edticos, 173, 245-275.<\/a><\/p>\n<p><a href=\"http:\/\/e-revistas.uc3m.es\/index.php\/EUNOM\/article\/view\/3053\" target=\"_blank\" rel=\"noopener\">G\u00fcemes C. (2016) \u201cConfianza\u201d, Revista Eunom\u00eda, Revista en Cultura de la Legalidad. N\u00ba10, marzo \u2013 agosto 2016, pp. 132-142, ISSN 2253-6655.<\/a><\/p>\n<p><a href=\"https:\/\/www.jstor.org\/stable\/pdf\/44136815.pdf?seq=1\" target=\"_blank\" rel=\"noopener\">Reynaers, A. (2016) \u201cEl futuro de la gesti\u00f3n p\u00fablica en Europa\u201d, Cuadernos de Pensamiento Pol\u00edtico, 50(April). ISSN: 1696-8441.<\/a><\/p>\n<p><a href=\"http:\/\/doi.org\/10.1080\/01900692.2015.1028637\" target=\"_blank\" rel=\"noopener\">Reynaers, A. &amp; H. Paanakker. (2016) \u201cTo privatize or not? Addressing Public Values in a semi-privatized Prison System\u201d, International Journal of Public Administration, 39(1) 6-14.<\/a><\/p>\n<p><a href=\"https:\/\/doi.org\/10.1111\/rego.12121\" target=\"_blank\" rel=\"noopener\">Reynaers, A. &amp; S. Parrado. (2016) \u201cResponsive Regulation in Public-Private Partnerships: between Deterrence and Persuasion\u201d Regulation and Governance.<\/a><\/p>\n<p><a href=\"http:\/\/www.uacm.edu.mx\/Portals\/18\/num30\/003_Dossier1.pdf\" target=\"_blank\" rel=\"noopener\">Wences, I; G\u00fcemes, C. (2016) \u201cDemocracia republicana y confianza en Am\u00e9rica latina: la esperanza que no llega, que no alcanza\u201d. Andamios, Revista de Investigaci\u00f3n social, Universidad Aut\u00f3noma de la Ciudad de M\u00e9xico.Vol 13, N\u00ba 30, enero-abril de 2016.<\/a><\/p>\n<p><a href=\"https:\/\/doi.org\/10.24965\/gapp.v0i12.10212\" target=\"_blank\" rel=\"noopener\">G\u00fcemes, C. Hern\u00e1ndez-Bonivento, J (2015) \u201cConfianza, &nbsp;instituciones informales y pol\u00edticas p\u00fablicas, una compleja relaci\u00f3n pendular\u201d. Revista Gesti\u00f3n y An\u00e1lisis de Pol\u00edticas P\u00fablicas-GAPP.N\u00ba 12 2015<\/a><\/p>\n<p><a href=\"https:\/\/revistas.uam.es\/revistajuridica\/article\/view\/6442\" target=\"_blank\" rel=\"noopener\">Herranz, C. (2015). G\u00e9nero, inmigraci\u00f3n y discriminaci\u00f3n m\u00faltiple: Un enfoque interseccional de las pol\u00edticas p\u00fablicas espa\u00f1olas. Revista Jur\u00eddica de la Universidad Aut\u00f3noma de Madrid (32), 239-247.<\/a><\/p>\n<p><a href=\"https:\/\/research.vu.nl\/en\/publications\/public-water-in-private-hands-a-case-study-on-the-safeguarding-of\" target=\"_blank\" rel=\"noopener\">Reynaers, A. &nbsp;(2015) \u201cPublic Water in Private Hands: A case study on the safeguarding of public values in the first DBFMO in the Dutch water sector\u201d, International Journal of Water Governance, 2(2015) 1-16.<\/a><\/p>\n<p><a href=\"https:\/\/doi.org\/10.1080\/03003930.2015.1041771\" target=\"_blank\" rel=\"noopener\">Reynaers, A. (2015) \u201cPublic Service Values\u201d, Local Government Studies, 41(4) 648-650.<\/a><\/p>\n<p><a href=\"https:\/\/doi.org\/10.1111\/padm.12142\" target=\"_blank\" rel=\"noopener\">Reynaers, A. &amp; S. Grimmelikhuijsen. (2015) \u201cExplaining transparency in Public-Private Partnerships. Not so bad after all?\u201d Public Administration, 93 (3), 609-626.<\/a><\/p>\n<p><a href=\"https:\/\/doi.org\/10.1111\/puar.12137\" target=\"_blank\" rel=\"noopener\">Reynaers, A. (2014) \u201cPublic Values in Public Private-Partnerships\u2019, Public Administration Review, 74(1) 41-50.<\/a><\/p>\n<p><a href=\"https:\/\/doi.org\/10.1080\/01900692.2013.836665\" target=\"_blank\" rel=\"noopener\">Reynaers, A. &amp; G. de Graaf. (2014). \u201cPublic Values in Public-Private Partnerships\u201d, International Journal of Public Administration, 37(2) 120-128.<\/a><\/p>\n<p><a href=\"http:\/\/www.scielo.org.mx\/pdf\/gpp\/v22nspe\/v22nspea1.pdf\" target=\"_blank\" rel=\"noopener\">Criado, J. Ignacio &amp; Gil-Garc\u00eda, J. Ramon. (2013). \u00abElectronic Government, Public Policy and Management\u00bb (in Spanish) \u00abGobierno Electr\u00f3nico, Gesti\u00f3n y Pol\u00edticas P\u00fablicas\u00bb. Gesti\u00f3n y Pol\u00edtica P\u00fablica, 3-48. ISSN-e: 1405-1079.&nbsp;<\/a><\/p>\n<p><a href=\"https:\/\/doi.org\/10.1016\/j.giq.2013.10.003\" target=\"_blank\" rel=\"noopener\">Criado, J. Ignacio, Sandoval-Almaz\u00e1n, Rodrigo &amp; Gil-Garc\u00eda, Ram\u00f3n. (2013) \u00abGovernment Innovation in Government using Social Media\u00bb. Government Information Quarterly. 30(4):319-326.<\/a><\/p>\n<p><a href=\"https:\/\/recyt.fecyt.es\/index.php\/CyTET\/article\/view\/76227\" target=\"_blank\" rel=\"noopener\">Gonz\u00e1lez Medina, M. (2013): \u201cProcesos metropolitanos y planificaci\u00f3n estrat\u00e9gica en Europa: un enfoque de gobernanza territorial\u201d, Ciudad y Territorio. Estudios Territoriales, 177, 487-499.<\/a><\/p>\n<p><a href=\"https:\/\/dialnet.unirioja.es\/descarga\/articulo\/4527787.pdf\" target=\"_blank\" rel=\"noopener\">Gonz\u00e1lez Medina, M.; Bouzas Lorenzo, R.; X. Mahou Lago (2013): \u201cEl impacto de la producci\u00f3n normativa en el desarrollo y la capacidad de servicio de la e-salud en Espa\u00f1a\u201d, Revista de Estudios Pol\u00edticos, 162, 199-222 ISSN 0048-7696<\/a><\/p>\n<p><a href=\"https:\/\/research.vu.nl\/ws\/portalfiles\/portal\/824705\/Panorama+Social.pdf\" target=\"_blank\" rel=\"noopener\">Reynaers, A. (2013) \u201cConsenso y esfuerzo colectivo como fundamentos de la cultura pol\u00edtica holandesa\u201d, Panorama Social, 17, 63-68.<\/a><\/p>\n<p><a href=\"https:\/\/recyt.fecyt.es\/index.php\/RevEsPol\/article\/view\/40053\" target=\"_blank\" rel=\"noopener\">Criado, J. Ignacio &amp; Roberto Garc\u00eda Alonso. (2012). Democracy 2.0? An analysis of the deliberative potential of the political blogosphere. (in Spanish). \u00bfDemocracia 2.0? Un An\u00e1lisis del Potencial Deliberativo de la Blogosfera P\u00fablica. Revista de Estudios Pol\u00edticos 155: 71-99.&nbsp;<\/a><\/p>\n<p><a href=\"https:\/\/doi.org\/10.1177\/0894439310392189\" target=\"_blank\" rel=\"noopener\">Criado, J. Ignacio. (2012). \u2018Interoperability of Electronic Government for Building Intergovernmental Integration in the European Union\u2019. Social Science Computer Review 30(1): 37-60.&nbsp;<\/a><\/p>\n<p><a href=\"https:\/\/doi.org\/10.24965\/gapp.v0i7.9881\" target=\"_blank\" rel=\"noopener\">Gonz\u00e1lez Medina, M.; Fentanes Fortes, R., Murillo Gorozarri, B.; C. Voces L\u00f3pez (2012): \u201cCalidad y nuevas tecnolog\u00edas como ejes del proceso de modernizaci\u00f3n de la Administraci\u00f3n p\u00fablica: el enfoque integrado de la Escuela Gallega de Administraci\u00f3n P\u00fablica\u201d, Revista Gesti\u00f3n y An\u00e1lisis de Pol\u00edticas P\u00fablicas, 7, 91-124.<\/a><\/p>\n<p><a href=\"https:\/\/doi.org\/10.1109\/TLA.2011.6129711\" target=\"_blank\" rel=\"noopener\">Criado, J. Ignacio, M. Gasc\u00f3 y C. Jim\u00e9nez. &nbsp;(2011). \u2018Technological e-Government Interoperability. An Analysis of IberoAmerican Coutries\u2019. IEEE Latin America Transactions 9(7): 1112-1117.<\/a><\/p>\n<p><a href=\"http:\/\/old.clad.org\/portal\/publicaciones-del-clad\/revista-clad-reforma-democracia\/articulos\/050-junio-2011\/Interoperabilidad-de-Gobierno-electronico-en-Iberoamerica-Estudio-comparativo-y-recomendaciones-de-futuro\" target=\"_blank\" rel=\"noopener\">Criado, J. Ignacio, M. Gasc\u00f3 y C. Jim\u00e9nez. (2011). \u2018Interoperabilidad de Gobierno electr\u00f3nico en Iberoam\u00e9rica. Estudio Comparativo y Recomendaciones de Futuro\u2019. Reforma y Democracia 50:77-104.<\/a><\/p>\n<p>Graaf, de G., D. Van Doeveren, A. Reynaers &amp; Z. van der Wal. (2011) \u201cGoed Bestuur als management van spanningen tussen verschillende publieke waarden\u201d, Themanummer Bestuurskunde (2) 5-11.<\/p>\n<p><a href=\"https:\/\/www.inderscience.com\/info\/inarticle.php?artid=38608\" target=\"_blank\" rel=\"noopener\">Criado, J. Ignacio &amp; Guadalupe Mart\u00ednez. (2010). \u2018Political Blogs for Local Election Campaigning in Spain\u2019. International Journal of Electronic Governance 3(4): 395-413.&nbsp;<\/a><\/p>\n<p>Murillo Gorozarri, B.; Gonz\u00e1lez Medina, M.; R. Fentanes Fortes (2010): \u201cImagen y confianza en los funcionarios: valoraciones de los ciudadanos gallegos\u201d, Administraci\u00f3n &amp; Cidadan\u00eda, 5(2), 27-45.<\/p>\n<p><a href=\"https:\/\/dl.acm.org\/doi\/10.5555\/1834649.1834657\" target=\"_blank\" rel=\"noopener\">Criado, J. Ignacio. (2009). \u2018Europeanization of eGovernment Policy. Institutional Mechanisms and Implications for Public Sector Innovation\u2019. Information Polity 14(4): 315-330.<\/a><\/p>\n<\/div><\/div>\n\t\t\t\t\t\t\t\t\t<div class=\"elementor-tab-title elementor-tab-mobile-title\" aria-selected=\"false\" data-tab=\"2\" role=\"tab\" tabindex=\"-1\" aria-controls=\"elementor-tab-content-1062\" aria-expanded=\"false\">Books and book chapters<\/div>\n\t\t\t\t\t<div id=\"elementor-tab-content-1062\" class=\"elementor-tab-content elementor-clearfix\" data-tab=\"2\" role=\"tabpanel\" aria-labelledby=\"elementor-tab-title-1062\" tabindex=\"0\" hidden=\"hidden\"><p><\/p>\n<p class=\"MsoNormal\">Gonz\u00e1lez Medina, M. y S. De Gregorio Hurtado (2022): \u201cAnalysis of the Spanish Urban Agenda from a Policy Transfer Perspective. <span lang=\"EN-US\">Advancing to More Resilient Post-COVID Urban Areas\u201d, en: Gelli, F. y M. Basso (eds.): Identifying Models of National Urban Agendas. A View to the Global Transition, Palgrave MacMillan.&nbsp;<o:p><\/o:p><\/span><\/p>\n<p><a href=\"https:\/\/www.lajuridica.es\/politicas-urbanas-y-localizacion-de-los-objetivos-de-desarrollo-sostenible-9788413972350\/\" target=\"_blank\" rel=\"noopener\" style=\"background-color: rgb(255, 255, 255);\">Alonso Ib\u00e1\u00f1ez, M. R. (dir.), Gonz\u00e1lez Medina, M. y De Gregorio Hurtado, S. (coord.) (2021): Pol\u00edticas urbanas y localizaci\u00f3n de los ODS: Teor\u00eda y Pr\u00e1ctica, Valencia: Editorial Tirant lo Blanch.<\/a><br><\/p>\n<p><a style=\"background-color: #ffffff;\" href=\"https:\/\/www.libreriavirtuali.com\/inicio\/La-externalizaci%C3%B3n-de-servicios-p%C3%BAblicos-a-nivel-local-p319007703\" target=\"_blank\" rel=\"noopener\">Reynaers, A., Navarro, C., Gonz\u00e1lez Medina, M. y J. Rama (2021): La externalizaci\u00f3n de servicios p\u00fablicos a nivel local. Experiencias, competencias y desaf\u00edos de la gesti\u00f3n de los contratos. Madrid: Instituto Nacional de Administraci\u00f3n P\u00fablica.<\/a><\/p>\n<p><a style=\"background-color: #ffffff;\" href=\"https:\/\/www.editorialreus.es\/libros\/las-agendas-urbanas-y-el-gobierno-de-las-ciudades\/9788429023589\/\" target=\"_blank\" rel=\"noopener\">Alonso Ib\u00e1\u00f1ez, M.R. (dir.), De Gregorio Hurtado, S. y Gonz\u00e1lez Medina, M. (coord.) (2020). Las Agendas urbanas y el gobierno de las ciudades: Transformaciones, desaf\u00edos e instrumentos. Madrid: Editorial Reus.<\/a><\/p>\n<p><a style=\"background-color: #ffffff;\" href=\"https:\/\/dialnet.unirioja.es\/servlet\/libro?codigo=784299\" target=\"_blank\" rel=\"noopener\">Gonz\u00e1lez Medina, M. (2020): \u201cLa evaluaci\u00f3n de los ODS en las universidades: Herramienta de seguimiento para grupos de investigaci\u00f3n\u201d. En G\u00e1zquez Linares, J.J.; Molero Jurado, M.M; Martos Mart\u00ednez, A.; Barrag\u00e1n Mart\u00edn, A.B.; Sim\u00f3n M\u00e1rquez, M.M.; Sisto, M.; Del Pino Salvador, R.M.; Tortosa Mart\u00ednez, B.M. (comp.).&nbsp;Innovaci\u00f3n Docente e Investigaci\u00f3n en Ciencias Sociales, Econ\u00f3micas, y Jur\u00eddicas. Avanzando en el proceso de ense\u00f1anza-aprendizaje, Madrid: Editorial Dykinson, pp. 1019-1032.&nbsp;<\/a><\/p>\n<p><a style=\"background-color: #ffffff;\" href=\"http:\/\/springer.iq-technikum.de\/referenceworkentry\/10.1007\/978-3-319-31816-5_3955-1\" target=\"_blank\" rel=\"noopener\">Criado J. I., Dias T.F., Sano H. (2020) i-Labs and Public Administration: Public Innovation and the Future of Public Sector. In: Farazmand A. (ed.) Global Encyclopedia of Public Administration, Public Policy, and Governance. Springer.<\/a><\/p>\n<p>G\u00fcemes, C; Resina, J. (2020) \u201cProcesos colaborativos, creando confianza en y desde la administraci\u00f3n p\u00fablica\u201d. En Bernab\u00e9 Aldeguer y Gema Pastor (ed) Democracia, Gobierno y Administraci\u00f3n P\u00fablica Contempor\u00e1nea Editorial Tecnos.<\/p>\n<p>Rama, J. &amp; A. Reynaers &amp; C. Navarro &amp; M. Gonz\u00e1lez. (2020) \u201cLos servicios p\u00fablicos locales: calidad, externalizaci\u00f3n y control.\u201d Anuario de Derecho Municipal 2019, ed. P. Velasco. Instituto de Derecho Local, Universidad Aut\u00f3noma de Madrid. Marcial Pons, Ediciones Jur\u00eddicas y Sociales. 231-253.<\/p>\n<p>Rodr\u00edguez-Pinz\u00f3n, E. (2020). \u00abLa teor\u00eda de la Desecuritizaci\u00f3n posibilidades y desaf\u00edos\u00bb En Verdes-Montenegro; y Sanahuja (2020). 100 a\u00f1os de Relaciones Internacionales: una mirada reflexiva.<\/p>\n<div>\n<div><a href=\"https:\/\/www.funcas.es\/publicaciones_new\/Sumario.aspx?IdRef=9-08024\" target=\"_blank\" rel=\"noopener\">Chuli\u00e1, E., M. Miyar, J. Mu\u00f1oz, A. Reynaers &amp; P. Perard. (2019) \u201cM\u00e1s all\u00e1 de los negocios Miradas y visiones de empresarios sobre la econom\u00eda, la sociedad y la pol\u00edtica\u201d, FUNCAS. ISBN: 978-84-17609-21-4.<\/a><\/div>\n<div>&nbsp;<\/div>\n<div><a href=\"https:\/\/doi.org\/10.1007\/978-3-030-03008-7_46-1\" target=\"_blank\" rel=\"noopener\">Criado, J. I., Herranz, C. y Villodre, J. (2019). \u201cInformal Virtual Learning in the Public Sector: Educating Public Servants in Digital Social Innovation Environments\u201d. En Sullivan H., Dickinson H. y Henderson H. (eds.) (2019). The Palgrave Handbook of the Public Servant. Palgrave Macmillan, Cham.<\/a><\/div>\n<div>&nbsp;<\/div>\n<div><a href=\"https:\/\/eurosocial.eu\/wp-content\/uploads\/2019\/04\/07_tejiendo-confianzafinal.pdf\" target=\"_blank\" rel=\"noopener\">Gonz\u00e1lez Fuentes, S; G\u00fcemes, C; (2019) \u201cConfianza y Gobernanza: una relaci\u00f3n potencialmente fruct\u00edfera para la cohesi\u00f3n social\u201d En VV AA Tejiendo confianza para la cohesi\u00f3n social:una mirada a la confianza en Am\u00e9rica Latina, N\u00ba 7. Programa Eurosocial, pp 61-77.<\/a><\/div>\n<div>&nbsp;<\/div>\n<div><a href=\"https:\/\/eurosocial.eu\/wp-content\/uploads\/2019\/04\/07_tejiendo-confianzafinal.pdf\" target=\"_blank\" rel=\"noopener\">G\u00fcemes, C; (2019) \u201cMarco conceptual: confianza y cohesi\u00f3n social\u201d En VV AA Tejiendo confianza para la cohesi\u00f3n social: una mirada a la confianza en Am\u00e9rica Latina, N\u00ba 7. Programa Eurosocial, pp 7-29.<\/a><\/div>\n<div>&nbsp;<\/div>\n<div>Navarro, C. y M. Gonz\u00e1lez Medina (2019): \u201cEvoluci\u00f3n de las capacidades de los gobiernos locales en Espa\u00f1a: 1990-2015\u201d; en Grin, E.J; Completa, E.; Carrera Hern\u00e1ndez, A.P. y F.l. Abrucio (eds.) (2019): Capacidades estatales en gobiernos locales iberoamericanos &#8211; actualidad, brechas y perspectivas, S\u00e3o Paulo: FGV Editora, pp. 197-225 ISBN 978-85-225-2192-0<\/div>\n<div>&nbsp;<\/div>\n<div>Paanakker, H. &amp; A. Reynaers (2019). \u201cGood Governance in public service delivery: Explaining value contextuality in street level craftsmanship and public\u2014private partnerships\u201d. In De Graaf, G. (ed.) It is all about integrity, stupid. ISBN 978-94-6236-951-1 Eleven International Publishing. 135-144.<\/div>\n<div>&nbsp;<\/div>\n<div><a href=\"https:\/\/link.springer.com\/chapter\/10.1007\/978-3-030-21522-4_7\" target=\"_blank\" rel=\"noopener\">Reynaers. A. (2019) \u201cMission impossible for effectiveness? Service quality in public-private partnerships.\u201d &nbsp;In: Quality of governance: Values and violations. In Paanakker, H. Masters, A. &nbsp;&amp; L. Huberts (eds.). Palgrave Macmillan. ISBN: 978-3-030-21522-4.<\/a><\/div>\n<div>&nbsp;<\/div>\n<\/div>\n<div>\n<div><a href=\"https:\/\/doi.org\/10.1007\/978-3-319-73386-9_1\" target=\"_blank\" rel=\"noopener\">Criado, J. I., Pastor, V. y Villodre, J. (2018). \u201cMeasuring Social Media Diffusion in Local Governments from a Longitudinal Perspective: Adoption, Barriers, and Perceptions\u201d. En Sobaci, M. H. y Hatipoglu, I. (eds.) (2018). Sub-National Democracy and Politics Through Social Media. New York: Springer, 3-27.<\/a><\/div>\n<div>&nbsp;<\/div>\n<div><a href=\"http:\/\/libreria.cis.es\/libros\/ciudadanos-y-democracia-representativa-una-relacion-conflictiva-analisis-de-la-desconfianza-en-las-instituciones-en-espana\/9788474767865\/\" target=\"_blank\" rel=\"noopener\">De Marco, S; Ganuza, E.; &nbsp;G\u00fcemes, C.; Robles Morales,J.; Garc\u00eda Esp\u00edn; P. (2018) Ciudadanos y Democracia representativa: \u00bfUna relaci\u00f3n conflictiva? Analisis de la desconfianza en las instituciones en Espa\u00f1a. Centro de Investigaciones Sociol\u00f3gicas CIS, Colecci\u00f3n \u00abOpiniones y Actitudes\u00bb Num. 75, Madrid,&nbsp;<\/a><\/div>\n<div>&nbsp;<\/div>\n<div>G\u00fcemes, C; Resina, J.(2018) \u201cParticipaci\u00f3n ciudadana y confianza, un ejercicio de alquimia democr\u00e1tica\u201d En En Cecilia G\u00fcemes, Jorge Resina y C\u00e9sar Cruz-Rubio (eds.) Participaci\u00f3n ciudadana: experiencias inspiradoras en Espa\u00f1a, Centro de Estudios Pol\u00edticos y Constitucionales, Madrid pp. 73-84<\/div>\n<div>&nbsp;<\/div>\n<div><a href=\"http:\/\/www.cepc.gob.es\/publicaciones\/libros\/colecciones?IDP=2738\" target=\"_blank\" rel=\"noopener\">G\u00fcemes, Cecilia Jorge Resina y C\u00e9sar Cruz-Rubio (eds) (2018) Participaci\u00f3n ciudadana: experiencias inspiradoras en Espa\u00f1a, Centro de Estudios Pol\u00edticos y Constitucionales, Madrid.<\/a><\/div>\n<div>&nbsp;<\/div>\n<div><a href=\"https:\/\/link.springer.com\/referenceworkentry\/10.1007%2F978-3-319-20928-9_1334\" target=\"_blank\" rel=\"noopener\">Reynaers, A. \u201cPrivatization and Public Management\u201d (2018), A. Farazmand (ed.), Global Encyclopedia of Public Administration, Public Policy, and Governance, Springer International Publishing Switzerland.<\/a><\/div>\n<div>&nbsp;<\/div>\n<div>Gil-Garc\u00eda, J. Ramon, Criado, J. Ignacio, &amp; T\u00e9llez, Juan Carlos. (2017). Information Technology and Public Administration. Concepts, Approaches, Applications and Results (in Spanish) Tecnolog\u00edas de Informaci\u00f3n y Comunicaci\u00f3n en la Administraci\u00f3n P\u00fablica. Conceptos, Enfoques, Aplicaciones y Resultados. Ciudad de M\u00e9xico: INFOTEC. ISBN: 978-607-7763-24-6.<\/div>\n<\/div>\n<div>&nbsp;<\/div>\n<p><a href=\"http:\/\/www.cepal.org\/es\/publicaciones\/41353-gobierno-abierto-al-estado-abierto-america-latina-caribe\" target=\"_blank\" rel=\"noopener\">G\u00fcemes, C; Brugu\u00e9, Q.(2017) &nbsp;\u201cConfianza y Gobierno Abierto en Am\u00e9rica Latina\u201d &nbsp;En Nasser, A.; Ram\u00edrez- Alujas, A.y Rosales, D. (2017) Desde Gobierno Abierto al Estado Abierto en Am\u00e9rica Latina y el Caribe: hacia una nueva arquitectura para enfrentar los desaf\u00edos &nbsp;de la agenda 2030 para el Desarrollo Sostenible. Comisi\u00f3n Econ\u00f3mica para Am\u00e9rica Latina y el Caribe (CEPAL), Santiago de Chile. Pp 253-282.<\/a><\/p>\n<p>Parrado, S. &amp; A. Reynaers. (2017) \u201cValores p\u00fablicos y sector privado, \u00bfuna cuesti\u00f3n de control o de confianza? \u201d Madrid: Instituto Nacional de Administraci\u00f3n P\u00fablica.<\/p>\n<div>\n<div>Criado, J. I. y Villodre, J. (2016). \u201cCrowdsourcing y plataformas colaborativas en las administraciones p\u00fablicas. \u00bfHacia un WikiGovernment?\u201d. En Criado, J. I. (ed.) (2016). Nuevas tendencias en la gesti\u00f3n p\u00fablica. Innovaci\u00f3n abierta, gobernanza inteligente y tecnolog\u00edas sociales en unas administraciones p\u00fablicas colaborativas. Madrid: Instituto Nacional de Administraci\u00f3n P\u00fablica, 95-119.<\/div>\n<\/div>\n<div>&nbsp;<\/div>\n<p>G\u00fcemes, C (2016) Tr\u00e1tame suavemente. Confianza Social en Am\u00e9rica Latina, con la lupa en Argentina. Flacso Secretar\u00eda General.<\/p>\n<p><a href=\"http:\/\/eapc.gencat.cat\/web\/.content\/home\/publicacions\/col_leccio_obres_digitals\/20_casos_exito_redes_sociales\/Casos-de-exito-en-RSD-de-las-AA-PP.pdf\" target=\"_blank\" rel=\"noopener\">Criado, J. Ignacio (ed. w\/ Rojas, Francisco) (2015). Success Cases of Social Media in Government (in Spanish) Casos de \u00c9xito en Redes Sociales de Administraciones P\u00fablicas Barcelona: Escola d&#8217;Administraci\u00f3 P\u00fablica de Catalunya. ISBN-13 978-84-606-5557-2<\/a>.<\/p>\n<p><a href=\"https:\/\/doi.org\/10.1007\/978-3-319-17722-9_8.\" target=\"_blank\" rel=\"noopener\">Criado, J. Ignacio &amp; Rojas, Francisco. (2015). Adopting Social Media in the Local Governments. Towards a Public Administration 2.0?. In Social Media and Local Governments: Theory and Practice, ed. M. Z. Sobaci. New York: Springer, pp. 135-152.<\/a><\/p>\n<p><a href=\"http:\/\/www.marcialpons.es\/libros\/desafeccion-politica-y-gobernabilidad-el-reto-politico\/9788416402878\/\" target=\"_blank\" rel=\"noopener\">G\u00fcemes, C; (2015) \u201c(Des) Confianza en el Sector P\u00fablico: \u00bfs\u00edntomas de un bajo rendimiento de los gobiernos y las burocracias latinoamericanas? En Ludolfo Paramio (coord) (2015) Desafecci\u00f3n pol\u00edtica y gobernabilidad: el reto pol\u00edtico. Marcial Pons, IELAT-CAF Madrid, Espa\u00f1a.Pp 109-125&nbsp;<\/a><\/p>\n<p><a href=\"http:\/\/www.polifemo.com\/ficha_libro.php?isbn=9788416335053\" target=\"_blank\" rel=\"noopener\">G\u00fcemes, C; (2015) \u201cNeoliberalismo, pol\u00edticas de bienestar y confianza social. Una mirada desde el caso argentino; notas preliminares\u201d. En Gonz\u00e1lez Leandri, Ricardo; Gonz\u00e1lez Bernaldo de Quir\u00f3s, Pilar y Galera, Andr\u00e9s (coord.) (2015) Regulaci\u00f3n social y Estado en Am\u00e9rica Latina. Del liberalismo al neoliberalismo (Siglo XIX-XXI): saberes, actores e instituciones. Madrid, Ed. Polifemo, pp. 426-454<\/a><\/p>\n<p><a href=\"https:\/\/dare.uva.nl\/search?identifier=2359bf54-55ca-4b51-8a5b-48f3cd20647c\" target=\"_blank\" rel=\"noopener\">Reynaers, A. (2015) \u201cSturen met de riemen die je hebt: werkt dat? Een meervoudige case studie naar het gebruik van contracten, prestatiemonitoring en prestatie afhankelijke betaling in DBFMO\u201d, in M. Sanders (ed.). Publiek-Private Samenwerking: kunst van het evenwicht; Boom, Lemma. ISBN: 978-94-6236-580-3, p. 41-60.<\/a><\/p>\n<p><a href=\"https:\/\/link.springer.com\/chapter\/10.1007%2F978-1-4614-9982-4_12.\" target=\"_blank\" rel=\"noopener\">Criado, J. Ignacio &amp; David F. Barrero (2014). \u2018Analyzing the Digital Divide and Electronic Government Demand. An Empirical Research of the Spanish Case\u2019. En Measuring e-Government Efficiency. The Opinions of Public Administrators and Other Stakeholders, ed. M.P. Rodr\u00edguez-Bolivar. Nueva York: Springer, pp. 213-232.&nbsp;<\/a><\/p>\n<div>\n<div>Reynaers, A. (2014). \u201cIt takes two to tangle: Public Private Partnerships and their impact on Public values.\u201d Doctoral thesis, VU University Amsterdam. ISBN 978 90 90280912.<\/div>\n<div>&nbsp;<\/div>\n<div>V.V.A.A. (Rodr\u00edguez Pinz\u00f3n, E.) (2014).&nbsp;Fiscalidad y financiaci\u00f3n del desarrollo de Am\u00e9rica Latina, en la pol\u00edtica de cooperaci\u00f3n espa\u00f1ola. Libro colectivo dirigido por Jes\u00fas Ruiz Huerta, varios autores. Fundaci\u00f3n Alternativas, AECID.<\/div>\n<div>&nbsp;<\/div>\n<\/div>\n<p><a href=\"http:\/\/eapc.gencat.cat\/ca\/detalls\/Article\/od_15_redes_sociales\" target=\"_blank\" rel=\"noopener\">Criado, J. Ignacio (ed. w\/ Rojas, Francisco) (2013). Social Media in Public Policy and Management. Progresses and Challenges for an Open Goverment (in Spanish) Las Redes Sociales Digitales en la Gesti\u00f3n y las Pol\u00edticas P\u00fablicas. Avances y Desaf\u00edos para un Gobierno Abierto. Barcelona: Escola d&#8217;Administraci\u00f3 P\u00fablica de Catalunya. ISBN-10 84-695-9397-8 ISBN-13 978-84-695-9397-4.<\/a><\/p>\n<p><a href=\"https:\/\/link.springer.com\/chapter\/10.1007\/978-1-4614-1448-3_14\" target=\"_blank\" rel=\"noopener\">Criado, J. Ignacio, Guadalupe Mart\u00ednez &amp; Aitor Silv\u00e1n. (2012). \u2018Social Media for Political Campaigning. The Use of Twitter by Spanish Mayors in 2011 Local Elections\u2019. In Web 2.0 Technologies and Democratic Governance: Political, Policy and&nbsp;Management Implications, ed. Ch. G. Reddick &amp; S.K. Aikins. New York: Springer, pp. 219-232.<\/a><\/p>\n<p>Reynaers, A. (2012) \u201cIntegriteit en publieke waarden in publiek-private context\u201d, in J. Van den Heuvel, L. Huberts and E. Muller (Eds.) Integriteit; Kluwer: Deventer, p. 417-426.<\/p>\n<div>Gonz\u00e1lez Medina, M. (2010): Gobernanza y gesti\u00f3n de las ciudades en la Uni\u00f3n Europea. Casos de Santiago de Compostela y Konstanz (Alemania), Tesis doctoral, Santiago de Compostela: Universidad de Santiago de Compostela ISBN 978-84-9887-238-5<\/div>\n<div>&nbsp;<\/div>\n<p><a href=\"https:\/\/www.igi-global.com\/chapter\/building-digital-government-regions\/40464\" target=\"_blank\" rel=\"noopener\">Criado, J. Ignacio. (2009). &#8216;Building the Digital Government in Regions\u2019. In Systems Thinking and eParticipation. ICTs in the Governance of Societies, ed. J. R. C\u00f3rdoba y A. Ochoa-\u00c1rias. Hershey: IGI Global, pp. 90-112.<\/a><\/p>\n<p>Criado, J. Ignacio. (2009). Entre Sue\u00f1os Ut\u00f3picos y Visiones Pesimistas. Las TIC en la Modernizaci\u00f3n de las Administraciones P\u00fablicas. Madrid: Instituto Nacional de Administraci\u00f3n P\u00fablica.<\/p>\n<div>Gonz\u00e1lez Medina, M. (2007): \u00abParticipation: the necessary condition for the administration and the democracy reform in the local political sphere\u00bb, en: Schaap, L: \u00abTensions between Local Governance and Local Democracy\u00bb, The Hague: Reed Elsevier, pp. 93-112. ISBN 978-90-3524-176-3<\/div><\/div>\n\t\t\t\t\t\t\t\t\t<div class=\"elementor-tab-title elementor-tab-mobile-title\" aria-selected=\"false\" data-tab=\"3\" role=\"tab\" tabindex=\"-1\" aria-controls=\"elementor-tab-content-1063\" aria-expanded=\"false\">Other documents<\/div>\n\t\t\t\t\t<div id=\"elementor-tab-content-1063\" class=\"elementor-tab-content elementor-clearfix\" data-tab=\"3\" role=\"tabpanel\" aria-labelledby=\"elementor-tab-title-1063\" tabindex=\"0\" hidden=\"hidden\"><p><a href=\"https:\/\/caagenda2030.uniovi.es\/4-guia-simplificada-de-diseno-ejecucion-e-incorporacion-de-la-agenda-2030-para-concejos-asturianos-es\" target=\"_blank\">Alonso Ib\u00e1\u00f1ez, M.R. (dir); De Gregorio Hurtado, S. y Gonz\u00e1lez Medina (coord.) (2022). Gu\u00eda simplificada de dise\u00f1o, ejecuci\u00f3n e incorporaci\u00f3n de la Agenda 2030 para los concejos asturianos.<\/a><br><\/p>\n<p><a href=\"https:\/\/transparencia.gob.es\/transparencia\/dam\/jcr:fb9182fb-571a-4ecc-98c1-9c6817824112\/guia_gobierno_abierto_EP.pdf\" target=\"_blank\" style=\"background-color: rgb(255, 255, 255);\">Criado, J. I. y Guevara G\u00f3mez, A. (2022). Gu\u00eda de Gobierno Abierto para Empleadas y Empleados P\u00fablicos. Ministerio de Hacienda y Funci\u00f3n P\u00fablica.<\/a><\/p>\n<p><a href=\"https:\/\/www.idluam.org\/blog\/wp-content\/uploads\/2022\/12\/2022_InformePPL_FONDOS_EUROPEOS_v0.pdf\" target=\"_blank\" style=\"background-color: rgb(255, 255, 255);\">Navarro, C.; Alba, D.; Egea, A.; Gonz\u00e1lez Medina, M.; Sevillano, A. y J.A. Escobar Barbosa (2022): \u201cAyuntamientos y captaci\u00f3n de<\/a><br><\/p>\n<p><a href=\"https:\/\/www.idluam.org\/blog\/wp-content\/uploads\/2022\/12\/2022_InformePPL_FONDOS_EUROPEOS_v0.pdf\" target=\"_blank\">Fondos Europeos. Estudio de la capacidad de los municipios madrile\u00f1os para captar y gestionar Fondos Europeos\u201d, Informe de Pol\u00edticas p\u00fablicas, Instituto de Derecho Local, n\u00ba XI.<\/a><\/p>\n<div>\n<a href=\"https:\/\/www.revistatransparencia.com\/ojs\/index.php\/ret\/article\/view\/213\/319\" target=\"_blank\">Villodre, J. (2022). Libro: La implementaci\u00f3n y los efectos de la normativa de transparencia en los Gobiernos locales de mayor poblaci\u00f3n (2021). Jaume Magre, Lluis Medir, Esther Pano, Joan Josep Vallb\u00e9 y Jos\u00e9 Luis Mart\u00ednez-Alonso. Revista Espa\u00f1ola de la Transparencia, 14, 255-259.<\/a><\/div><div><br><\/div><div>\n<p><a style=\"background-color: #ffffff;\" href=\"https:\/\/www.idluam.org\/blog\/como-esta-funcionado-la-ley-de-contratos-del-sector-publico-a-nivel-local-los-gestores-de-contratos-de-servicios-publicos-nos-lo-cuentan\/\" target=\"_blank\" rel=\"noopener\">Gonz\u00e1lez Medina, M. (2021): \u00bfC\u00f3mo est\u00e1 funcionado la Ley de Contratos del Sector P\u00fablico a nivel local? Los gestores de contratos de servicios p\u00fablicos nos lo cuentan. Entrada para el Blog del Instituto de Derecho Local, 10 de marzo de 2021.<\/a><\/p>\n<p><a href=\"https:\/\/elpais.com\/tecnologia\/2021-07-06\/una-inteligencia-artificial-feminista-es-posible-y-necesaria.html\" target=\"_blank\" style=\"background-color: rgb(255, 255, 255);\">Ortiz de Z\u00e1rate Alcarazo, L. y Guevara G\u00f3mez, A. (2021). Una inteligencia artificial feminista es posible (y necesaria). El Pa\u00eds, 6 julio de 2021<\/a>.<\/p>\n<p><a href=\"https:\/\/compolitica.com\/wp-content\/uploads\/2021\/12\/N66_Eta2_La_revista_de_ACOP_Diciembre2021.pdf\" target=\"_blank\" style=\"background-color: rgb(255, 255, 255);\">Villodre, J. (2021). Hacia el derecho a entender: diagn\u00f3stico del problema. La revista de ACOP, segunda etapa, 66, diciembre de 2021.&nbsp;<\/a><br><\/p>\n<p><a href=\"https:\/\/theconversation.com\/twitter-un-espacio-de-colaboracion-entre-administraciones-publicas-y-ciudadania-133306\" target=\"_blank\" rel=\"noopener\" style=\"background-color: rgb(255, 255, 255);\">Criado, J. I. y Villodre, J. (2020). Twitter, un espacio de colaboraci\u00f3n entre administraciones p\u00fablicas y ciudadan\u00eda. The Conversation.&nbsp;<\/a><br><\/p>\n<p><a href=\"https:\/\/www.idluam.org\/blog\/esta-preparada-la-administracion-local-para-la-transicion-digital-situacion-y-oportunidades-para-la-recuperacion\/\" target=\"_blank\" rel=\"noopener\">Gonz\u00e1lez Medina, M. (2020): \u00bfEst\u00e1 preparada la Administraci\u00f3n local para la transici\u00f3n digital? Situaci\u00f3n y oportunidades para la recuperaci\u00f3n. Entrada para el Blog del Instituto de Derecho Local, 17 de junio de 2020.&nbsp;<\/a><\/p>\n<p><a href=\"https:\/\/elpais.com\/ciencia\/2020-06-02\/por-que-confiamos-en-la-ciencia.html\" target=\"_blank\" rel=\"noopener\">Ortiz de Z\u00e1rate, L. (2020). \u00bfPor qu\u00e9 confiamos en la ciencia? El Pa\u00eds.<\/a><\/p>\n<p><a href=\"https:\/\/www.fundacionalternativas.org\/public\/storage\/publicaciones_archivos\/01742b506ae7820578598658e2d22d15.pdf\" target=\"_blank\" rel=\"noopener\">Rodr\u00edguez-Pinz\u00f3n, E. M. (coordinadora) (2020). Informe Iberoam\u00e9rica 2020: Am\u00e9rica Latina entre la Protesta y la pandemia. Fundaci\u00f3n Alternativas.<\/a><\/p>\n<p><a href=\"https:\/\/theconversation.com\/colaboracion-en-red-para-salvar-vidas-infocoronavirus-y-yomequedoencasa-134462\" target=\"_blank\" rel=\"noopener\">Villodre, J. y Criado, J. I. (2020). Colaboraci\u00f3n en red para salvar vidas: #INFOCoronavirus y #YoMeQuedoEnCasa. The Conversation.&nbsp;<\/a><\/p>\n<p><a href=\"https:\/\/theconversation.com\/asi-tuitean-las-instituciones-publicas-ante-emergencias-como-los-incendios-de-gran-canaria-122167\" target=\"_blank\" rel=\"noopener\">Criado, J. I. y Villodre, J. (2019). As\u00ed tuitean las instituciones p\u00fablicas ante emergencias como los incendios de Gran Canaria. The Conversation.&nbsp;<\/a><\/p>\n<p>Herranz, C., Escudero, R. D., Muelas, D., &amp; Sauli\u00e8re, S. (2019). \u201cEstrategias en Comunidades y Redes Sociales Digitales para Fomentar las Pr\u00e1cticas Participativas\u201d. GIGAPP Estudios Working Papers, 6 (111-115), 28-48.<\/p>\n<p><a href=\"https:\/\/analiticapublica.es\/comunidades-y-redes-la-base-de-la-participacion-digital-efectiva\/\" target=\"_blank\" rel=\"noopener\">Herranz, C. (2019) Comunidades y redes: la base de la participaci\u00f3n digital efectiva. Anal\u00edtica P\u00fablica, el blog sobre Transformaci\u00f3n Digital y Administraciones P\u00fablicas.<\/a><\/p>\n<p><a href=\"https:\/\/theconversation.com\/que-se-encuentran-los-universitarios-al-acceder-al-mercado-laboral-110946\" target=\"_blank\" rel=\"noopener\">Herranz, C y Muelas, D. (2019) Qu\u00e9 se encuentran los universitarios al acceder al mercado laboral. The Conversation. 2019.<\/a><\/p>\n<p><a href=\"https:\/\/www.universidadsi.es\/la-incorporacion-de-los-estudiantes-universitarios-al-mercado-laboral-fortalezas-y-dificultades\/\" target=\"_blank\" rel=\"noopener\">Herranz, C y Muelas, D. (2019) La incorporaci\u00f3n de los estudiantes universitarios al mercado laboral: fortalezas y dificultades. Blog de Universidads\u00ed.<\/a><\/p>\n<p><a href=\"http:\/\/agendapublica.elpais.com\/el-debate-politico-espanol-en-la-camara-de-eco-de-twitter\/\" target=\"_blank\" rel=\"noopener\">Villodre, J. (2019). El debate pol\u00edtico espa\u00f1ol en la \u201cc\u00e1mara de eco\u201d de Twitter. Agenda P\u00fablica.<\/a><\/p>\n<p><a href=\"https:\/\/novagob.org\/wp-content\/uploads\/2018\/12\/NovaGob_Academia_3.pdf\" target=\"_blank\" rel=\"noopener\">Criado, J. I., Pastor, V. y Villodre, J. (2018). Big data y administraciones p\u00fablicas en redes sociales. Un estudio sobre las comunidades digitales de los ayuntamientos espa\u00f1oles. Colecci\u00f3n NovaGob Academia.<\/a><\/p>\n<p><a href=\"https:\/\/www.universidadsi.es\/distribucion-salarial-de-los-contratos-predoctorales-en-espana\/\" target=\"_blank\" rel=\"noopener\">Herranz, C y Muelas, D (2018) Distribuci\u00f3n salarial de los contratos predoctorales en Espa\u00f1a. Blog de Universidads\u00ed<\/a>.<\/p>\n<p>Pablo, L., Rodr\u00edguez-Pinz\u00f3n, E. y Duarte, J. A (2018). Informe de evaluaci\u00f3n independiente del Programa SIMCI. Oficina de Evaluaci\u00f3n Independiente de UNODC, Viena.<\/p>\n<p><a href=\"https:\/\/novagob.org\/wp-content\/uploads\/2017\/05\/Novagob_Academia_2_RRSS_Aytos_vFinal_20170516-ilovepdf-compressed.pdf\" target=\"_blank\" rel=\"noopener\">Criado, J. I., Pastor, V. y Villodre, J. (2017). Redes sociales digitales en los ayuntamientos espa\u00f1oles. Colecci\u00f3n NovaGob Academia.<\/a><\/p>\n<p><a href=\"https:\/\/www.universidadsi.es\/los-incentivos-laborales-del-posgrado-universitario-espana\/\" target=\"_blank\" rel=\"noopener\">Herranz, C (2017) Los incentivos laborales del posgrado universitario. Blog de Universidads\u00ed.<\/a><\/p>\n<p><a href=\"https:\/\/www.universidadsi.es\/radiografia-los-predoctorales-espana\/\" target=\"_blank\" rel=\"noopener\">Herranz, C (2017) Radiograf\u00eda de los predoctorales en Espa\u00f1a. Blog de Universidads\u00ed<\/a>.<\/p>\n<p><a href=\"https:\/\/novagob.org\/wp-content\/uploads\/2017\/05\/NovagobAcademia_2016_1_GobiernoAbierto-AALL.pdf\" target=\"_blank\" rel=\"noopener\">Criado, J. Ignacio, y Ruvalcaba, E. (2016). \u00bfQu\u00e9 es y qu\u00e9 se entiende por Gobierno Abierto? An\u00e1lisis de la percepci\u00f3n e implementaci\u00f3n del Gobierno Abierto en el \u00e1mbito local espa\u00f1ol. NovaGobAcademia 1.<\/a><\/p>\n<p><a href=\"https:\/\/www.universidadsi.es\/la-percepcion-la-ciencia-la-tecnologia-perspectiva-genero-papel-las-universidades\/\" target=\"_blank\" rel=\"noopener\">Herranz, C (2016) La percepci\u00f3n de la ciencia y la tecnolog\u00eda en perspectiva de g\u00e9nero. Blog de Universidads\u00ed<\/a>.<\/p>\n<p>Criado, J. Ignacio (w\/ Rafael E. Valenzuela &amp; Edgar Ruvalcaba) (2015). Measuring the Impact of the Open Government Partnership in Member States using an Implementation Size Model.&nbsp;<\/p>\n<p>Diban, M. y Rodr\u00edguez-Pinz\u00f3n, E. M. (2015). Informe de evaluaci\u00f3n independiente de medio t\u00e9rmino \u201cFortalecimiento del Estado de Derecho, la Seguridad y la Justicia en el Paraguay\u201d Programa Nacional Integrado para el Paraguay 2011-2014; Oficina de Evaluaci\u00f3n Independiente; Oficina de las Naciones Unidas contra las Drogas y el Delito; Viena.<\/p>\n<p>Alternative Development Programe in Colombia \/Programa de Desarrollo Alternativo en Colombia (2014); informe de evaluaci\u00f3n independiente. Participaci\u00f3n de Erika M. Rodr\u00edguez Pinz\u00f3n en conjunto con otros autores, Dirigido por Rodrigo Daza. Oficina de las Naciones Unidas contra las Drogas y el Delito.<\/p>\n<p><a href=\"https:\/\/www.fundacionalternativas.org\/laboratorio\/documentos\/documentos-de-trabajo\/el-impacto-de-la-crisis-sobre-el-tejido-social-solidario-de-espana-efectos-y-reaccion-de-las-ongd-frente-a-la-crisis\" target=\"_blank\" rel=\"noopener\">Cascante, K. y Rodr\u00edguez-Pinz\u00f3n, E. M. (2014). El impacto de la crisis sobre el tejido social solidario de Espa\u00f1a: efectos y reacci\u00f3n de las ONGD frente a la crisis. Laboratorio de Ideas de Fundaci\u00f3n Alternativas; Fundipax.<\/a><\/p>\n<p><a href=\"https:\/\/saludporderecho.org\/wp-content\/uploads\/2014\/03\/Documento-Economistas.pdf\" target=\"_blank\" rel=\"noopener\">de la Rocha, M. y Rodr\u00edguez-Pinz\u00f3n, E. M. (2014). El impuesto a las transacciones financieras en el marco de cooperaci\u00f3n reforzada de la UE: Evoluci\u00f3n y Perspectivas, Salud por Derecho y Economistas Frente a la Crisis.<\/a><\/p>\n<p><a href=\"https:\/\/www.ciecode.es\/assets\/documents\/201011-Informe-FINAL-Ciecode-MdelaRocha-ERodriguez.pdf\" target=\"_blank\" rel=\"noopener\">de la Rocha, M. y Rodr\u00edguez-Pinz\u00f3n, E. M. (2011). Gobernanza global e instituciones multilaterales. Hacia una pol\u00edtica de desarrollo global sostenible. CIECODE, Libro Blanco de la Pol\u00edtica de Desarrollo de Espa\u00f1a.<\/a><\/p>\n<\/div><\/div>\n\t\t\t\t\t\t\t<\/div>\n\t\t<\/div>\n\t\t\t\t\t\t<\/div>\n\t\t\t\t<\/div>\n\t\t\t\t\t<\/div>\n\t\t<\/div>\n\t\t\t\t\t<\/div>\n\t\t<\/section>\n\t\t\t\t<\/div>","protected":false},"excerpt":{"rendered":"<p>Nuestro equipo tiene un compromiso con la generaci\u00f3n [&hellip;]<\/p>\n","protected":false},"author":3,"featured_media":0,"parent":0,"menu_order":0,"comment_status":"closed","ping_status":"closed","template":"elementor_header_footer","meta":{"footnotes":""},"class_list":["post-885","page","type-page","status-publish","hentry"],"_links":{"self":[{"href":"https:\/\/itgespub.net\/en\/wp-json\/wp\/v2\/pages\/885","targetHints":{"allow":["GET"]}}],"collection":[{"href":"https:\/\/itgespub.net\/en\/wp-json\/wp\/v2\/pages"}],"about":[{"href":"https:\/\/itgespub.net\/en\/wp-json\/wp\/v2\/types\/page"}],"author":[{"embeddable":true,"href":"https:\/\/itgespub.net\/en\/wp-json\/wp\/v2\/users\/3"}],"replies":[{"embeddable":true,"href":"https:\/\/itgespub.net\/en\/wp-json\/wp\/v2\/comments?post=885"}],"version-history":[{"count":57,"href":"https:\/\/itgespub.net\/en\/wp-json\/wp\/v2\/pages\/885\/revisions"}],"predecessor-version":[{"id":2694,"href":"https:\/\/itgespub.net\/en\/wp-json\/wp\/v2\/pages\/885\/revisions\/2694"}],"wp:attachment":[{"href":"https:\/\/itgespub.net\/en\/wp-json\/wp\/v2\/media?parent=885"}],"curies":[{"name":"wp","href":"https:\/\/api.w.org\/{rel}","templated":true}]}}